{"id":770,"date":"2020-04-14T15:38:17","date_gmt":"2020-04-14T15:38:17","guid":{"rendered":"https:\/\/www.villaggiodellasalutepiu.it\/?page_id=770"},"modified":"2026-08-05T08:59:50","modified_gmt":"2026-08-05T06:59:50","slug":"ostello-degli-aironi","status":"publish","type":"page","link":"https:\/\/www.villaggiodellasalutepiu.it\/it\/pernottamento\/ostello-degli-aironi\/","title":{"rendered":"Ostello Ca&#8217; Degli Aironi"},"content":{"rendered":"<div class=\"wpb-content-wrapper\"><p>[vc_row][vc_column]\n\t\t\t\t<p class=\"rs-p-wp-fix\"><\/p>\n\t\t\t\t<sr7-module data-alias=\"Ostello\" data-id=\"26\" id=\"SR7_26_1\" class=\"rs-ov-hidden\" data-version=\"6.7.51\">\n\t\t\t\t\t<sr7-adjuster><\/sr7-adjuster>\n\t\t\t\t\t<sr7-content>\n\t\t\t\t\t\t<sr7-slide id=\"SR7_26_1-27\" data-key=\"27\">\n\t\t\t\t\t\t\t<sr7-bg id=\"SR7_26_1-27-1\" class=\"sr7-layer\"><noscript><img decoding=\"async\" src=\"https:\/\/www.villaggiodellasalutepiu.it\/wp-content\/uploads\/2025\/05\/copertina-ostello.png\" alt=\"\" title=\"copertina ostello\"><\/noscript><\/sr7-bg>\n\t\t\t\t\t\t<\/sr7-slide>\n\t\t\t\t\t\t<sr7-slide id=\"SR7_26_1-58\" data-key=\"58\">\n\t\t\t\t\t\t<\/sr7-slide>\n\t\t\t\t\t<\/sr7-content>\n\t\t\t\t\t<image_lists style=\"display:none\">\n\t\t\t\t\t\t<img data-src=\"\/\/www.villaggiodellasalutepiu.it\/wp-content\/uploads\/2025\/05\/copertina-ostello.png\" data-libid=\"22840\" data-lib=\"medialibrary\" title=\"copertina ostello\" width=\"0\" height=\"0\" data-dbsrc=\"Ly93d3cudmlsbGFnZ2lvZGVsbGFzYWx1dGVwaXUuaXQvd3AtY29udGVudC91cGxvYWRzLzIwMjUvMDUvY29wZXJ0aW5hLW9zdGVsbG8ucG5n\"\/>\n\t\t\t\t\t<\/image_lists>\n\t\t\t\t<\/sr7-module>\n\t\t\t\t<script>\n\t\t\t\t\twindow.SR7 ??={};SR7.PMH ??={}; SR7.PMH[\"SR7_26_1\"] = {cn:100,state:false,fn: function() { if (window._tpt!==undefined && window._tpt.prepareModuleHeight !== undefined) {  _tpt.prepareModuleHeight({id:\"SR7_26_1\",el:[900,900,900,900,720],type:'standard',shdw:'0',gh:[900,900,900,900,720],gw:[1240,1240,1240,1240,480],vpt:['-100px&#039;,&#039;-100px&#039;,&#039;-100px&#039;,&#039;-100px&#039;,&#039;-100px'],size:{fullWidth:true, fullHeight:false},mh:'0',onh:0,onw:0,bg:{color:'{\"orig\":\"transparent\",\"type\":\"solid\",\"string\":\"transparent\"}'}});   SR7.PMH[\"SR7_26_1\"].state=true;} else if(SR7.PMH[\"SR7_26_1\"].cn-->0)\tsetTimeout( SR7.PMH[\"SR7_26_1\"].fn,19);}};SR7.PMH[\"SR7_26_1\" ].fn();\n\t\t\t\t<\/script>\n[vc_empty_space][\/vc_column][\/vc_row][vc_row css=&#8221;.vc_custom_1785913148451{margin-bottom: 20px !important;}&#8221;][vc_column][vc_column_text css=&#8221;&#8221;]<\/p>\n<p style=\"font-size: 30px; text-align: left;\"><strong>Ostello Ca&#8217; degli Aironi<\/strong><\/p>\n<p>[\/vc_column_text][vc_empty_space][vc_column_text css=&#8221;&#8221;]Il nuovo ostello Ca&#8217; degli Aironi \u00e8 frutto del recupero di un edificio rurale preesistente (la \u201cVallazza\u201d), che oggi prende questo nome perch\u00e9 situato in un\u2019area fluviale in cui questi volatili sono frequenti e abitualmente nidificano. Grazie alla sua posizione in un contesto naturalistico di pregio, vicino ai laghi e ai campi sportivi regolamentari, l\u2019ostello \u00e8 rivolto in particolare all\u2019accoglienza di chi desidera immergersi nella natura, soprattutto realt\u00e0 associative e giovanili (come i Campus Rossobl\u00f9 del Bologna FC e i Memokids camp che gi\u00e0 svolgono ritiri e seminari residenziali).[\/vc_column_text][vc_empty_space][vc_btn title=&#8221;PRENOTA ONLINE&#8221; style=&#8221;custom&#8221; custom_background=&#8221;#FC3581&#8243; custom_text=&#8221;#FFFFFF&#8221; shape=&#8221;round&#8221; i_icon_fontawesome=&#8221;fas fa-angle-right&#8221; css=&#8221;&#8221; add_icon=&#8221;true&#8221; link=&#8221;url:https%3A%2F%2Fbe.quovai.com%2Fbe%2Fvillaggiodellasalute%3Ffavourites%3D3496%2C2990%2C3082%2C3064%2C2989%2C2988%2C2987|target:_blank&#8221;][vc_column_text]<strong>DETTAGLI<\/strong><\/p>\n<p><strong>Posizione: <\/strong>Oasi Ecosport<strong><br \/>\n<\/strong>[\/vc_column_text][vc_gmaps link=&#8221;#E-8_JTNDaWZyYW1lJTIwc3JjJTNEJTIyaHR0cHMlM0ElMkYlMkZ3d3cuZ29vZ2xlLmNvbSUyRm1hcHMlMkZlbWJlZCUzRnBiJTNEJTIxMW0xOCUyMTFtMTIlMjExbTMlMjExZDI4NTQuOTg3MTY5MjAzMDQ5NyUyMTJkMTEuNDYwNzI5NjE1MjE5NzMyJTIxM2Q0NC4zMTAyMTQyNzkxMDQyMSUyMTJtMyUyMTFmMCUyMTJmMCUyMTNmMCUyMTNtMiUyMTFpMTAyNCUyMTJpNzY4JTIxNGYxMy4xJTIxM20zJTIxMW0yJTIxMXMweDEzMmIyOTQ3MTUwYWM0MmQlMjUzQTB4OGRiMWRmM2JiNmUwNDI2ZCUyMTJzQ2ElMjYlMjMzOSUzQiUyNTIwZGVnbGklMjUyMEFpcm9uaSUyMTVlMCUyMTNtMiUyMTFzaXQlMjEyc2l0JTIxNHYxNTg2ODc4NjQ2NjgwJTIxNW0yJTIxMXNpdCUyMTJzaXQlMjIlMjB3aWR0aCUzRCUyMjYwMCUyMiUyMGhlaWdodCUzRCUyMjQ1MCUyMiUyMGZyYW1lYm9yZGVyJTNEJTIyMCUyMiUyMHN0eWxlJTNEJTIyYm9yZGVyJTNBMCUzQiUyMiUyMGFsbG93ZnVsbHNjcmVlbiUzRCUyMiUyMiUyMGFyaWEtaGlkZGVuJTNEJTIyZmFsc2UlMjIlMjB0YWJpbmRleCUzRCUyMjAlMjIlM0UlM0MlMkZpZnJhbWUlM0U=&#8221;][\/vc_column][\/vc_row][vc_section full_width=&#8221;stretch_row&#8221; content_placement=&#8221;middle&#8221;][vc_row css=&#8221;.vc_custom_1590499621087{margin-bottom: 20px !important;}&#8221;][vc_column width=&#8221;1\/6&#8243;][\/vc_column][vc_column width=&#8221;2\/3&#8243; css=&#8221;.vc_custom_1590060824267{margin-bottom: 20px !important;}&#8221;][vc_row_inner][vc_column_inner][vc_single_image image=&#8221;727&#8243; img_size=&#8221;full&#8221; alignment=&#8221;center&#8221; style=&#8221;vc_box_shadow&#8221;][\/vc_column_inner][\/vc_row_inner][\/vc_column][vc_column width=&#8221;1\/6&#8243;][\/vc_column][\/vc_row][vc_row css=&#8221;.vc_custom_1590499621087{margin-bottom: 20px !important;}&#8221;][vc_column width=&#8221;1\/6&#8243;][\/vc_column][vc_column width=&#8221;2\/3&#8243; css=&#8221;.vc_custom_1590060824267{margin-bottom: 20px !important;}&#8221;][vc_row_inner][vc_column_inner width=&#8221;1\/2&#8243;][vc_single_image image=&#8221;11502&#8243; img_size=&#8221;full&#8221; alignment=&#8221;center&#8221; style=&#8221;vc_box_shadow&#8221;][\/vc_column_inner][vc_column_inner width=&#8221;1\/2&#8243;][vc_single_image image=&#8221;11506&#8243; img_size=&#8221;full&#8221; alignment=&#8221;center&#8221; style=&#8221;vc_box_shadow&#8221;][\/vc_column_inner][\/vc_row_inner][\/vc_column][vc_column width=&#8221;1\/6&#8243;][\/vc_column][\/vc_row][\/vc_section][vc_row][vc_column][vc_column_text]<\/p>\n<p style=\"text-align: left;\">Il restauro \u00e8 solo l\u2019ultimo, in ordine di tempo, fra gli investimenti del Gruppo Monti Salute Pi\u00f9 per il recupero e la valorizzazione del territorio della Val Sillaro. L\u2019ostello offre un\u2019ulteriore possibilit\u00e0 di pernottamento che integra gli altri servizi del Villaggio: l\u2019albergo diffuso (camere, appartamenti, camping), il ristorante, le Terme dell\u2019Agriturismo aperte tutto l\u2019anno, l\u2019Acquapark estivo, il progetto Fitness Valley con il nuovo ricovero bike dedicato al cicloturismo, e molto altro ancora.<\/p>\n<p>[\/vc_column_text][\/vc_column][\/vc_row][vc_row disable_element=&#8221;yes&#8221;][vc_column][vc_column_text css=&#8221;.vc_custom_1590499738926{margin-top: 20px !important;margin-bottom: 20px !important;}&#8221;]<\/p>\n<h2 style=\"text-align: center; font-size: 30px;\">TARIFFE OSTELLO<\/h2>\n<p>[\/vc_column_text][vc_column_text]<p>[vc_row][vc_column][vc_tta_accordion style=\"flat\" c_position=\"right\" active_section=\"99\" collapsible_all=\"true\"][vc_tta_section title=\"Camere e camerate\" tab_id=\"1590499673816-d0423afa-8710\"][vc_column_text][vc_row][vc_column width=\"2\/3\"][vc_column_text]<strong>Camerata<\/strong> da 5 a 6 posti letto[\/vc_column_text][\/vc_column][vc_column width=\"1\/3\"][vc_column_text]\r\n<p style=\"text-align: left;\"><span style=\"color: #ff3481; font-size: 22px;\">\u20ac 20 a posto letto<\/span><\/p>\r\n[\/vc_column_text][\/vc_column][\/vc_row][vc_row][vc_column][vc_separator css=\".vc_custom_1590060476375{margin-top: 10px !important;margin-bottom: 10px !important;}\"][\/vc_column][\/vc_row][vc_row][vc_column width=\"2\/3\"][vc_column_text]<strong>Camerata<\/strong> da 2 a 3 posti letto[\/vc_column_text][\/vc_column][vc_column width=\"1\/3\"][vc_column_text]\r\n<p style=\"text-align: left;\"><span style=\"color: #ff3481; font-size: 22px;\">\u20ac 30 a posto letto<\/span><\/p>\r\n[\/vc_column_text][\/vc_column][\/vc_row][vc_row][vc_column][vc_separator css=\".vc_custom_1590060476375{margin-top: 10px !important;margin-bottom: 10px !important;}\"][\/vc_column][\/vc_row][vc_row][vc_column width=\"2\/3\"][vc_column_text]<strong>Camera<\/strong> da 2 persone con bagno privato[\/vc_column_text][\/vc_column][vc_column width=\"1\/3\"][vc_column_text]\r\n<p style=\"text-align: left;\"><span style=\"color: #ff3481; font-size: 22px;\">da \u20ac 44 a persona<\/span><\/p>\r\n[\/vc_column_text][\/vc_column][\/vc_row][vc_row][vc_column][vc_separator css=\".vc_custom_1590060476375{margin-top: 10px !important;margin-bottom: 10px !important;}\"][vc_column_text]Tariffe a persona, giornaliere, con pulizia quotidiana. Prima colazione esclusa dalle camerate.\r\n\r\nPossibilit\u00e0 di riservare l'intera camerata al prezzo complessivo di tutti i posti letto. Wi-fi gratuito.\r\n\r\n<em>Tariffe comprensive di IVA; soggette a variazioni in periodi di alta stagione (Pasqua, ponti, estate, festivit\u00e0 natalizie...). Weekend di giugno\/luglio\/agosto e tutto il periodo alta stagione supplemento \u20ac 5 in pi\u00f9 a persona.<\/em>[\/vc_column_text][\/vc_column][\/vc_row][vc_row][vc_column][\/vc_column][\/vc_row]<style data-type=\"vc_shortcodes-custom-css\">.vc_custom_1590060476375{margin-top: 10px !important;margin-bottom: 10px !important;}.vc_custom_1590060476375{margin-top: 10px !important;margin-bottom: 10px !important;}.vc_custom_1590060476375{margin-top: 10px !important;margin-bottom: 10px !important;}<\/style>[\/vc_column_text][\/vc_tta_section][\/vc_tta_accordion][\/vc_column][\/vc_row]<\/p>\r\n<style data-type=\"vc_shortcodes-custom-css\"><\/style>[\/vc_column_text][\/vc_column][\/vc_row][vc_row][vc_column][vc_column_text css=&#8221;.vc_custom_1590076473839{margin-top: 20px !important;margin-bottom: 20px !important;}&#8221;]<\/p>\n<h2 style=\"text-align: center; font-size: 30px;\">PRENOTA<\/h2>\n<p>[\/vc_column_text][vc_tta_accordion style=&#8221;flat&#8221; c_position=&#8221;right&#8221; active_section=&#8221;99&#8243; collapsible_all=&#8221;true&#8221;][vc_tta_section title=&#8221;PREVENTIVO ONLINE&#8221; tab_id=&#8221;1590766477634-247a9018-c2f8&#8243;][vc_raw_html]JTVCY29udGFjdC1mb3JtLTclMjBpZCUzRCUyMjI0NzglMjIlMjB0aXRsZSUzRCUyMmZvcm0lMjBwcmVub3RhemlvbmUlMjBlc3Rlc28lMjIlMjBodG1sX2lkJTNEJTIyZm9ybXBlcmVzdGVzbyUyMiU1RCUyMA==[\/vc_raw_html][\/vc_tta_section][\/vc_tta_accordion][\/vc_column][\/vc_row]<\/p>\n<\/div>","protected":false},"excerpt":{"rendered":"<p>[vc_row][vc_column][vc_empty_space][\/vc_column][\/vc_row][vc_row css=&#8221;.vc_custom_1785913148451{margin-bottom: 20px !important;}&#8221;][vc_column][vc_column_text css=&#8221;&#8221;] Ostello Ca&#8217; degli Aironi [\/vc_column_text][vc_empty_space][vc_column_text css=&#8221;&#8221;]Il nuovo ostello Ca&#8217; degli Aironi \u00e8 frutto del recupero<\/p>\n","protected":false},"author":1,"featured_media":727,"parent":23,"menu_order":0,"comment_status":"closed","ping_status":"closed","template":"","meta":{"footnotes":""},"eventi":[],"class_list":["post-770","page","type-page","status-publish","has-post-thumbnail","hentry"],"yoast_head":"<!-- This site is optimized with the Yoast SEO plugin v28.0 - https:\/\/yoast.com\/product\/yoast-seo-wordpress\/ -->\n<title>Ostello Ca&#039; Degli Aironi &#8226; Villaggio della Salute Pi\u00f9<\/title>\n<meta name=\"robots\" content=\"index, follow, max-snippet:-1, max-image-preview:large, max-video-preview:-1\" \/>\n<link rel=\"canonical\" href=\"https:\/\/www.villaggiodellasalutepiu.it\/it\/pernottamento\/ostello-degli-aironi\/\" \/>\n<meta property=\"og:locale\" content=\"it_IT\" \/>\n<meta property=\"og:type\" content=\"article\" \/>\n<meta property=\"og:title\" content=\"Ostello Ca&#039; Degli Aironi &#8226; Villaggio della Salute Pi\u00f9\" \/>\n<meta property=\"og:description\" content=\"[vc_row][vc_column][vc_empty_space][\/vc_column][\/vc_row][vc_row css=&#8221;.vc_custom_1785913148451{margin-bottom: 20px !important;}&#8221;][vc_column][vc_column_text css=&#8221;&#8221;] Ostello Ca&#8217; degli Aironi [\/vc_column_text][vc_empty_space][vc_column_text css=&#8221;&#8221;]Il nuovo ostello Ca&#8217; degli Aironi \u00e8 frutto del recupero\" \/>\n<meta property=\"og:url\" content=\"https:\/\/www.villaggiodellasalutepiu.it\/it\/pernottamento\/ostello-degli-aironi\/\" \/>\n<meta property=\"og:site_name\" content=\"Villaggio della Salute Pi\u00f9\" \/>\n<meta property=\"article:modified_time\" content=\"2026-08-05T06:59:50+00:00\" \/>\n<meta property=\"og:image\" content=\"https:\/\/www.villaggiodellasalutepiu.it\/wp-content\/uploads\/2020\/04\/WhatsApp-Image-2020-04-14-at-15.46.56.jpeg\" \/>\n\t<meta property=\"og:image:width\" content=\"1600\" \/>\n\t<meta property=\"og:image:height\" content=\"1067\" \/>\n\t<meta property=\"og:image:type\" content=\"image\/jpeg\" \/>\n<meta name=\"twitter:card\" content=\"summary_large_image\" \/>\n<meta name=\"twitter:label1\" content=\"Tempo di lettura stimato\" \/>\n\t<meta name=\"twitter:data1\" content=\"3 minuti\" \/>\n<script type=\"application\/ld+json\" class=\"yoast-schema-graph\">{\"@context\":\"https:\\\/\\\/schema.org\",\"@graph\":[{\"@type\":\"WebPage\",\"@id\":\"https:\\\/\\\/www.villaggiodellasalutepiu.it\\\/it\\\/pernottamento\\\/ostello-degli-aironi\\\/\",\"url\":\"https:\\\/\\\/www.villaggiodellasalutepiu.it\\\/it\\\/pernottamento\\\/ostello-degli-aironi\\\/\",\"name\":\"Ostello Ca' Degli Aironi &#8226; Villaggio della Salute Pi\u00f9\",\"isPartOf\":{\"@id\":\"https:\\\/\\\/www.villaggiodellasalutepiu.it\\\/it\\\/#website\"},\"primaryImageOfPage\":{\"@id\":\"https:\\\/\\\/www.villaggiodellasalutepiu.it\\\/it\\\/pernottamento\\\/ostello-degli-aironi\\\/#primaryimage\"},\"image\":{\"@id\":\"https:\\\/\\\/www.villaggiodellasalutepiu.it\\\/it\\\/pernottamento\\\/ostello-degli-aironi\\\/#primaryimage\"},\"thumbnailUrl\":\"https:\\\/\\\/www.villaggiodellasalutepiu.it\\\/wp-content\\\/uploads\\\/2020\\\/04\\\/WhatsApp-Image-2020-04-14-at-15.46.56.jpeg\",\"datePublished\":\"2020-04-14T15:38:17+00:00\",\"dateModified\":\"2026-08-05T06:59:50+00:00\",\"breadcrumb\":{\"@id\":\"https:\\\/\\\/www.villaggiodellasalutepiu.it\\\/it\\\/pernottamento\\\/ostello-degli-aironi\\\/#breadcrumb\"},\"inLanguage\":\"it-IT\",\"potentialAction\":[{\"@type\":\"ReadAction\",\"target\":[\"https:\\\/\\\/www.villaggiodellasalutepiu.it\\\/it\\\/pernottamento\\\/ostello-degli-aironi\\\/\"]}]},{\"@type\":\"ImageObject\",\"inLanguage\":\"it-IT\",\"@id\":\"https:\\\/\\\/www.villaggiodellasalutepiu.it\\\/it\\\/pernottamento\\\/ostello-degli-aironi\\\/#primaryimage\",\"url\":\"https:\\\/\\\/www.villaggiodellasalutepiu.it\\\/wp-content\\\/uploads\\\/2020\\\/04\\\/WhatsApp-Image-2020-04-14-at-15.46.56.jpeg\",\"contentUrl\":\"https:\\\/\\\/www.villaggiodellasalutepiu.it\\\/wp-content\\\/uploads\\\/2020\\\/04\\\/WhatsApp-Image-2020-04-14-at-15.46.56.jpeg\",\"width\":1600,\"height\":1067,\"caption\":\"ostello aironi\"},{\"@type\":\"BreadcrumbList\",\"@id\":\"https:\\\/\\\/www.villaggiodellasalutepiu.it\\\/it\\\/pernottamento\\\/ostello-degli-aironi\\\/#breadcrumb\",\"itemListElement\":[{\"@type\":\"ListItem\",\"position\":1,\"name\":\"Home\",\"item\":\"https:\\\/\\\/www.villaggiodellasalutepiu.it\\\/it\\\/\"},{\"@type\":\"ListItem\",\"position\":2,\"name\":\"Pernottamento\",\"item\":\"https:\\\/\\\/www.villaggiodellasalutepiu.it\\\/it\\\/pernottamento\\\/\"},{\"@type\":\"ListItem\",\"position\":3,\"name\":\"Ostello Ca&#8217; Degli Aironi\"}]},{\"@type\":\"WebSite\",\"@id\":\"https:\\\/\\\/www.villaggiodellasalutepiu.it\\\/it\\\/#website\",\"url\":\"https:\\\/\\\/www.villaggiodellasalutepiu.it\\\/it\\\/\",\"name\":\"Villaggio della Salute Pi\u00f9\",\"description\":\"Benvenuti\",\"publisher\":{\"@id\":\"https:\\\/\\\/www.villaggiodellasalutepiu.it\\\/it\\\/#organization\"},\"potentialAction\":[{\"@type\":\"SearchAction\",\"target\":{\"@type\":\"EntryPoint\",\"urlTemplate\":\"https:\\\/\\\/www.villaggiodellasalutepiu.it\\\/it\\\/?s={search_term_string}\"},\"query-input\":{\"@type\":\"PropertyValueSpecification\",\"valueRequired\":true,\"valueName\":\"search_term_string\"}}],\"inLanguage\":\"it-IT\"},{\"@type\":\"Organization\",\"@id\":\"https:\\\/\\\/www.villaggiodellasalutepiu.it\\\/it\\\/#organization\",\"name\":\"Villaggio Della Salute Pi\u00f9\",\"url\":\"https:\\\/\\\/www.villaggiodellasalutepiu.it\\\/it\\\/\",\"logo\":{\"@type\":\"ImageObject\",\"inLanguage\":\"it-IT\",\"@id\":\"https:\\\/\\\/www.villaggiodellasalutepiu.it\\\/it\\\/#\\\/schema\\\/logo\\\/image\\\/\",\"url\":\"https:\\\/\\\/www.villaggiodellasalutepiu.it\\\/wp-content\\\/uploads\\\/2020\\\/04\\\/logo-vds.png\",\"contentUrl\":\"https:\\\/\\\/www.villaggiodellasalutepiu.it\\\/wp-content\\\/uploads\\\/2020\\\/04\\\/logo-vds.png\",\"width\":449,\"height\":62,\"caption\":\"Villaggio Della Salute Pi\u00f9\"},\"image\":{\"@id\":\"https:\\\/\\\/www.villaggiodellasalutepiu.it\\\/it\\\/#\\\/schema\\\/logo\\\/image\\\/\"}}]}<\/script>\n<!-- \/ Yoast SEO plugin. -->","yoast_head_json":{"title":"Ostello Ca' Degli Aironi &#8226; Villaggio della Salute Pi\u00f9","robots":{"index":"index","follow":"follow","max-snippet":"max-snippet:-1","max-image-preview":"max-image-preview:large","max-video-preview":"max-video-preview:-1"},"canonical":"https:\/\/www.villaggiodellasalutepiu.it\/it\/pernottamento\/ostello-degli-aironi\/","og_locale":"it_IT","og_type":"article","og_title":"Ostello Ca' Degli Aironi &#8226; Villaggio della Salute Pi\u00f9","og_description":"[vc_row][vc_column][vc_empty_space][\/vc_column][\/vc_row][vc_row css=&#8221;.vc_custom_1785913148451{margin-bottom: 20px !important;}&#8221;][vc_column][vc_column_text css=&#8221;&#8221;] Ostello Ca&#8217; degli Aironi [\/vc_column_text][vc_empty_space][vc_column_text css=&#8221;&#8221;]Il nuovo ostello Ca&#8217; degli Aironi \u00e8 frutto del recupero","og_url":"https:\/\/www.villaggiodellasalutepiu.it\/it\/pernottamento\/ostello-degli-aironi\/","og_site_name":"Villaggio della Salute Pi\u00f9","article_modified_time":"2026-08-05T06:59:50+00:00","og_image":[{"width":1600,"height":1067,"url":"https:\/\/www.villaggiodellasalutepiu.it\/wp-content\/uploads\/2020\/04\/WhatsApp-Image-2020-04-14-at-15.46.56.jpeg","type":"image\/jpeg"}],"twitter_card":"summary_large_image","twitter_misc":{"Tempo di lettura stimato":"3 minuti"},"schema":{"@context":"https:\/\/schema.org","@graph":[{"@type":"WebPage","@id":"https:\/\/www.villaggiodellasalutepiu.it\/it\/pernottamento\/ostello-degli-aironi\/","url":"https:\/\/www.villaggiodellasalutepiu.it\/it\/pernottamento\/ostello-degli-aironi\/","name":"Ostello Ca' Degli Aironi &#8226; Villaggio della Salute Pi\u00f9","isPartOf":{"@id":"https:\/\/www.villaggiodellasalutepiu.it\/it\/#website"},"primaryImageOfPage":{"@id":"https:\/\/www.villaggiodellasalutepiu.it\/it\/pernottamento\/ostello-degli-aironi\/#primaryimage"},"image":{"@id":"https:\/\/www.villaggiodellasalutepiu.it\/it\/pernottamento\/ostello-degli-aironi\/#primaryimage"},"thumbnailUrl":"https:\/\/www.villaggiodellasalutepiu.it\/wp-content\/uploads\/2020\/04\/WhatsApp-Image-2020-04-14-at-15.46.56.jpeg","datePublished":"2020-04-14T15:38:17+00:00","dateModified":"2026-08-05T06:59:50+00:00","breadcrumb":{"@id":"https:\/\/www.villaggiodellasalutepiu.it\/it\/pernottamento\/ostello-degli-aironi\/#breadcrumb"},"inLanguage":"it-IT","potentialAction":[{"@type":"ReadAction","target":["https:\/\/www.villaggiodellasalutepiu.it\/it\/pernottamento\/ostello-degli-aironi\/"]}]},{"@type":"ImageObject","inLanguage":"it-IT","@id":"https:\/\/www.villaggiodellasalutepiu.it\/it\/pernottamento\/ostello-degli-aironi\/#primaryimage","url":"https:\/\/www.villaggiodellasalutepiu.it\/wp-content\/uploads\/2020\/04\/WhatsApp-Image-2020-04-14-at-15.46.56.jpeg","contentUrl":"https:\/\/www.villaggiodellasalutepiu.it\/wp-content\/uploads\/2020\/04\/WhatsApp-Image-2020-04-14-at-15.46.56.jpeg","width":1600,"height":1067,"caption":"ostello aironi"},{"@type":"BreadcrumbList","@id":"https:\/\/www.villaggiodellasalutepiu.it\/it\/pernottamento\/ostello-degli-aironi\/#breadcrumb","itemListElement":[{"@type":"ListItem","position":1,"name":"Home","item":"https:\/\/www.villaggiodellasalutepiu.it\/it\/"},{"@type":"ListItem","position":2,"name":"Pernottamento","item":"https:\/\/www.villaggiodellasalutepiu.it\/it\/pernottamento\/"},{"@type":"ListItem","position":3,"name":"Ostello Ca&#8217; Degli Aironi"}]},{"@type":"WebSite","@id":"https:\/\/www.villaggiodellasalutepiu.it\/it\/#website","url":"https:\/\/www.villaggiodellasalutepiu.it\/it\/","name":"Villaggio della Salute Pi\u00f9","description":"Benvenuti","publisher":{"@id":"https:\/\/www.villaggiodellasalutepiu.it\/it\/#organization"},"potentialAction":[{"@type":"SearchAction","target":{"@type":"EntryPoint","urlTemplate":"https:\/\/www.villaggiodellasalutepiu.it\/it\/?s={search_term_string}"},"query-input":{"@type":"PropertyValueSpecification","valueRequired":true,"valueName":"search_term_string"}}],"inLanguage":"it-IT"},{"@type":"Organization","@id":"https:\/\/www.villaggiodellasalutepiu.it\/it\/#organization","name":"Villaggio Della Salute Pi\u00f9","url":"https:\/\/www.villaggiodellasalutepiu.it\/it\/","logo":{"@type":"ImageObject","inLanguage":"it-IT","@id":"https:\/\/www.villaggiodellasalutepiu.it\/it\/#\/schema\/logo\/image\/","url":"https:\/\/www.villaggiodellasalutepiu.it\/wp-content\/uploads\/2020\/04\/logo-vds.png","contentUrl":"https:\/\/www.villaggiodellasalutepiu.it\/wp-content\/uploads\/2020\/04\/logo-vds.png","width":449,"height":62,"caption":"Villaggio Della Salute Pi\u00f9"},"image":{"@id":"https:\/\/www.villaggiodellasalutepiu.it\/it\/#\/schema\/logo\/image\/"}}]}},"_links":{"self":[{"href":"https:\/\/www.villaggiodellasalutepiu.it\/it\/wp-json\/wp\/v2\/pages\/770","targetHints":{"allow":["GET"]}}],"collection":[{"href":"https:\/\/www.villaggiodellasalutepiu.it\/it\/wp-json\/wp\/v2\/pages"}],"about":[{"href":"https:\/\/www.villaggiodellasalutepiu.it\/it\/wp-json\/wp\/v2\/types\/page"}],"author":[{"embeddable":true,"href":"https:\/\/www.villaggiodellasalutepiu.it\/it\/wp-json\/wp\/v2\/users\/1"}],"replies":[{"embeddable":true,"href":"https:\/\/www.villaggiodellasalutepiu.it\/it\/wp-json\/wp\/v2\/comments?post=770"}],"version-history":[{"count":27,"href":"https:\/\/www.villaggiodellasalutepiu.it\/it\/wp-json\/wp\/v2\/pages\/770\/revisions"}],"predecessor-version":[{"id":28466,"href":"https:\/\/www.villaggiodellasalutepiu.it\/it\/wp-json\/wp\/v2\/pages\/770\/revisions\/28466"}],"up":[{"embeddable":true,"href":"https:\/\/www.villaggiodellasalutepiu.it\/it\/wp-json\/wp\/v2\/pages\/23"}],"wp:attachment":[{"href":"https:\/\/www.villaggiodellasalutepiu.it\/it\/wp-json\/wp\/v2\/media?parent=770"}],"wp:term":[{"taxonomy":"eventi","embeddable":true,"href":"https:\/\/www.villaggiodellasalutepiu.it\/it\/wp-json\/wp\/v2\/eventi?post=770"}],"curies":[{"name":"wp","href":"https:\/\/api.w.org\/{rel}","templated":true}]}}