{"id":717,"date":"2020-04-14T13:40:30","date_gmt":"2020-04-14T13:40:30","guid":{"rendered":"https:\/\/www.villaggiodellasalutepiu.it\/?page_id=717"},"modified":"2026-03-24T08:48:02","modified_gmt":"2026-03-24T07:48:02","slug":"appartamenti_benessere_relax_vacanze_weekend","status":"publish","type":"page","link":"https:\/\/www.villaggiodellasalutepiu.it\/it\/pernottamento\/appartamenti_benessere_relax_vacanze_weekend\/","title":{"rendered":"Appartamenti"},"content":{"rendered":"<div class=\"wpb-content-wrapper\"><p>[vc_row css=&#8221;.vc_custom_1590076164392{margin-bottom: 20px !important;}&#8221;][vc_column width=&#8221;1\/4&#8243;][\/vc_column][vc_column width=&#8221;1\/2&#8243;][vc_column_text]<\/p>\n<p style=\"text-align: center;\">La soluzione di pernottamento al Villaggio della Salute Pi\u00f9 preferita da chi cerca una sistemazione tranquilla e isolata, a diretto contatto con la natura: un mondo davvero diverso.<\/p>\n<p>[\/vc_column_text][\/vc_column][vc_column width=&#8221;1\/4&#8243;][\/vc_column][\/vc_row][vc_row css=&#8221;.vc_custom_1774338457544{margin-bottom: 35px !important;}&#8221;][vc_column][vc_separator]<div class=\"title-wrapper  basel-title-color-default basel-title-style-default basel-title-size-large text-center \"><div class=\"liner-continer\"> <span class=\"left-line\"><\/span> <h2 class=\"title\" >Relax e Benessere in Appennino tra Bologna e Firenze<span class=\"title-separator\"><span><\/span><\/span><\/h2> <span class=\"right-line\"><\/span> <\/div><span class=\"title-after_title\">Le due case vacanza con appartamenti sono a circa 5km di distanza dal centro del villaggio e sono:<\/span><\/div>[vc_row_inner][vc_column_inner width=&#8221;1\/2&#8243;]\n\t\t\t<div class=\"promo-banner-wrapper\">\n\t\t\t\t<div class=\"promo-banner cursor-pointer text-left vertical-alignment-bottom banner- hover-1 color-scheme-light \" onclick=\"window.location.href='https:\/\/www.villaggiodellasalutepiu.it\/pernottamento\/appartamenti\/ca-di-sasso\/'\" >\n\n\t\t\t\t\t<div class=\"main-wrapp-img\">\n\t\t\t\t\t\t<div class=\"banner-image\">\n\t\t\t\t\t\t\t\t\t\t\t\t\t\t\t\t\t\t\t\t\t\t\t\t<img decoding=\"async\" class=\"promo-banner-image image-1 \" src=\"https:\/\/www.villaggiodellasalutepiu.it\/wp-content\/uploads\/2020\/04\/WhatsApp-Image-2020-04-14-at-15.39.52-e1587547340835.jpeg\" width=\"802\" height=\"420\" alt=\"ca di sasso\" title=\"ca di sasso - appartamenti\" loading=\"lazy\" \/>\t\t\t\t\t\t\t\t\t\t\t\t\t\t\t\t\t\t\t\t\t<\/div>\n\t\t\t\t\t<\/div>\n\n\t\t\t\t\t<div class=\"wrapper-content-baner\">\n\t\t\t\t\t\t<div class=\"banner-inner\">\n\t\t\t\t\t\t\t<\/p>\n<p style=\"color: #ffffff; text-shadow: 1.5px 1.5px #00000095; line-height: 1;\"><span style=\"font-size: 20px; font-weight: bold; text-transform: uppercase;\">Ca&#8217; di Sasso<\/span><br \/>\nSulla strada dei pellegrini<\/p>\n<p>\n\t\t\t\t\t\t<\/div>\n\t\t\t\t\t<\/div>\n\n\t\t\t\t<\/div>\n\t\t\t<\/div>\n\n\t\t[\/vc_column_inner][vc_column_inner width=&#8221;1\/2&#8243;]\n\t\t\t<div class=\"promo-banner-wrapper\">\n\t\t\t\t<div class=\"promo-banner cursor-pointer text-left vertical-alignment-bottom banner- hover-1 color-scheme-light \" onclick=\"window.location.href='https:\/\/www.villaggiodellasalutepiu.it\/pernottamento\/appartamenti\/ca-di-lucca\/'\" >\n\n\t\t\t\t\t<div class=\"main-wrapp-img\">\n\t\t\t\t\t\t<div class=\"banner-image\">\n\t\t\t\t\t\t\t\t\t\t\t\t\t\t\t\t\t\t\t\t\t\t\t\t<img decoding=\"async\" class=\"promo-banner-image image-1 \" src=\"https:\/\/www.villaggiodellasalutepiu.it\/wp-content\/uploads\/2020\/04\/WhatsApp-Image-2020-04-14-at-17.29.27-840x440.jpeg\" width=\"840\" height=\"440\" alt=\"ca di lucca\" title=\"ca di lucca\" loading=\"lazy\" \/>\t\t\t\t\t\t\t\t\t\t\t\t\t\t\t\t\t\t\t\t\t<\/div>\n\t\t\t\t\t<\/div>\n\n\t\t\t\t\t<div class=\"wrapper-content-baner\">\n\t\t\t\t\t\t<div class=\"banner-inner\">\n\t\t\t\t\t\t\t<\/p>\n<p style=\"color: #ffffff; text-shadow: 1.5px 1.5px #00000095; line-height: 1;\"><span style=\"font-size: 20px; font-weight: bold; text-transform: uppercase;\">Ca&#8217; di Lucca<\/span><br \/>\nSulla Linea Gotica<\/p>\n<p>\n\t\t\t\t\t\t<\/div>\n\t\t\t\t\t<\/div>\n\n\t\t\t\t<\/div>\n\t\t\t<\/div>\n\n\t\t[\/vc_column_inner][\/vc_row_inner][\/vc_column][\/vc_row][vc_row full_width=&#8221;stretch_row&#8221; css=&#8221;.vc_custom_1774338413003{background-color: #221C25 !important;}&#8221;][vc_column][vc_raw_html css=&#8221;.vc_custom_1774338441519{margin-bottom: 0px !important;}&#8221;]JTVCaHRtbF9ibG9jayUyMGlkJTNEJTIyNDM4MSUyMiU1RA==[\/vc_raw_html][\/vc_column][\/vc_row][vc_row][vc_column][vc_column_text][vc_row][vc_column][vc_column_text css=\".vc_custom_1590144184517{margin-top: 50px !important;margin-bottom: 25px !important;}\"]\r\n<h2 style=\"text-align: center; font-size: 30px;\">INFO UTILI PERNOTTAMENTO<\/h2>\r\n[\/vc_column_text][vc_tta_accordion style=\"flat\" c_position=\"right\" active_section=\"99\" no_fill=\"true\" collapsible_all=\"true\"][vc_tta_section title=\"AGEVOLAZIONI PER GLI OSPITI\" tab_id=\"agevolazioni-ospiti\"][vc_separator css=\".vc_custom_1590500646597{margin-top: 10px !important;margin-bottom: 10px !important;}\"][vc_column_text css=\".vc_custom_1719838366505{margin-bottom: 20px !important;}\"]Come ospite delle camere del Villaggio hai diritto a incredibili sconti per le <strong><a href=\"https:\/\/www.villaggiodellasalutepiu.it\/terme_del_agriturismo\/\">Terme dell'Agriturismo<\/a><\/strong>, l'<strong><a href=\"https:\/\/www.villaggiodellasalutepiu.it\/acquapark-della-salute-piu\/\">Acquapark<\/a><\/strong> e gli altri servizi del Villaggio.\r\n\r\nE con il pernottamento settimanale l'offerta per una vacanza benessere completa \u00e8 ancora pi\u00f9 conveniente![\/vc_column_text][vc_row_inner][vc_column_inner][vc_empty_space][\/vc_column_inner][\/vc_row_inner][vc_separator css=\".vc_custom_1590500646597{margin-top: 10px !important;margin-bottom: 10px !important;}\"][vc_row_inner][vc_column_inner][vc_column_text css=\"\"]<strong>ACQUAPARK<\/strong>[\/vc_column_text][\/vc_column_inner][\/vc_row_inner][vc_row_inner][vc_column_inner width=\"2\/3\"][vc_column_text]Accesso Acquapark anticipato dalle 9.30 nelle giornate di sabato e domenica[\/vc_column_text][\/vc_column_inner][vc_column_inner width=\"1\/3\"][vc_column_text css=\"\"]<span style=\"color: #ffffff; font-size: 22px;\">.<\/span>[\/vc_column_text][\/vc_column_inner][\/vc_row_inner][vc_row_inner][vc_column_inner width=\"2\/3\"][vc_column_text css=\"\"]Accesso giornaliero Acquapark fascia bianca[\/vc_column_text][\/vc_column_inner][vc_column_inner width=\"1\/3\"][vc_column_text]<span style=\"color: #ff3481; font-size: 22px;\">\u20ac 15<\/span>[\/vc_column_text][\/vc_column_inner][\/vc_row_inner][vc_row_inner][vc_column_inner width=\"2\/3\"][vc_column_text css=\"\"]Accesso giornaliero Acquapark fascia blu\/rossa[\/vc_column_text][\/vc_column_inner][vc_column_inner width=\"1\/3\"][vc_column_text css=\"\"]<span style=\"color: #ff3481; font-size: 22px;\">\u20ac 20<\/span>[\/vc_column_text][\/vc_column_inner][\/vc_row_inner][vc_separator css=\".vc_custom_1590500646597{margin-top: 10px !important;margin-bottom: 10px !important;}\"][vc_row_inner][vc_column_inner][vc_column_text css=\"\"]<strong>TERME<\/strong>[\/vc_column_text][\/vc_column_inner][\/vc_row_inner][vc_row_inner][vc_column_inner width=\"2\/3\"][vc_column_text css=\"\"]Accesso terme mezza giornata[\/vc_column_text][\/vc_column_inner][vc_column_inner width=\"1\/3\"][vc_column_text css=\"\"]<span style=\"color: #ff3481; font-size: 22px;\">\u20ac 15<\/span>[\/vc_column_text][\/vc_column_inner][\/vc_row_inner][vc_row_inner][vc_column_inner width=\"2\/3\"][vc_column_text]Accesso terme giornaliero[\/vc_column_text][\/vc_column_inner][vc_column_inner width=\"1\/3\"][vc_column_text]<span style=\"color: #ff3481; font-size: 22px;\">\u20ac 25<\/span>[\/vc_column_text][\/vc_column_inner][\/vc_row_inner][vc_row_inner][vc_column_inner width=\"2\/3\"][vc_column_text]Accesso Notti Azzurre[\/vc_column_text][\/vc_column_inner][vc_column_inner width=\"1\/3\"][vc_column_text]<span style=\"color: #ff3481; font-size: 22px;\">\u20ac 15<\/span>[\/vc_column_text][\/vc_column_inner][\/vc_row_inner][vc_separator css=\".vc_custom_1590500646597{margin-top: 10px !important;margin-bottom: 10px !important;}\"][vc_row_inner][vc_column_inner][vc_column_text css=\"\"]<strong>TERME + ACQUAPARK<\/strong>[\/vc_column_text][\/vc_column_inner][\/vc_row_inner][vc_row_inner][vc_column_inner width=\"2\/3\"][vc_column_text]Accesso giornaliero Terme + Acquapark[\/vc_column_text][\/vc_column_inner][vc_column_inner width=\"1\/3\"][vc_column_text css=\"\"]<span style=\"color: #ff3481; font-size: 22px;\">\u20ac 35<\/span>[\/vc_column_text][\/vc_column_inner][\/vc_row_inner][vc_row_inner][vc_column_inner width=\"2\/3\"][vc_column_text]6 accessi adulto Terme + Acquapark[\/vc_column_text][\/vc_column_inner][vc_column_inner width=\"1\/3\"][vc_column_text css=\"\"]<span style=\"color: #ff3481; font-size: 22px;\">\u20ac 139<\/span>[\/vc_column_text][\/vc_column_inner][\/vc_row_inner][vc_row_inner][vc_column_inner width=\"2\/3\"][vc_column_text]6 accessi bimbo 100-150 cm Terme + Acquapark[\/vc_column_text][\/vc_column_inner][vc_column_inner width=\"1\/3\"][vc_column_text]<span style=\"color: #ff3481; font-size: 22px;\">\u20ac 69<\/span>[\/vc_column_text][\/vc_column_inner][\/vc_row_inner][vc_separator css=\".vc_custom_1590500646597{margin-top: 10px !important;margin-bottom: 10px !important;}\"][vc_row_inner][vc_column_inner][vc_column_text css=\"\"]<strong>ALTRI SERVIZI<\/strong>[\/vc_column_text][\/vc_column_inner][\/vc_row_inner][vc_row_inner][vc_column_inner width=\"2\/3\"][vc_column_text]Sconto prodotti dermocosmesi termale[\/vc_column_text][\/vc_column_inner][vc_column_inner width=\"1\/3\"][vc_column_text]<span style=\"color: #ff3481; font-size: 22px;\">20%<\/span>[\/vc_column_text][\/vc_column_inner][\/vc_row_inner][vc_row_inner][vc_column_inner width=\"2\/3\"][vc_column_text]Sconto prodotti enogastronomia[\/vc_column_text][\/vc_column_inner][vc_column_inner width=\"1\/3\"][vc_column_text]<span style=\"color: #ff3481; font-size: 22px;\">10%<\/span>[\/vc_column_text][\/vc_column_inner][\/vc_row_inner][vc_row_inner][vc_column_inner width=\"2\/3\"][vc_column_text]2 ore di noleggio mountain bike[\/vc_column_text][\/vc_column_inner][vc_column_inner width=\"1\/3\"][vc_column_text]<span style=\"color: #ff3481; font-size: 22px;\">Gratuito<\/span>[\/vc_column_text][\/vc_column_inner][\/vc_row_inner][vc_separator css=\".vc_custom_1590500646597{margin-top: 10px !important;margin-bottom: 10px !important;}\"][vc_column_text css=\".vc_custom_1719838353865{margin-top: 10px !important;}\"]Vedi anche le <a href=\"https:\/\/www.villaggiodellasalutepiu.it\/it\/pernottamento\/camping\/#agevolazioni-campeggiatori\">agevolazioni specifiche per gli ospiti del camping<\/a>.\r\n\r\n<em>Tariffe non soggette a riduzioni. Tariffe ospiti bambini come da listini Terme e Acquapark. Pacchetti 6 accessi nominali, utilizzabili per 6 giorni consecutivi; non sono recuperabili, trasferibili o rimborsabili.<\/em>[\/vc_column_text][\/vc_tta_section][vc_tta_section title=\"ORARIO CHECK-IN\" tab_id=\"1586423235540-d7ca8a8d-de03\"][vc_column_text css=\"\"]\r\n<ul>\r\n \t<li><strong>Check-in entro le 19.30<\/strong>; consegna camere dopo le <strong>14<\/strong> del giorno di arrivo.<\/li>\r\n \t<li><strong>Check-out entro le 10<\/strong> del giorno di partenza (riconsegna camere posticipabile fino alle 17 con supplemento previa disponibilit\u00e0).<\/li>\r\n<\/ul>\r\n[\/vc_column_text][\/vc_tta_section][vc_tta_section title=\"ANIMALI\" tab_id=\"animali\"][vc_column_text css=\"\"]Cani e gatti ammessi solo nei casali Ca' Sillaro, Ca' Mulino, Ca' di Sasso e Ca' di Lucca e presso il camping.\r\n\r\n<em>Vedi anche le informazioni sull'<a href=\"https:\/\/www.villaggiodellasalutepiu.it\/it\/acquapark-della-salute-piu\/#animali\">Area Fido dell'Acquapark<\/a> (animali non ammessi altrove al Villaggio).<\/em>\r\n\r\n&nbsp;\r\n\r\n<strong>REGOLAMENTO PER ANIMALI DOMESTICI\r\n<\/strong>\r\n\r\nSappiamo che a volte \u00e8 difficile trovare una persona fidata a cui lasciare il nostro amico a quattro zampe. Inoltre, sempre pi\u00f9 ospiti desiderano viaggiare con i loro animali domestici. \u00c8 per questo motivo che accettiamo volentieri sia cani che gatti. Tuttavia, dal momento che nell\u2019agriturismo alloggiano ospiti diversi e vogliamo garantire il comfort e la sicurezza di tutti, vi chiediamo di rispettare le seguenti regole:\r\n<ul>\r\n \t<li>\u00e8 consentito avere in camera al massimo due animali contemporaneamente;<\/li>\r\n \t<li>sono ammessi cani di tutte le taglie ma \u00e8 necessario segnalarlo al momento della prenotazione del soggiorno in quanto soltanto nei casali Ca\u2019 Mulino, Ca\u2019 Sillaro e Ca\u2019 degli Aironi \u00e8 consentito il soggiorno ai nostri amici a 4 zampe;<\/li>\r\n \t<li>gli animali devono essere tenuti al guinzaglio nelle aree comuni dell\u2019agriturismo;<\/li>\r\n \t<li>\u00e8 vietato l\u2019accesso degli animali in entrambi i ristoranti, salvo per i cani di piccola taglia nel trasportino e i cani guida;<\/li>\r\n \t<li>per motivi di sicurezza, il ripasso giornaliero delle camere non verr\u00e0 fatto se l\u2019animale viene lasciato in camera;<\/li>\r\n \t<li>il proprietario \u00e8 responsabile per i danni (materiali o fisici) che possono derivare dagli animali. Il Villaggio della Salute Pi\u00f9 si riserva il diritto di richiedere il rimborso delle spese o il pagamento di una notte extra (a causa dell\u2019impossibilit\u00e0 di vendere la stanza) e richiedere al proprietario dell\u2019animale la riparazione o la sostituzione degli elementi danneggiati;<\/li>\r\n \t<li>vi preghiamo di prendere in considerazione la presenza di altri ospiti e di limitare il rumore che potrebbe essere causato dall\u2019animale;<\/li>\r\n \t<li>il supplemento sul soggiorno per il nostro amico a quattro zampe animale \u00e8 di\u00a0<strong>26,00 \u20ac<\/strong><\/li>\r\n \t<li>all\u2019Acquapark \u00e8 presente un\u2019Area dedicata ai nostri amici a 4 zampe dove \u00e8 richiesta la prenotazione. Il cane non potr\u00e0 essere lasciato solo, quindi una persona dovr\u00e0 sempre rimanere con lui. Non si potr\u00e0 girare per l\u2019Acquapark. L\u2019unico chiosco in cui si pu\u00f2 accedere con il cane \u00e8 la Rotonda del Bosco che si trova nella zona adiacente all\u2019area dedicata.<\/li>\r\n<\/ul>\r\n[\/vc_column_text][\/vc_tta_section][vc_tta_section title=\"RICHIESTA PREVENTIVO\" tab_id=\"1589988411629-f3e85a72-2d36\"][vc_column_text]Contattaci subito per richiedere un <strong>preventivo personalizzato<\/strong> e ti ricontatteremo noi!\r\n\r\n\n<div class=\"wpcf7 no-js\" id=\"wpcf7-f2478-o1\" lang=\"it-IT\" dir=\"ltr\" data-wpcf7-id=\"2478\">\n<div class=\"screen-reader-response\"><p role=\"status\" aria-live=\"polite\" aria-atomic=\"true\"><\/p> <ul><\/ul><\/div>\n<form action=\"\/it\/wp-json\/wp\/v2\/pages\/717#wpcf7-f2478-o1\" method=\"post\" class=\"wpcf7-form init wpcf7-acceptance-as-validation\" id=\"formperesteso\" aria-label=\"Modulo di contatto\" novalidate=\"novalidate\" data-status=\"init\">\n<fieldset class=\"hidden-fields-container\"><input type=\"hidden\" name=\"_wpcf7\" value=\"2478\" \/><input type=\"hidden\" name=\"_wpcf7_version\" value=\"6.1.6\" \/><input type=\"hidden\" name=\"_wpcf7_locale\" value=\"it_IT\" \/><input type=\"hidden\" name=\"_wpcf7_unit_tag\" value=\"wpcf7-f2478-o1\" \/><input type=\"hidden\" name=\"_wpcf7_container_post\" value=\"0\" \/><input type=\"hidden\" name=\"_wpcf7_posted_data_hash\" value=\"\" \/><input type=\"hidden\" name=\"_wpcf7_recaptcha_response\" value=\"\" \/>\n<\/fieldset>\n<label> Dal <span class=\"wpcf7-form-control-wrap\" data-name=\"data-dal\"><input class=\"wpcf7-form-control wpcf7-date wpcf7-validates-as-date\" id=\"pdatadal\" aria-invalid=\"false\" value=\"\" type=\"date\" name=\"data-dal\" \/><\/span><\/label>\n<label> Al <span class=\"wpcf7-form-control-wrap\" data-name=\"data-al\"><input class=\"wpcf7-form-control wpcf7-date wpcf7-validates-as-required wpcf7-validates-as-date\" id=\"pdataal\" aria-required=\"true\" aria-invalid=\"false\" value=\"\" type=\"date\" name=\"data-al\" \/><\/span> <\/label>\n<div style=\"margin-bottom: 15px;\">\n <label style=\"margin-bottom: 1px;\">Tipologia pernottamento<\/label><span class=\"wpcf7-form-control-wrap\" data-name=\"tipologia\"><span class=\"wpcf7-form-control wpcf7-radio\" id=\"ptipologia\"><span class=\"wpcf7-list-item first\"><input type=\"radio\" name=\"tipologia\" value=\"Camera\" checked=\"checked\" \/><span class=\"wpcf7-list-item-label\">Camera<\/span><\/span><span class=\"wpcf7-list-item\"><input type=\"radio\" name=\"tipologia\" value=\"Appartamento\" \/><span class=\"wpcf7-list-item-label\">Appartamento<\/span><\/span><span class=\"wpcf7-list-item\"><input type=\"radio\" name=\"tipologia\" value=\"Ostello\" \/><span class=\"wpcf7-list-item-label\">Ostello<\/span><\/span><span class=\"wpcf7-list-item\"><input type=\"radio\" name=\"tipologia\" value=\"Camping (camper\/roulotte)\" \/><span class=\"wpcf7-list-item-label\">Camping (camper\/roulotte)<\/span><\/span><span class=\"wpcf7-list-item last\"><input type=\"radio\" name=\"tipologia\" value=\"Camping (tenda)\" \/><span class=\"wpcf7-list-item-label\">Camping (tenda)<\/span><\/span><\/span><\/span>\n<\/div>\n<label>N\u00b0 adulti <span class=\"wpcf7-form-control-wrap\" data-name=\"nadulti\"><input size=\"40\" maxlength=\"400\" class=\"wpcf7-form-control wpcf7-text wpcf7-validates-as-required\" id=\"pnadulti\" aria-required=\"true\" aria-invalid=\"false\" value=\"\" type=\"text\" name=\"nadulti\" \/><\/span><\/label>\n<label>N\u00b0 bambini 0-3 anni <span class=\"wpcf7-form-control-wrap\" data-name=\"nbambini03\"><input size=\"40\" maxlength=\"400\" class=\"wpcf7-form-control wpcf7-text\" id=\"pnbambini03\" aria-invalid=\"false\" value=\"\" type=\"text\" name=\"nbambini03\" \/><\/span> <\/label>\n<label>N\u00b0 bambini 4-12 anni <span class=\"wpcf7-form-control-wrap\" data-name=\"nbambini412\"><input size=\"40\" maxlength=\"400\" class=\"wpcf7-form-control wpcf7-text\" id=\"pnbambini412\" aria-invalid=\"false\" value=\"\" type=\"text\" name=\"nbambini412\" \/><\/span><\/label>\n<label>Trattamento richiesto <span class=\"wpcf7-form-control-wrap\" data-name=\"trattamentorichiesto\"><select class=\"wpcf7-form-control wpcf7-select wpcf7-validates-as-required\" id=\"ptrattamentorichiesto\" aria-required=\"true\" aria-invalid=\"false\" name=\"trattamentorichiesto\"><option value=\"Solo pernottamento\">Solo pernottamento<\/option><option value=\"Bed and Breakfast\">Bed and Breakfast<\/option><option value=\"Mezza pensione\">Mezza pensione<\/option><option value=\"Pensione completa\">Pensione completa<\/option><option value=\"Day use (11-17)\">Day use (11-17)<\/option><\/select><\/span><\/label>\n\n<div style=\"margin-bottom: 10px;\"><label style=\"margin-bottom: 1px;\">Servizi<\/label> <span class=\"wpcf7-form-control-wrap\" data-name=\"servizi\"><span class=\"wpcf7-form-control wpcf7-checkbox\" id=\"pservizi\"><span class=\"wpcf7-list-item first\"><input type=\"checkbox\" name=\"servizi[]\" value=\"Accesso terme\" \/><span class=\"wpcf7-list-item-label\">Accesso terme<\/span><\/span><span class=\"wpcf7-list-item\"><input type=\"checkbox\" name=\"servizi[]\" value=\"Trattamenti termali\" \/><span class=\"wpcf7-list-item-label\">Trattamenti termali<\/span><\/span><span class=\"wpcf7-list-item\"><input type=\"checkbox\" name=\"servizi[]\" value=\"Accesso acquapark estivo\" \/><span class=\"wpcf7-list-item-label\">Accesso acquapark estivo<\/span><\/span><span class=\"wpcf7-list-item last\"><input type=\"checkbox\" name=\"servizi[]\" value=\"Noleggio bici (2 ore omaggio)\" \/><span class=\"wpcf7-list-item-label\">Noleggio bici (2 ore omaggio)<\/span><\/span><\/span><\/span><\/div>\n\n<label>Note e altre richieste <span class=\"wpcf7-form-control-wrap\" data-name=\"pnote\"><textarea cols=\"40\" rows=\"10\" maxlength=\"2000\" class=\"wpcf7-form-control wpcf7-textarea\" id=\"pnote\" aria-invalid=\"false\" name=\"pnote\"><\/textarea><\/span><\/label>\n\n<label>Cognome <span class=\"wpcf7-form-control-wrap\" data-name=\"your-cognome\"><input size=\"40\" maxlength=\"400\" class=\"wpcf7-form-control wpcf7-text wpcf7-validates-as-required\" id=\"pcognome\" aria-required=\"true\" aria-invalid=\"false\" value=\"\" type=\"text\" name=\"your-cognome\" \/><\/span><\/label>\n<label>Nome <span class=\"wpcf7-form-control-wrap\" data-name=\"your-nome\"><input size=\"40\" maxlength=\"400\" class=\"wpcf7-form-control wpcf7-text wpcf7-validates-as-required\" id=\"pnome\" aria-required=\"true\" aria-invalid=\"false\" value=\"\" type=\"text\" name=\"your-nome\" \/><\/span><\/label>\n<label>Telefono <span class=\"wpcf7-form-control-wrap\" data-name=\"telefono\"><input size=\"40\" maxlength=\"400\" class=\"wpcf7-form-control wpcf7-tel wpcf7-validates-as-required wpcf7-text wpcf7-validates-as-tel\" id=\"ptelefono\" aria-required=\"true\" aria-invalid=\"false\" value=\"\" type=\"tel\" name=\"telefono\" \/><\/span><\/label>\n<label>Fax <span class=\"wpcf7-form-control-wrap\" data-name=\"fax\"><input size=\"40\" maxlength=\"400\" class=\"wpcf7-form-control wpcf7-text\" id=\"pfax\" aria-invalid=\"false\" value=\"\" type=\"text\" name=\"fax\" \/><\/span><\/label>\n<label> Email\n    <span class=\"wpcf7-form-control-wrap\" data-name=\"your-email\"><input size=\"40\" maxlength=\"400\" class=\"wpcf7-form-control wpcf7-email wpcf7-validates-as-required wpcf7-text wpcf7-validates-as-email\" aria-required=\"true\" aria-invalid=\"false\" value=\"\" type=\"email\" name=\"your-email\" \/><\/span> <\/label>\n\n<span class=\"wpcf7-form-control-wrap\" data-name=\"generic\"><span class=\"wpcf7-form-control wpcf7-acceptance\"><span class=\"wpcf7-list-item\"><label><input type=\"checkbox\" name=\"generic\" value=\"1\" aria-invalid=\"false\" \/><span class=\"wpcf7-list-item-label\">Ho preso visione <a target=\"_blank\" href=\"https:\/\/www.privacylab.it\/informativa.php?24392502041\"><strong>dell'informativa privacy<\/strong><\/a><\/span><\/label><\/span><\/span><\/span>\n\n<\/br>\n\n<span class=\"wpcf7-form-control-wrap\" data-name=\"your-consent\"><span class=\"wpcf7-form-control wpcf7-acceptance optional\"><span class=\"wpcf7-list-item\"><label><input type=\"checkbox\" name=\"your-consent\" value=\"1\" aria-invalid=\"false\" \/><span class=\"wpcf7-list-item-label\">Acconsento a ricevere newsletter come indicato <a target=\"_blank\" href=\"https:\/\/www.privacylab.it\/informativa.php?24392502042\"><strong>nell'informativa<\/strong><\/a><\/span><\/label><\/span><\/span><\/span>\n\n<\/br>\n<\/br>\n\n<input class=\"wpcf7-form-control wpcf7-submit has-spinner\" id=\"button-submit-pernottamento\" type=\"submit\" value=\"Invia\" \/><div class=\"wpcf7-response-output\" aria-hidden=\"true\"><\/div>\n<\/form>\n<\/div>\n[\/vc_column_text][\/vc_tta_section][vc_tta_section title=\"ALTRI SERVIZI\" tab_id=\"altri-servizi\"][vc_column_text css=\"\"]Camera in <strong>day use<\/strong> <em>ore 11-17<\/em> \u20ac 65\r\n\r\nSupplemento <strong>pasto a pensione<\/strong> (Ristorante Sillaro) \u20ac 38[\/vc_column_text][\/vc_tta_section][vc_tta_section title=\"PRENOTAZIONE ONLINE\" tab_id=\"1594216061716-1c74766a-fbb6\"][vc_column_text]<strong><a href=\"https:\/\/be.quovai.com\/be\/villaggiodellasalute\" target=\"_blank\" rel=\"noopener\">CLICK QUI<\/a> per avviare la prenotazione di camere, appartamenti o piazzole.<\/strong>\r\n\r\nIl sistema di prenotazione online \u00e8 limitato alla possibilit\u00e0 di prenotazione del <strong>solo pernottamento<\/strong>. Per un pacchetto completo degli altri servizi (terme, trattamenti, acquapark, ecc.) fai una <a href=\"https:\/\/www.villaggiodellasalutepiu.it\/it\/pernottamento\/#1589988411629-f3e85a72-2d36\"><strong>richiesta di preventivo<\/strong><\/a>.[\/vc_column_text][\/vc_tta_section][vc_tta_section title=\"COORDINATE DI PAGAMENTO\" tab_id=\"1593182944528-ad66bed0-8e8c\"][vc_column_text]Pagamenti online per il pernottamento e la ristorazione al Villaggio della Salute Pi\u00f9 e solo su prestazioni prenotate.\r\n\r\nPer i buoni regalo usare l'apposito\u00a0<strong><a href=\"https:\/\/servizi.circuitodellasalute.it\/buoni\/\" target=\"_blank\" rel=\"noopener noreferrer\">acquisto buoni online<\/a><\/strong>.\r\n\r\n<strong>BONIFICO BANCARIO<\/strong>\r\na favore di\u00a0SA.NA SRL - VIA IRNERIO, 10 - Bologna\r\nIBAN: IT 68K 030 6902 5201 000000 12115[\/vc_column_text][\/vc_tta_section][vc_tta_section title=\"CERCAVI ALTRE INFORMAZIONI E NON LE HAI TROVATE?\" tab_id=\"1586423522195-728008b7-1a3f\"][vc_row_inner][vc_column_inner][vc_column_text]Contattaci al nostro servizio clienti per avere tutte le informazioni necessarie, oppure compila il modulo.\r\n\r\n\n<div class=\"wpcf7 no-js\" id=\"wpcf7-f577-o2\" lang=\"it-IT\" dir=\"ltr\" data-wpcf7-id=\"577\">\n<div class=\"screen-reader-response\"><p role=\"status\" aria-live=\"polite\" aria-atomic=\"true\"><\/p> <ul><\/ul><\/div>\n<form action=\"\/it\/wp-json\/wp\/v2\/pages\/717#wpcf7-f577-o2\" method=\"post\" class=\"wpcf7-form init wpcf7-acceptance-as-validation\" id=\"formextrainfo\" aria-label=\"Modulo di contatto\" novalidate=\"novalidate\" data-status=\"init\">\n<fieldset class=\"hidden-fields-container\"><input type=\"hidden\" name=\"_wpcf7\" value=\"577\" \/><input type=\"hidden\" name=\"_wpcf7_version\" value=\"6.1.6\" \/><input type=\"hidden\" name=\"_wpcf7_locale\" value=\"it_IT\" \/><input type=\"hidden\" name=\"_wpcf7_unit_tag\" value=\"wpcf7-f577-o2\" \/><input type=\"hidden\" name=\"_wpcf7_container_post\" value=\"0\" \/><input type=\"hidden\" name=\"_wpcf7_posted_data_hash\" value=\"\" \/><input type=\"hidden\" name=\"_wpcf7_recaptcha_response\" value=\"\" \/>\n<\/fieldset>\n<label>Nome e cognome (richiesto)\n    <span class=\"wpcf7-form-control-wrap\" data-name=\"your-nome\"><input size=\"40\" maxlength=\"400\" class=\"wpcf7-form-control wpcf7-text wpcf7-validates-as-required\" aria-required=\"true\" aria-invalid=\"false\" value=\"\" type=\"text\" name=\"your-nome\" \/><\/span>\n<\/label>\n<div class=\"row\">\n  <div class=\"col-md-6\">\n    <label> La tua email (richiesto)\n      <span class=\"wpcf7-form-control-wrap\" data-name=\"your-email\"><input size=\"40\" maxlength=\"400\" class=\"wpcf7-form-control wpcf7-email wpcf7-validates-as-required wpcf7-text wpcf7-validates-as-email\" id=\"gemail\" aria-required=\"true\" aria-invalid=\"false\" value=\"\" type=\"email\" name=\"your-email\" \/><\/span>\n    <\/label>\n  <\/div>\n\n  <div class=\"col-md-6\">\n    <label> Telefono (richiesto)\n      <span class=\"wpcf7-form-control-wrap\" data-name=\"tel\"><input size=\"40\" maxlength=\"400\" class=\"wpcf7-form-control wpcf7-tel wpcf7-validates-as-required wpcf7-text wpcf7-validates-as-tel\" id=\"telefonoextra\" aria-required=\"true\" aria-invalid=\"false\" value=\"\" type=\"tel\" name=\"tel\" \/><\/span>\n    <\/label>\n  <\/div>\n<\/div>\n<label> Il tuo messaggio (richiesto)\n    <span class=\"wpcf7-form-control-wrap\" data-name=\"your-message\"><textarea cols=\"40\" rows=\"10\" maxlength=\"2000\" class=\"wpcf7-form-control wpcf7-textarea wpcf7-validates-as-required\" aria-required=\"true\" aria-invalid=\"false\" name=\"your-message\"><\/textarea><\/span>\n<\/label>\n\n<span class=\"wpcf7-form-control-wrap\" data-name=\"generic\"><span class=\"wpcf7-form-control wpcf7-acceptance\"><span class=\"wpcf7-list-item\"><label><input type=\"checkbox\" name=\"generic\" value=\"1\" aria-invalid=\"false\" \/><span class=\"wpcf7-list-item-label\">Ho preso visione <a target=\"_blank\" href=\"https:\/\/www.privacylab.it\/informativa.php?24392502041\">\n<strong>dell'informativa privacy<\/strong><\/a><\/span><\/label><\/span><\/span><\/span>\n\n<br><br>\n\n<span class=\"wpcf7-form-control-wrap\" data-name=\"your-consent\"><span class=\"wpcf7-form-control wpcf7-acceptance optional\"><span class=\"wpcf7-list-item\"><label><input type=\"checkbox\" name=\"your-consent\" value=\"1\" aria-invalid=\"false\" \/><span class=\"wpcf7-list-item-label\">Acconsento a ricevere newsletter come indicato <a target=\"_blank\" href=\"https:\/\/www.privacylab.it\/informativa.php?24392502042\">nell'informativa<\/a><\/span><\/label><\/span><\/span><\/span>\n\n<br><br>\n\n<input class=\"wpcf7-form-control wpcf7-submit has-spinner\" type=\"submit\" value=\"Invia\" \/><div class=\"wpcf7-response-output\" aria-hidden=\"true\"><\/div>\n<\/form>\n<\/div>\n[\/vc_column_text][\/vc_column_inner][\/vc_row_inner][\/vc_tta_section][\/vc_tta_accordion][\/vc_column][\/vc_row]<style data-type=\"vc_shortcodes-custom-css\">.vc_custom_1590144184517{margin-top: 50px !important;margin-bottom: 25px !important;}.vc_custom_1590500646597{margin-top: 10px !important;margin-bottom: 10px !important;}.vc_custom_1719838366505{margin-bottom: 20px !important;}.vc_custom_1590500646597{margin-top: 10px !important;margin-bottom: 10px !important;}.vc_custom_1590500646597{margin-top: 10px !important;margin-bottom: 10px !important;}.vc_custom_1590500646597{margin-top: 10px !important;margin-bottom: 10px !important;}.vc_custom_1590500646597{margin-top: 10px !important;margin-bottom: 10px !important;}.vc_custom_1590500646597{margin-top: 10px !important;margin-bottom: 10px !important;}.vc_custom_1719838353865{margin-top: 10px !important;}<\/style>[\/vc_column_text][\/vc_column][\/vc_row][vc_row disable_element=&#8221;yes&#8221;][vc_column][vc_column_text css=&#8221;.vc_custom_1590767305567{margin-top: 20px !important;margin-bottom: 20px !important;}&#8221;]<\/p>\n<h2 style=\"text-align: center; font-size: 30px;\"><strong>TARIFFE APPARTAMENTI<\/strong><\/h2>\n<p>[\/vc_column_text][vc_column_text][vc_row][vc_column][vc_tta_accordion style=\"flat\" c_position=\"right\" active_section=\"20\" collapsible_all=\"true\" el_class=\"tariffe\"][vc_tta_section title=\"CA' DI SASSO e CA' di LUCCA\" tab_id=\"1590130971274-d17776e5-4150\"][vc_raw_html]JTVCaHRtbF9ibG9jayUyMGlkJTNEJTIyODAxJTIyJTVE[\/vc_raw_html][\/vc_tta_section][\/vc_tta_accordion][\/vc_column][\/vc_row][vc_row][vc_column][\/vc_column][\/vc_row]<style data-type=\"vc_shortcodes-custom-css\"><\/style>[\/vc_column_text][\/vc_column][\/vc_row][vc_row][vc_column][vc_column_text css=&#8221;.vc_custom_1590767299911{margin-top: 20px !important;margin-bottom: 20px !important;}&#8221;]<\/p>\n<h2 style=\"text-align: center; font-size: 30px;\"><strong>PRENOTA<\/strong><\/h2>\n<p>[\/vc_column_text][\/vc_column][\/vc_row][vc_row][vc_column][vc_tta_accordion style=&#8221;flat&#8221; c_position=&#8221;right&#8221; active_section=&#8221;99&#8243; collapsible_all=&#8221;true&#8221;][vc_tta_section title=&#8221;PREVENTIVO ONLINE&#8221; tab_id=&#8221;1590766477634-247a9018-c2f8&#8243;][vc_raw_html]JTVCY29udGFjdC1mb3JtLTclMjBpZCUzRCUyMjI0NzglMjIlMjB0aXRsZSUzRCUyMmZvcm0lMjBwcmVub3RhemlvbmUlMjBlc3Rlc28lMjIlMjBodG1sX2lkJTNEJTIyZm9ybXBlcmVzdGVzbyUyMiU1RCUyMA==[\/vc_raw_html][\/vc_tta_section][\/vc_tta_accordion][\/vc_column][\/vc_row]<\/p>\n<\/div>","protected":false},"excerpt":{"rendered":"<p>[vc_row css=&#8221;.vc_custom_1590076164392{margin-bottom: 20px !important;}&#8221;][vc_column width=&#8221;1\/4&#8243;][\/vc_column][vc_column width=&#8221;1\/2&#8243;][vc_column_text] La soluzione di pernottamento al Villaggio della Salute Pi\u00f9 preferita da chi cerca una<\/p>\n","protected":false},"author":1,"featured_media":718,"parent":23,"menu_order":0,"comment_status":"closed","ping_status":"closed","template":"","meta":{"footnotes":""},"eventi":[],"class_list":["post-717","page","type-page","status-publish","has-post-thumbnail","hentry"],"yoast_head":"<!-- This site is optimized with the Yoast SEO plugin v28.0 - https:\/\/yoast.com\/product\/yoast-seo-wordpress\/ -->\n<title>Appartamenti &#8226; Villaggio della Salute Pi\u00f9<\/title>\n<meta name=\"robots\" content=\"index, follow, max-snippet:-1, max-image-preview:large, max-video-preview:-1\" \/>\n<link rel=\"canonical\" href=\"https:\/\/www.villaggiodellasalutepiu.it\/it\/pernottamento\/appartamenti_benessere_relax_vacanze_weekend\/\" \/>\n<meta property=\"og:locale\" content=\"it_IT\" \/>\n<meta property=\"og:type\" content=\"article\" \/>\n<meta property=\"og:title\" content=\"Appartamenti &#8226; Villaggio della Salute Pi\u00f9\" \/>\n<meta property=\"og:description\" content=\"[vc_row css=&#8221;.vc_custom_1590076164392{margin-bottom: 20px !important;}&#8221;][vc_column width=&#8221;1\/4&#8243;][\/vc_column][vc_column width=&#8221;1\/2&#8243;][vc_column_text] La soluzione di pernottamento al Villaggio della Salute Pi\u00f9 preferita da chi cerca una\" \/>\n<meta property=\"og:url\" content=\"https:\/\/www.villaggiodellasalutepiu.it\/it\/pernottamento\/appartamenti_benessere_relax_vacanze_weekend\/\" \/>\n<meta property=\"og:site_name\" content=\"Villaggio della Salute Pi\u00f9\" \/>\n<meta property=\"article:modified_time\" content=\"2026-03-24T07:48:02+00:00\" \/>\n<meta property=\"og:image\" content=\"https:\/\/www.villaggiodellasalutepiu.it\/wp-content\/uploads\/2020\/04\/WhatsApp-Image-2020-04-14-at-15.39.52-e1587547340835.jpeg\" \/>\n\t<meta property=\"og:image:width\" content=\"802\" \/>\n\t<meta property=\"og:image:height\" content=\"420\" \/>\n\t<meta property=\"og:image:type\" content=\"image\/jpeg\" \/>\n<meta name=\"twitter:card\" content=\"summary_large_image\" \/>\n<meta name=\"twitter:label1\" content=\"Tempo di lettura stimato\" \/>\n\t<meta name=\"twitter:data1\" content=\"1 minuto\" \/>\n<script type=\"application\/ld+json\" class=\"yoast-schema-graph\">{\"@context\":\"https:\\\/\\\/schema.org\",\"@graph\":[{\"@type\":\"WebPage\",\"@id\":\"https:\\\/\\\/www.villaggiodellasalutepiu.it\\\/it\\\/pernottamento\\\/appartamenti_benessere_relax_vacanze_weekend\\\/\",\"url\":\"https:\\\/\\\/www.villaggiodellasalutepiu.it\\\/it\\\/pernottamento\\\/appartamenti_benessere_relax_vacanze_weekend\\\/\",\"name\":\"Appartamenti &#8226; Villaggio della Salute Pi\u00f9\",\"isPartOf\":{\"@id\":\"https:\\\/\\\/www.villaggiodellasalutepiu.it\\\/it\\\/#website\"},\"primaryImageOfPage\":{\"@id\":\"https:\\\/\\\/www.villaggiodellasalutepiu.it\\\/it\\\/pernottamento\\\/appartamenti_benessere_relax_vacanze_weekend\\\/#primaryimage\"},\"image\":{\"@id\":\"https:\\\/\\\/www.villaggiodellasalutepiu.it\\\/it\\\/pernottamento\\\/appartamenti_benessere_relax_vacanze_weekend\\\/#primaryimage\"},\"thumbnailUrl\":\"https:\\\/\\\/www.villaggiodellasalutepiu.it\\\/wp-content\\\/uploads\\\/2020\\\/04\\\/WhatsApp-Image-2020-04-14-at-15.39.52-e1587547340835.jpeg\",\"datePublished\":\"2020-04-14T13:40:30+00:00\",\"dateModified\":\"2026-03-24T07:48:02+00:00\",\"breadcrumb\":{\"@id\":\"https:\\\/\\\/www.villaggiodellasalutepiu.it\\\/it\\\/pernottamento\\\/appartamenti_benessere_relax_vacanze_weekend\\\/#breadcrumb\"},\"inLanguage\":\"it-IT\",\"potentialAction\":[{\"@type\":\"ReadAction\",\"target\":[\"https:\\\/\\\/www.villaggiodellasalutepiu.it\\\/it\\\/pernottamento\\\/appartamenti_benessere_relax_vacanze_weekend\\\/\"]}]},{\"@type\":\"ImageObject\",\"inLanguage\":\"it-IT\",\"@id\":\"https:\\\/\\\/www.villaggiodellasalutepiu.it\\\/it\\\/pernottamento\\\/appartamenti_benessere_relax_vacanze_weekend\\\/#primaryimage\",\"url\":\"https:\\\/\\\/www.villaggiodellasalutepiu.it\\\/wp-content\\\/uploads\\\/2020\\\/04\\\/WhatsApp-Image-2020-04-14-at-15.39.52-e1587547340835.jpeg\",\"contentUrl\":\"https:\\\/\\\/www.villaggiodellasalutepiu.it\\\/wp-content\\\/uploads\\\/2020\\\/04\\\/WhatsApp-Image-2020-04-14-at-15.39.52-e1587547340835.jpeg\",\"width\":802,\"height\":420,\"caption\":\"ca di sasso\"},{\"@type\":\"BreadcrumbList\",\"@id\":\"https:\\\/\\\/www.villaggiodellasalutepiu.it\\\/it\\\/pernottamento\\\/appartamenti_benessere_relax_vacanze_weekend\\\/#breadcrumb\",\"itemListElement\":[{\"@type\":\"ListItem\",\"position\":1,\"name\":\"Home\",\"item\":\"https:\\\/\\\/www.villaggiodellasalutepiu.it\\\/it\\\/\"},{\"@type\":\"ListItem\",\"position\":2,\"name\":\"Pernottamento\",\"item\":\"https:\\\/\\\/www.villaggiodellasalutepiu.it\\\/it\\\/pernottamento\\\/\"},{\"@type\":\"ListItem\",\"position\":3,\"name\":\"Appartamenti\"}]},{\"@type\":\"WebSite\",\"@id\":\"https:\\\/\\\/www.villaggiodellasalutepiu.it\\\/it\\\/#website\",\"url\":\"https:\\\/\\\/www.villaggiodellasalutepiu.it\\\/it\\\/\",\"name\":\"Villaggio della Salute Pi\u00f9\",\"description\":\"Benvenuti\",\"publisher\":{\"@id\":\"https:\\\/\\\/www.villaggiodellasalutepiu.it\\\/it\\\/#organization\"},\"potentialAction\":[{\"@type\":\"SearchAction\",\"target\":{\"@type\":\"EntryPoint\",\"urlTemplate\":\"https:\\\/\\\/www.villaggiodellasalutepiu.it\\\/it\\\/?s={search_term_string}\"},\"query-input\":{\"@type\":\"PropertyValueSpecification\",\"valueRequired\":true,\"valueName\":\"search_term_string\"}}],\"inLanguage\":\"it-IT\"},{\"@type\":\"Organization\",\"@id\":\"https:\\\/\\\/www.villaggiodellasalutepiu.it\\\/it\\\/#organization\",\"name\":\"Villaggio Della Salute Pi\u00f9\",\"url\":\"https:\\\/\\\/www.villaggiodellasalutepiu.it\\\/it\\\/\",\"logo\":{\"@type\":\"ImageObject\",\"inLanguage\":\"it-IT\",\"@id\":\"https:\\\/\\\/www.villaggiodellasalutepiu.it\\\/it\\\/#\\\/schema\\\/logo\\\/image\\\/\",\"url\":\"https:\\\/\\\/www.villaggiodellasalutepiu.it\\\/wp-content\\\/uploads\\\/2020\\\/04\\\/logo-vds.png\",\"contentUrl\":\"https:\\\/\\\/www.villaggiodellasalutepiu.it\\\/wp-content\\\/uploads\\\/2020\\\/04\\\/logo-vds.png\",\"width\":449,\"height\":62,\"caption\":\"Villaggio Della Salute Pi\u00f9\"},\"image\":{\"@id\":\"https:\\\/\\\/www.villaggiodellasalutepiu.it\\\/it\\\/#\\\/schema\\\/logo\\\/image\\\/\"}}]}<\/script>\n<!-- \/ Yoast SEO plugin. -->","yoast_head_json":{"title":"Appartamenti &#8226; Villaggio della Salute Pi\u00f9","robots":{"index":"index","follow":"follow","max-snippet":"max-snippet:-1","max-image-preview":"max-image-preview:large","max-video-preview":"max-video-preview:-1"},"canonical":"https:\/\/www.villaggiodellasalutepiu.it\/it\/pernottamento\/appartamenti_benessere_relax_vacanze_weekend\/","og_locale":"it_IT","og_type":"article","og_title":"Appartamenti &#8226; Villaggio della Salute Pi\u00f9","og_description":"[vc_row css=&#8221;.vc_custom_1590076164392{margin-bottom: 20px !important;}&#8221;][vc_column width=&#8221;1\/4&#8243;][\/vc_column][vc_column width=&#8221;1\/2&#8243;][vc_column_text] La soluzione di pernottamento al Villaggio della Salute Pi\u00f9 preferita da chi cerca una","og_url":"https:\/\/www.villaggiodellasalutepiu.it\/it\/pernottamento\/appartamenti_benessere_relax_vacanze_weekend\/","og_site_name":"Villaggio della Salute Pi\u00f9","article_modified_time":"2026-03-24T07:48:02+00:00","og_image":[{"width":802,"height":420,"url":"https:\/\/www.villaggiodellasalutepiu.it\/wp-content\/uploads\/2020\/04\/WhatsApp-Image-2020-04-14-at-15.39.52-e1587547340835.jpeg","type":"image\/jpeg"}],"twitter_card":"summary_large_image","twitter_misc":{"Tempo di lettura stimato":"1 minuto"},"schema":{"@context":"https:\/\/schema.org","@graph":[{"@type":"WebPage","@id":"https:\/\/www.villaggiodellasalutepiu.it\/it\/pernottamento\/appartamenti_benessere_relax_vacanze_weekend\/","url":"https:\/\/www.villaggiodellasalutepiu.it\/it\/pernottamento\/appartamenti_benessere_relax_vacanze_weekend\/","name":"Appartamenti &#8226; Villaggio della Salute Pi\u00f9","isPartOf":{"@id":"https:\/\/www.villaggiodellasalutepiu.it\/it\/#website"},"primaryImageOfPage":{"@id":"https:\/\/www.villaggiodellasalutepiu.it\/it\/pernottamento\/appartamenti_benessere_relax_vacanze_weekend\/#primaryimage"},"image":{"@id":"https:\/\/www.villaggiodellasalutepiu.it\/it\/pernottamento\/appartamenti_benessere_relax_vacanze_weekend\/#primaryimage"},"thumbnailUrl":"https:\/\/www.villaggiodellasalutepiu.it\/wp-content\/uploads\/2020\/04\/WhatsApp-Image-2020-04-14-at-15.39.52-e1587547340835.jpeg","datePublished":"2020-04-14T13:40:30+00:00","dateModified":"2026-03-24T07:48:02+00:00","breadcrumb":{"@id":"https:\/\/www.villaggiodellasalutepiu.it\/it\/pernottamento\/appartamenti_benessere_relax_vacanze_weekend\/#breadcrumb"},"inLanguage":"it-IT","potentialAction":[{"@type":"ReadAction","target":["https:\/\/www.villaggiodellasalutepiu.it\/it\/pernottamento\/appartamenti_benessere_relax_vacanze_weekend\/"]}]},{"@type":"ImageObject","inLanguage":"it-IT","@id":"https:\/\/www.villaggiodellasalutepiu.it\/it\/pernottamento\/appartamenti_benessere_relax_vacanze_weekend\/#primaryimage","url":"https:\/\/www.villaggiodellasalutepiu.it\/wp-content\/uploads\/2020\/04\/WhatsApp-Image-2020-04-14-at-15.39.52-e1587547340835.jpeg","contentUrl":"https:\/\/www.villaggiodellasalutepiu.it\/wp-content\/uploads\/2020\/04\/WhatsApp-Image-2020-04-14-at-15.39.52-e1587547340835.jpeg","width":802,"height":420,"caption":"ca di sasso"},{"@type":"BreadcrumbList","@id":"https:\/\/www.villaggiodellasalutepiu.it\/it\/pernottamento\/appartamenti_benessere_relax_vacanze_weekend\/#breadcrumb","itemListElement":[{"@type":"ListItem","position":1,"name":"Home","item":"https:\/\/www.villaggiodellasalutepiu.it\/it\/"},{"@type":"ListItem","position":2,"name":"Pernottamento","item":"https:\/\/www.villaggiodellasalutepiu.it\/it\/pernottamento\/"},{"@type":"ListItem","position":3,"name":"Appartamenti"}]},{"@type":"WebSite","@id":"https:\/\/www.villaggiodellasalutepiu.it\/it\/#website","url":"https:\/\/www.villaggiodellasalutepiu.it\/it\/","name":"Villaggio della Salute Pi\u00f9","description":"Benvenuti","publisher":{"@id":"https:\/\/www.villaggiodellasalutepiu.it\/it\/#organization"},"potentialAction":[{"@type":"SearchAction","target":{"@type":"EntryPoint","urlTemplate":"https:\/\/www.villaggiodellasalutepiu.it\/it\/?s={search_term_string}"},"query-input":{"@type":"PropertyValueSpecification","valueRequired":true,"valueName":"search_term_string"}}],"inLanguage":"it-IT"},{"@type":"Organization","@id":"https:\/\/www.villaggiodellasalutepiu.it\/it\/#organization","name":"Villaggio Della Salute Pi\u00f9","url":"https:\/\/www.villaggiodellasalutepiu.it\/it\/","logo":{"@type":"ImageObject","inLanguage":"it-IT","@id":"https:\/\/www.villaggiodellasalutepiu.it\/it\/#\/schema\/logo\/image\/","url":"https:\/\/www.villaggiodellasalutepiu.it\/wp-content\/uploads\/2020\/04\/logo-vds.png","contentUrl":"https:\/\/www.villaggiodellasalutepiu.it\/wp-content\/uploads\/2020\/04\/logo-vds.png","width":449,"height":62,"caption":"Villaggio Della Salute Pi\u00f9"},"image":{"@id":"https:\/\/www.villaggiodellasalutepiu.it\/it\/#\/schema\/logo\/image\/"}}]}},"_links":{"self":[{"href":"https:\/\/www.villaggiodellasalutepiu.it\/it\/wp-json\/wp\/v2\/pages\/717","targetHints":{"allow":["GET"]}}],"collection":[{"href":"https:\/\/www.villaggiodellasalutepiu.it\/it\/wp-json\/wp\/v2\/pages"}],"about":[{"href":"https:\/\/www.villaggiodellasalutepiu.it\/it\/wp-json\/wp\/v2\/types\/page"}],"author":[{"embeddable":true,"href":"https:\/\/www.villaggiodellasalutepiu.it\/it\/wp-json\/wp\/v2\/users\/1"}],"replies":[{"embeddable":true,"href":"https:\/\/www.villaggiodellasalutepiu.it\/it\/wp-json\/wp\/v2\/comments?post=717"}],"version-history":[{"count":29,"href":"https:\/\/www.villaggiodellasalutepiu.it\/it\/wp-json\/wp\/v2\/pages\/717\/revisions"}],"predecessor-version":[{"id":26868,"href":"https:\/\/www.villaggiodellasalutepiu.it\/it\/wp-json\/wp\/v2\/pages\/717\/revisions\/26868"}],"up":[{"embeddable":true,"href":"https:\/\/www.villaggiodellasalutepiu.it\/it\/wp-json\/wp\/v2\/pages\/23"}],"wp:featuredmedia":[{"embeddable":true,"href":"https:\/\/www.villaggiodellasalutepiu.it\/it\/wp-json\/wp\/v2\/media\/718"}],"wp:attachment":[{"href":"https:\/\/www.villaggiodellasalutepiu.it\/it\/wp-json\/wp\/v2\/media?parent=717"}],"wp:term":[{"taxonomy":"eventi","embeddable":true,"href":"https:\/\/www.villaggiodellasalutepiu.it\/it\/wp-json\/wp\/v2\/eventi?post=717"}],"curies":[{"name":"wp","href":"https:\/\/api.w.org\/{rel}","templated":true}]}}