{"id":7677,"date":"2021-05-23T11:26:58","date_gmt":"2021-05-23T09:26:58","guid":{"rendered":"https:\/\/www.villaggiodellasalutepiu.it\/it\/?post_type=eventi&#038;p=7677"},"modified":"2021-08-14T10:26:27","modified_gmt":"2021-08-14T08:26:27","slug":"grande-apertura-di-ferragosto-2021","status":"publish","type":"eventi","link":"https:\/\/www.villaggiodellasalutepiu.it\/it\/eventi\/grande-apertura-di-ferragosto-2021\/","title":{"rendered":"Grande apertura di Ferragosto: musica, laser show e fuochi d&#8217;artificio!"},"content":{"rendered":"<div class=\"wpb-content-wrapper\"><p>[vc_row][vc_column][vc_column_text]<strong>Sabato 14 e domenica 15 agosto 2021<\/strong> due giornate straordinarie al Villaggio con musica, show e divertimento sotto le stelle degli Appennini!<\/p>\n<p>L&#8217;Acquapark vi aspetta per due giornate di relax tra acqua e natura con \u00a024 piscine e acquascivoli straordinariamente aperti fino alle 21.<\/p>\n<p>Dalle 21 fino all&#8217;una di notte daremo il via a due serate di divertimento e magia nel Pianoro dell&#8217;Eden, la parte bassa dell&#8217;Acquapark. Dodici le piscine a vostra disposizione per godervi lo show in piscina calda sotto le stelle.<\/p>\n<p>A condurre gli eventi speciali serali saranno gli storici vj inglesi <strong>Rick Hutton<\/strong> e <strong>Clive Griffiths<\/strong> di <strong>Videomusic<\/strong> (prima televisione musicale in Europa), che ci accompagneranno in un viaggio musicale carico di verve e simpatia.<\/p>\n<p>Domenica 15 agosto grande sorpresa al Villaggio: arriva il <strong>Laser Future Show<\/strong>, un&#8217;esplosione di luci e colori in mezzo alla natura dell&#8217;Appennino tosco-emiliano. Pronti a restare a bocca aperta?<\/p>\n<p style=\"text-align: center;\"><strong><span style=\"color: #ff3481;\">Perdurando il grave stato di rischio incendi, il 13\/8 sera abbiamo ricevuto conferma del divieto a procedere con gli spettacoli pirotecnici che, nostro malgrado, siamo costretti ad annullare. Confermato invece lo spettacolo laser previsto per il 15\/8.<\/span><\/strong><span style=\"color: #ff3481;\"><br \/>\n<\/span><span style=\"color: #ff3481;\">Purtroppo quest\u2019anno dobbiamo convivere con continue incertezze e sorprese. Ci\u00f2 che \u00e8 certo \u00e8 che le nostre piscine, l\u2019aria buona e la natura del Villaggio non ci abbandonano!<\/span><\/p>\n<p><em>Nb Non \u00e8 necessario il green pass per l&#8217;accesso Acquapark.<\/em>[\/vc_column_text][vc_empty_space]\t\t\t<div id=\"gallery_803\" class=\"basel-images-gallery  spacing-2 columns-3 view-grid photoswipe-images\" >\n\t\t\t\t<div class=\"gallery-images \">\n\t\t\t\t\t\t\t\t\t\t\t\t\t\t\t\t\t\t<div class=\"basel-gallery-item\">\n\t\t\t\t\t\t\t\t\t\t\t\t\t\t\t\t\t<a href=\"https:\/\/www.villaggiodellasalutepiu.it\/wp-content\/uploads\/2021\/07\/pianoro-del-cielo-1000x600-1.png\" data-index=\"1\" data-width=\"1000\" data-height=\"600\"  >\n\t\t\t\t\t\t\t\t\t\t\t\t\t\t\t\n\t\t\t\t\t\t\t\t\t\t\t\t\t\t\t\t\t<img loading=\"lazy\" decoding=\"async\" width=\"300\" height=\"180\" src=\"https:\/\/www.villaggiodellasalutepiu.it\/wp-content\/uploads\/2021\/07\/pianoro-del-cielo-1000x600-1-300x180.png\" class=\"basel-gallery-image image-1 attachment-medium\" alt=\"\" title=\"pianoro-del-cielo-1000x600\" srcset=\"https:\/\/www.villaggiodellasalutepiu.it\/wp-content\/uploads\/2021\/07\/pianoro-del-cielo-1000x600-1-300x180.png 300w, https:\/\/www.villaggiodellasalutepiu.it\/wp-content\/uploads\/2021\/07\/pianoro-del-cielo-1000x600-1-768x461.png 768w, https:\/\/www.villaggiodellasalutepiu.it\/wp-content\/uploads\/2021\/07\/pianoro-del-cielo-1000x600-1-600x360.png 600w, https:\/\/www.villaggiodellasalutepiu.it\/wp-content\/uploads\/2021\/07\/pianoro-del-cielo-1000x600-1.png 1000w\" sizes=\"auto, (max-width: 300px) 100vw, 300px\" \/>\t\t\t\t\t\t\t\t\n\t\t\t\t\t\t\t\t\t\t\t\t\t\t\t\t\t<\/a>\n\t\t\t\t\t\t\t\t\t\t\t\t\t\t\t<\/div>\n\t\t\t\t\t\t\t\t\t\t\t\t\t<div class=\"basel-gallery-item\">\n\t\t\t\t\t\t\t\t\t\t\t\t\t\t\t\t\t<a href=\"https:\/\/www.villaggiodellasalutepiu.it\/wp-content\/uploads\/2021\/07\/acquagym-villaggio-della-salute-1000x600-1.png\" data-index=\"2\" data-width=\"1000\" data-height=\"600\"  >\n\t\t\t\t\t\t\t\t\t\t\t\t\t\t\t\n\t\t\t\t\t\t\t\t\t\t\t\t\t\t\t\t\t<img loading=\"lazy\" decoding=\"async\" width=\"300\" height=\"180\" src=\"https:\/\/www.villaggiodellasalutepiu.it\/wp-content\/uploads\/2021\/07\/acquagym-villaggio-della-salute-1000x600-1-300x180.png\" class=\"basel-gallery-image image-2 attachment-medium\" alt=\"\" title=\"acquagym-villaggio-della-salute-1000x600\" srcset=\"https:\/\/www.villaggiodellasalutepiu.it\/wp-content\/uploads\/2021\/07\/acquagym-villaggio-della-salute-1000x600-1-300x180.png 300w, https:\/\/www.villaggiodellasalutepiu.it\/wp-content\/uploads\/2021\/07\/acquagym-villaggio-della-salute-1000x600-1-768x461.png 768w, https:\/\/www.villaggiodellasalutepiu.it\/wp-content\/uploads\/2021\/07\/acquagym-villaggio-della-salute-1000x600-1-600x360.png 600w, https:\/\/www.villaggiodellasalutepiu.it\/wp-content\/uploads\/2021\/07\/acquagym-villaggio-della-salute-1000x600-1.png 1000w\" sizes=\"auto, (max-width: 300px) 100vw, 300px\" \/>\t\t\t\t\t\t\t\t\n\t\t\t\t\t\t\t\t\t\t\t\t\t\t\t\t\t<\/a>\n\t\t\t\t\t\t\t\t\t\t\t\t\t\t\t<\/div>\n\t\t\t\t\t\t\t\t\t\t\t\t\t<div class=\"basel-gallery-item\">\n\t\t\t\t\t\t\t\t\t\t\t\t\t\t\t\t\t<a href=\"https:\/\/www.villaggiodellasalutepiu.it\/wp-content\/uploads\/2021\/07\/piscine-villaggio-della-salute-1000x600-1.png\" data-index=\"3\" data-width=\"1000\" data-height=\"600\"  >\n\t\t\t\t\t\t\t\t\t\t\t\t\t\t\t\n\t\t\t\t\t\t\t\t\t\t\t\t\t\t\t\t\t<img loading=\"lazy\" decoding=\"async\" width=\"300\" height=\"180\" src=\"https:\/\/www.villaggiodellasalutepiu.it\/wp-content\/uploads\/2021\/07\/piscine-villaggio-della-salute-1000x600-1-300x180.png\" class=\"basel-gallery-image image-3 attachment-medium\" alt=\"\" title=\"piscine-villaggio-della-salute-1000x600\" srcset=\"https:\/\/www.villaggiodellasalutepiu.it\/wp-content\/uploads\/2021\/07\/piscine-villaggio-della-salute-1000x600-1-300x180.png 300w, https:\/\/www.villaggiodellasalutepiu.it\/wp-content\/uploads\/2021\/07\/piscine-villaggio-della-salute-1000x600-1-768x461.png 768w, https:\/\/www.villaggiodellasalutepiu.it\/wp-content\/uploads\/2021\/07\/piscine-villaggio-della-salute-1000x600-1-600x360.png 600w, https:\/\/www.villaggiodellasalutepiu.it\/wp-content\/uploads\/2021\/07\/piscine-villaggio-della-salute-1000x600-1.png 1000w\" sizes=\"auto, (max-width: 300px) 100vw, 300px\" \/>\t\t\t\t\t\t\t\t\n\t\t\t\t\t\t\t\t\t\t\t\t\t\t\t\t\t<\/a>\n\t\t\t\t\t\t\t\t\t\t\t\t\t\t\t<\/div>\n\t\t\t\t\t\t\t\t\t\t\t\t\t\t\t<\/div>\n\t\t\t<\/div>\n\t\t\t\t\t[vc_empty_space]\t\t\t<div id=\"gallery_816\" class=\"basel-images-gallery  spacing-2 columns-3 view-grid photoswipe-images\" >\n\t\t\t\t<div class=\"gallery-images \">\n\t\t\t\t\t\t\t\t\t\t\t\t\t\t\t\t\t\t<div class=\"basel-gallery-item\">\n\t\t\t\t\t\t\t\t\t\t\t\t\t\t\t\t\t<a href=\"https:\/\/www.villaggiodellasalutepiu.it\/wp-content\/uploads\/2021\/05\/laser-show.png\" data-index=\"1\" data-width=\"448\" data-height=\"344\"  >\n\t\t\t\t\t\t\t\t\t\t\t\t\t\t\t\n\t\t\t\t\t\t\t\t\t\t\t\t\t\t\t\t\t<img loading=\"lazy\" decoding=\"async\" width=\"300\" height=\"230\" src=\"https:\/\/www.villaggiodellasalutepiu.it\/wp-content\/uploads\/2021\/05\/laser-show-300x230.png\" class=\"basel-gallery-image image-1 attachment-medium\" alt=\"\" title=\"laser show\" srcset=\"https:\/\/www.villaggiodellasalutepiu.it\/wp-content\/uploads\/2021\/05\/laser-show-300x230.png 300w, https:\/\/www.villaggiodellasalutepiu.it\/wp-content\/uploads\/2021\/05\/laser-show.png 448w\" sizes=\"auto, (max-width: 300px) 100vw, 300px\" \/>\t\t\t\t\t\t\t\t\n\t\t\t\t\t\t\t\t\t\t\t\t\t\t\t\t\t<\/a>\n\t\t\t\t\t\t\t\t\t\t\t\t\t\t\t<\/div>\n\t\t\t\t\t\t\t\t\t\t\t\t\t<div class=\"basel-gallery-item\">\n\t\t\t\t\t\t\t\t\t\t\t\t\t\t\t\t\t<a href=\"https:\/\/www.villaggiodellasalutepiu.it\/wp-content\/uploads\/2021\/05\/laser-showok2.png\" data-index=\"2\" data-width=\"448\" data-height=\"344\"  >\n\t\t\t\t\t\t\t\t\t\t\t\t\t\t\t\n\t\t\t\t\t\t\t\t\t\t\t\t\t\t\t\t\t<img loading=\"lazy\" decoding=\"async\" width=\"300\" height=\"230\" src=\"https:\/\/www.villaggiodellasalutepiu.it\/wp-content\/uploads\/2021\/05\/laser-showok2-300x230.png\" class=\"basel-gallery-image image-2 attachment-medium\" alt=\"\" title=\"laser-showok2\" srcset=\"https:\/\/www.villaggiodellasalutepiu.it\/wp-content\/uploads\/2021\/05\/laser-showok2-300x230.png 300w, https:\/\/www.villaggiodellasalutepiu.it\/wp-content\/uploads\/2021\/05\/laser-showok2.png 448w\" sizes=\"auto, (max-width: 300px) 100vw, 300px\" \/>\t\t\t\t\t\t\t\t\n\t\t\t\t\t\t\t\t\t\t\t\t\t\t\t\t\t<\/a>\n\t\t\t\t\t\t\t\t\t\t\t\t\t\t\t<\/div>\n\t\t\t\t\t\t\t\t\t\t\t\t\t<div class=\"basel-gallery-item\">\n\t\t\t\t\t\t\t\t\t\t\t\t\t\t\t\t\t<a href=\"https:\/\/www.villaggiodellasalutepiu.it\/wp-content\/uploads\/2021\/05\/laser-showok.png\" data-index=\"3\" data-width=\"448\" data-height=\"344\"  >\n\t\t\t\t\t\t\t\t\t\t\t\t\t\t\t\n\t\t\t\t\t\t\t\t\t\t\t\t\t\t\t\t\t<img loading=\"lazy\" decoding=\"async\" width=\"300\" height=\"230\" src=\"https:\/\/www.villaggiodellasalutepiu.it\/wp-content\/uploads\/2021\/05\/laser-showok-300x230.png\" class=\"basel-gallery-image image-3 attachment-medium\" alt=\"\" title=\"laser-showok\" srcset=\"https:\/\/www.villaggiodellasalutepiu.it\/wp-content\/uploads\/2021\/05\/laser-showok-300x230.png 300w, https:\/\/www.villaggiodellasalutepiu.it\/wp-content\/uploads\/2021\/05\/laser-showok.png 448w\" sizes=\"auto, (max-width: 300px) 100vw, 300px\" \/>\t\t\t\t\t\t\t\t\n\t\t\t\t\t\t\t\t\t\t\t\t\t\t\t\t\t<\/a>\n\t\t\t\t\t\t\t\t\t\t\t\t\t\t\t<\/div>\n\t\t\t\t\t\t\t\t\t\t\t\t\t\t\t<\/div>\n\t\t\t<\/div>\n\t\t\t\t\t[vc_empty_space][\/vc_column][\/vc_row][vc_row][vc_column][vc_tta_accordion style=&#8221;flat&#8221; c_position=&#8221;right&#8221; active_section=&#8221;99&#8243; collapsible_all=&#8221;true&#8221; el_class=&#8221;tariffe&#8221;][vc_tta_section title=&#8221;GIORNALIERO&#8221; tab_id=&#8221;1607082198707-0b4e0e1d-08b0d298-2b58&#8243;][vc_row_inner][vc_column_inner width=&#8221;2\/3&#8243;][vc_column_text]<strong><img loading=\"lazy\" decoding=\"async\" class=\"alignnone wp-image-4153\" src=\"https:\/\/www.villaggiodellasalutepiu.it\/wp-content\/uploads\/2020\/08\/dot-fascia-blu.png\" alt=\"\" width=\"20\" height=\"20\" \/> Dalle ore 10 <\/strong>fino al serale compreso<strong><br \/>\n<\/strong>14 o 15 agosto 2021[\/vc_column_text][\/vc_column_inner][vc_column_inner width=&#8221;1\/6&#8243;][vc_column_text]<span style=\"color: #ff3481; font-size: 22px;\">\u20ac 32<\/span>[\/vc_column_text][\/vc_column_inner][vc_column_inner width=&#8221;1\/6&#8243;][vc_btn title=&#8221;ACQUISTA&#8221; style=&#8221;custom&#8221; custom_background=&#8221;#ff3481&#8243; custom_text=&#8221;#ffffff&#8221; shape=&#8221;round&#8221; link=&#8221;url:https%3A%2F%2Fservizi.circuitodellasalute.it%2FBigliettiSiae%2Findex.php%2Fbiglietti%2Fbiglietti%2Fspecial||target:%20_blank|&#8221;][\/vc_column_inner][\/vc_row_inner][\/vc_tta_section][vc_tta_section title=&#8221;POMERIDIANO&#8221; tab_id=&#8221;1607082199747-293f0fa5-c0bed298-2b58&#8243;][vc_row_inner][vc_column_inner width=&#8221;2\/3&#8243;][vc_column_text]<strong><img loading=\"lazy\" decoding=\"async\" class=\"alignnone wp-image-4153\" src=\"https:\/\/www.villaggiodellasalutepiu.it\/wp-content\/uploads\/2020\/08\/dot-fascia-blu.png\" alt=\"\" width=\"20\" height=\"20\" \/> Dalle ore 14 <\/strong>fino al serale compreso<strong><br \/>\n<\/strong>14 o 15 agosto 2021[\/vc_column_text][\/vc_column_inner][vc_column_inner width=&#8221;1\/6&#8243;][vc_column_text]<span style=\"color: #ff3481; font-size: 22px;\">\u20ac 27<\/span>[\/vc_column_text][\/vc_column_inner][vc_column_inner width=&#8221;1\/6&#8243;][vc_btn title=&#8221;ACQUISTA&#8221; style=&#8221;custom&#8221; custom_background=&#8221;#ff3481&#8243; custom_text=&#8221;#ffffff&#8221; shape=&#8221;round&#8221; link=&#8221;url:https%3A%2F%2Fservizi.circuitodellasalute.it%2FBigliettiSiae%2Findex.php%2Fbiglietti%2Fbiglietti%2Fspecial||target:%20_blank|&#8221;][\/vc_column_inner][\/vc_row_inner][\/vc_tta_section][vc_tta_section title=&#8221;SERALE&#8221; tab_id=&#8221;1607082200367-cb682434-804ad298-2b58&#8243;][vc_row_inner css=&#8221;.vc_custom_1586521218148{margin-bottom: 20px !important;}&#8221;][vc_column_inner width=&#8221;2\/3&#8243;][vc_column_text]<strong><img loading=\"lazy\" decoding=\"async\" class=\"alignnone wp-image-4153\" src=\"https:\/\/www.villaggiodellasalutepiu.it\/wp-content\/uploads\/2020\/08\/dot-fascia-blu.png\" alt=\"\" width=\"20\" height=\"20\" \/><\/strong> <strong>dalle 19.30 all&#8217;una<\/strong><br \/>\n14 o 15 agosto 2021[\/vc_column_text][\/vc_column_inner][vc_column_inner width=&#8221;1\/6&#8243;][vc_column_text]<span style=\"color: #ff3481; font-size: 22px;\">\u20ac 15<\/span>[\/vc_column_text][\/vc_column_inner][vc_column_inner width=&#8221;1\/6&#8243;][vc_btn title=&#8221;ACQUISTA&#8221; style=&#8221;custom&#8221; custom_background=&#8221;#ff3481&#8243; custom_text=&#8221;#ffffff&#8221; shape=&#8221;round&#8221; link=&#8221;url:https%3A%2F%2Fservizi.circuitodellasalute.it%2FBigliettiSiae%2Findex.php%2Fbiglietti%2Fbiglietti%2Fspecial||target:%20_blank|&#8221;][\/vc_column_inner][\/vc_row_inner][\/vc_tta_section][vc_tta_section title=&#8221;BAMBINO 100-150 cm&#8221; tab_id=&#8221;1607082200702-3eaa9b5d-bd6dd298-2b58&#8243;][vc_row_inner][vc_column_inner width=&#8221;2\/3&#8243;][vc_column_text]<strong><img loading=\"lazy\" decoding=\"async\" class=\"alignnone wp-image-4153\" src=\"https:\/\/www.villaggiodellasalutepiu.it\/wp-content\/uploads\/2020\/08\/dot-fascia-blu.png\" alt=\"\" width=\"20\" height=\"20\" \/> Fascia blu<br \/>\n<\/strong>14 o 15 agosto 2021[\/vc_column_text][\/vc_column_inner][vc_column_inner width=&#8221;1\/6&#8243;][vc_column_text]<span style=\"color: #ff3481; font-size: 22px;\">\u20ac 15<\/span>[\/vc_column_text][\/vc_column_inner][vc_column_inner width=&#8221;1\/6&#8243;][vc_btn title=&#8221;ACQUISTA&#8221; style=&#8221;custom&#8221; custom_background=&#8221;#ff3481&#8243; custom_text=&#8221;#ffffff&#8221; shape=&#8221;round&#8221; link=&#8221;url:https%3A%2F%2Fservizi.circuitodellasalute.it%2FBigliettiSiae%2Findex.php%2Fbiglietti%2Fbiglietti%2Fspecial||target:%20_blank|&#8221;][\/vc_column_inner][\/vc_row_inner][\/vc_tta_section][vc_tta_section title=&#8221;BAMBINO sotto i 100 cm&#8221; tab_id=&#8221;1607082201549-5590685e-764dd298-2b58&#8243;][vc_row_inner][vc_column_inner width=&#8221;2\/3&#8243;][vc_column_text]<strong>GRATIS!<\/strong><\/p>\n<p><em>I bambini sotto i 100 cm di altezza entrano gratis all&#8217;Acquapark e non sono ammessi alle terme al coperto.<\/em>[\/vc_column_text][\/vc_column_inner][\/vc_row_inner][vc_separator css=&#8221;.vc_custom_1590486401166{margin-top: 10px !important;margin-bottom: 20px !important;}&#8221;][\/vc_tta_section][\/vc_tta_accordion][\/vc_column][\/vc_row][vc_row][vc_column][vc_empty_space][vc_column_text]Nell\u2019ambito di:<\/p>\n<p><a href=\"http:\/\/www.bolognaestate.it\/\" target=\"_blank\" rel=\"noopener noreferrer\"><img loading=\"lazy\" decoding=\"async\" class=\"alignnone size-full wp-image-2987\" src=\"https:\/\/www.villaggiodellasalutepiu.it\/wp-content\/uploads\/2020\/06\/300-logo-bologna-estate-2020.png\" alt=\"\" width=\"300\" height=\"147\" \/><\/a><\/p>\n<p><img loading=\"lazy\" decoding=\"async\" class=\"alignnone size-full wp-image-2985\" src=\"https:\/\/www.villaggiodellasalutepiu.it\/wp-content\/uploads\/2020\/06\/110-logo-comune-bologna.png\" alt=\"Comune di Bologna\" width=\"110\" height=\"102\" \/><img loading=\"lazy\" decoding=\"async\" class=\"alignnone size-full wp-image-2989\" src=\"https:\/\/www.villaggiodellasalutepiu.it\/wp-content\/uploads\/2020\/06\/300-logo-citta-metropolitana.png\" alt=\"\" width=\"300\" height=\"102\" \/><\/p>\n<p><em>Acquapark by night fa parte di <a href=\"http:\/\/www.bolognaestate.it\/\" target=\"_blank\" rel=\"noopener noreferrer\"><strong>Bologna Estate 2021<\/strong><\/a>, il cartellone di attivit\u00e0 promosso e coordinato dal Comune di Bologna e dalla Citt\u00e0 metropolitana di Bologna \u2013 Destinazione Turistica.<\/em>[\/vc_column_text][\/vc_column][\/vc_row]<\/p>\n<\/div>","protected":false},"excerpt":{"rendered":"<p>Sabato 14 e domenica 15 agosto 2021 acqua, verde e luce per due giornate straordinarie al Villaggio!<\/p>\n","protected":false},"author":6,"featured_media":4073,"parent":0,"menu_order":0,"template":"","format":"standard","meta":{"footnotes":""},"categories":[34],"tags":[],"eventi":[],"class_list":["post-7677","eventi","type-eventi","status-publish","format-standard","has-post-thumbnail","hentry","category-vetrina"],"yoast_head":"<!-- This site is optimized with the Yoast SEO plugin v28.0 - https:\/\/yoast.com\/product\/yoast-seo-wordpress\/ -->\n<title>Villaggio della Salute Pi\u00f9<\/title>\n<meta name=\"robots\" content=\"index, follow, max-snippet:-1, max-image-preview:large, max-video-preview:-1\" \/>\n<meta property=\"og:locale\" content=\"it_IT\" \/>\n<meta property=\"og:type\" content=\"article\" \/>\n<meta property=\"og:site_name\" content=\"Villaggio della Salute Pi\u00f9\" \/>\n<meta name=\"twitter:card\" content=\"summary_large_image\" \/>\n<script type=\"application\/ld+json\" class=\"yoast-schema-graph\">{\"@context\":\"https:\\\/\\\/schema.org\",\"@graph\":[{\"@type\":\"CollectionPage\",\"@id\":null,\"url\":\"\",\"name\":\"\",\"isPartOf\":{\"@id\":\"https:\\\/\\\/www.villaggiodellasalutepiu.it\\\/it\\\/#website\"},\"inLanguage\":\"it-IT\"},{\"@type\":\"WebSite\",\"@id\":\"https:\\\/\\\/www.villaggiodellasalutepiu.it\\\/it\\\/#website\",\"url\":\"https:\\\/\\\/www.villaggiodellasalutepiu.it\\\/it\\\/\",\"name\":\"Villaggio della Salute Pi\u00f9\",\"description\":\"Benvenuti\",\"publisher\":{\"@id\":\"https:\\\/\\\/www.villaggiodellasalutepiu.it\\\/it\\\/#organization\"},\"potentialAction\":[{\"@type\":\"SearchAction\",\"target\":{\"@type\":\"EntryPoint\",\"urlTemplate\":\"https:\\\/\\\/www.villaggiodellasalutepiu.it\\\/it\\\/?s={search_term_string}\"},\"query-input\":{\"@type\":\"PropertyValueSpecification\",\"valueRequired\":true,\"valueName\":\"search_term_string\"}}],\"inLanguage\":\"it-IT\"},{\"@type\":\"Organization\",\"@id\":\"https:\\\/\\\/www.villaggiodellasalutepiu.it\\\/it\\\/#organization\",\"name\":\"Villaggio Della Salute Pi\u00f9\",\"url\":\"https:\\\/\\\/www.villaggiodellasalutepiu.it\\\/it\\\/\",\"logo\":{\"@type\":\"ImageObject\",\"inLanguage\":\"it-IT\",\"@id\":\"https:\\\/\\\/www.villaggiodellasalutepiu.it\\\/it\\\/#\\\/schema\\\/logo\\\/image\\\/\",\"url\":\"https:\\\/\\\/www.villaggiodellasalutepiu.it\\\/wp-content\\\/uploads\\\/2020\\\/04\\\/logo-vds.png\",\"contentUrl\":\"https:\\\/\\\/www.villaggiodellasalutepiu.it\\\/wp-content\\\/uploads\\\/2020\\\/04\\\/logo-vds.png\",\"width\":449,\"height\":62,\"caption\":\"Villaggio Della Salute Pi\u00f9\"},\"image\":{\"@id\":\"https:\\\/\\\/www.villaggiodellasalutepiu.it\\\/it\\\/#\\\/schema\\\/logo\\\/image\\\/\"}}]}<\/script>\n<!-- \/ Yoast SEO plugin. -->","yoast_head_json":{"title":"Villaggio della Salute Pi\u00f9","robots":{"index":"index","follow":"follow","max-snippet":"max-snippet:-1","max-image-preview":"max-image-preview:large","max-video-preview":"max-video-preview:-1"},"og_locale":"it_IT","og_type":"article","og_site_name":"Villaggio della Salute Pi\u00f9","twitter_card":"summary_large_image","schema":{"@context":"https:\/\/schema.org","@graph":[{"@type":"CollectionPage","@id":null,"url":"","name":"","isPartOf":{"@id":"https:\/\/www.villaggiodellasalutepiu.it\/it\/#website"},"inLanguage":"it-IT"},{"@type":"WebSite","@id":"https:\/\/www.villaggiodellasalutepiu.it\/it\/#website","url":"https:\/\/www.villaggiodellasalutepiu.it\/it\/","name":"Villaggio della Salute Pi\u00f9","description":"Benvenuti","publisher":{"@id":"https:\/\/www.villaggiodellasalutepiu.it\/it\/#organization"},"potentialAction":[{"@type":"SearchAction","target":{"@type":"EntryPoint","urlTemplate":"https:\/\/www.villaggiodellasalutepiu.it\/it\/?s={search_term_string}"},"query-input":{"@type":"PropertyValueSpecification","valueRequired":true,"valueName":"search_term_string"}}],"inLanguage":"it-IT"},{"@type":"Organization","@id":"https:\/\/www.villaggiodellasalutepiu.it\/it\/#organization","name":"Villaggio Della Salute Pi\u00f9","url":"https:\/\/www.villaggiodellasalutepiu.it\/it\/","logo":{"@type":"ImageObject","inLanguage":"it-IT","@id":"https:\/\/www.villaggiodellasalutepiu.it\/it\/#\/schema\/logo\/image\/","url":"https:\/\/www.villaggiodellasalutepiu.it\/wp-content\/uploads\/2020\/04\/logo-vds.png","contentUrl":"https:\/\/www.villaggiodellasalutepiu.it\/wp-content\/uploads\/2020\/04\/logo-vds.png","width":449,"height":62,"caption":"Villaggio Della Salute Pi\u00f9"},"image":{"@id":"https:\/\/www.villaggiodellasalutepiu.it\/it\/#\/schema\/logo\/image\/"}}]}},"_links":{"self":[{"href":"https:\/\/www.villaggiodellasalutepiu.it\/it\/wp-json\/wp\/v2\/eventi\/7677"}],"collection":[{"href":"https:\/\/www.villaggiodellasalutepiu.it\/it\/wp-json\/wp\/v2\/eventi"}],"about":[{"href":"https:\/\/www.villaggiodellasalutepiu.it\/it\/wp-json\/wp\/v2\/types\/eventi"}],"author":[{"embeddable":true,"href":"https:\/\/www.villaggiodellasalutepiu.it\/it\/wp-json\/wp\/v2\/users\/6"}],"version-history":[{"count":32,"href":"https:\/\/www.villaggiodellasalutepiu.it\/it\/wp-json\/wp\/v2\/eventi\/7677\/revisions"}],"predecessor-version":[{"id":7929,"href":"https:\/\/www.villaggiodellasalutepiu.it\/it\/wp-json\/wp\/v2\/eventi\/7677\/revisions\/7929"}],"wp:attachment":[{"href":"https:\/\/www.villaggiodellasalutepiu.it\/it\/wp-json\/wp\/v2\/media?parent=7677"}],"wp:term":[{"taxonomy":"category","embeddable":true,"href":"https:\/\/www.villaggiodellasalutepiu.it\/it\/wp-json\/wp\/v2\/categories?post=7677"},{"taxonomy":"post_tag","embeddable":true,"href":"https:\/\/www.villaggiodellasalutepiu.it\/it\/wp-json\/wp\/v2\/tags?post=7677"},{"taxonomy":"eventi","embeddable":true,"href":"https:\/\/www.villaggiodellasalutepiu.it\/it\/wp-json\/wp\/v2\/eventi?post=7677"}],"curies":[{"name":"wp","href":"https:\/\/api.w.org\/{rel}","templated":true}]}}