{"id":27952,"date":"2026-07-05T12:48:24","date_gmt":"2026-07-05T10:48:24","guid":{"rendered":"https:\/\/www.villaggiodellasalutepiu.it\/?post_type=eventi&#038;p=27952"},"modified":"2026-08-17T09:57:31","modified_gmt":"2026-08-17T07:57:31","slug":"eventi-estate-2026","status":"publish","type":"eventi","link":"https:\/\/www.villaggiodellasalutepiu.it\/it\/eventi\/eventi-estate-2026\/","title":{"rendered":"Eventi Acquapark estate 2026"},"content":{"rendered":"<div class=\"wpb-content-wrapper\"><p>[vc_row][vc_column][vc_column_text css=&#8221;&#8221;]<\/p>\n<h3><span style=\"color: #333333; font-size: 20px;\">Rendi la tua estate ancora pi\u00f9 speciale con i nostri eventi<\/span><\/h3>\n<p>Il nostro Acquapark si accende con un palinsesto di appuntamenti per tutti i gusti. Dall&#8217;Aperitime dei chioschi alle magiche notti sotto le stelle dell&#8217;Acquapark by night nella piscina calda antiage. Aggiungi un pizzico di ritmo con i nostri DJ set, un po&#8217; di relax nella natura e le degustazioni o i gadget offerti dai nostri partner durante tutta l&#8217;estate!<\/p>\n<p><strong>Tutti gli eventi sono inclusi in ingresso Acquapark.<\/strong>[\/vc_column_text][vc_btn title=&#8221;ACQUISTA BIGLIETTI&#8221; style=&#8221;gradient-custom&#8221; gradient_custom_color_1=&#8221;#FE3481&#8243; gradient_custom_color_2=&#8221;#FE3481&#8243; shape=&#8221;round&#8221; align=&#8221;left&#8221; i_align=&#8221;right&#8221; i_icon_fontawesome=&#8221;fas fa-chevron-right&#8221; css=&#8221;&#8221; add_icon=&#8221;true&#8221; link=&#8221;url:https%3A%2F%2Fshop.villaggiodellasalute.it%2Findex.php|target:_blank&#8221;][vc_empty_space][\/vc_column][\/vc_row][vc_row][vc_column offset=&#8221;vc_hidden-lg vc_hidden-md&#8221;][vc_tta_tour style=&#8221;flat&#8221; active_section=&#8221;0&#8243;][vc_tta_section title=&#8221;\u2b07\ufe0f Acquapark by night&#8221; tab_id=&#8221;acquapark-by-night&#8221;][vc_row_inner][vc_column_inner width=&#8221;1\/2&#8243;][vc_single_image image=&#8221;28137&#8243; img_size=&#8221;full&#8221; css=&#8221;&#8221;][\/vc_column_inner][vc_column_inner width=&#8221;1\/2&#8243;][vc_column_text css=&#8221;&#8221;]<\/p>\n<header class=\"entry-header\">\n<div class=\"post-mask\">\n<h3 class=\"entry-title\"><span style=\"color: #333333; font-size: 20px;\">Acquapark by night<\/span><\/h3>\n<div class=\"entry-meta basel-entry-meta\">\n<p>Dal 13 giugno al 29 agosto 2026<br \/>\n<strong>Ogni venerd\u00ec e sabato ore 19.30-1.00<\/strong><\/p>\n<p>Apertura serale della piscina calda antiage e notte magica sotto le stelle!<\/p>\n<p>L\u2019occasione giusta per trascorrere una serata diversa dalle altre: goditi l\u2019Acquapark all\u2019aria aperta sotto le stelle, in piscina antiage calda e nella natura circostante. <strong>Accesso compreso nei biglietti giornalieri e pomeridiani Acquapark! <\/strong>Acquistabile anche separatamente.<\/p>\n<\/div>\n<\/div>\n<\/header>\n<p>[\/vc_column_text][\/vc_column_inner][\/vc_row_inner][\/vc_tta_section][vc_tta_section title=&#8221;\u2b07\ufe0f Aperitime&#8221; tab_id=&#8221;aperitime&#8221;][vc_row_inner][vc_column_inner width=&#8221;1\/2&#8243;][vc_single_image image=&#8221;28144&#8243; img_size=&#8221;full&#8221; css=&#8221;&#8221;][\/vc_column_inner][vc_column_inner width=&#8221;1\/2&#8243;][vc_column_text css=&#8221;&#8221;]<\/p>\n<header class=\"entry-header\">\n<div class=\"post-mask\">\n<h3 class=\"entry-title\"><span style=\"color: #333333; font-size: 20px;\">Aperitime<\/span><\/h3>\n<div class=\"entry-meta basel-entry-meta\">\n<p>Ogni venerd\u00ec, sabato e domenica di giugno e tutti i giorni di luglio e agosto<br \/>\n<strong>Ore 17.30-20<\/strong><\/p>\n<p>Dopo una giornata di sole, scivoli e relax, \u00e8 il momento perfetto per completare la tua esperienza. Quando il caldo si fa sentire, non c&#8217;\u00e8 niente di meglio che staccare la spina e rigenerarsi con qualcosa di fresco da bere. Goditi il vero piacere dell&#8217;aperitivo estivo: buona musica, ottimi cocktail e i panorami unici dell&#8217;acquapark per un totale relax direttamente nei nostri chioschi.<\/p>\n<\/div>\n<\/div>\n<\/header>\n<p>[\/vc_column_text][\/vc_column_inner][\/vc_row_inner][\/vc_tta_section][vc_tta_section title=&#8221;\u2b07\ufe0f Pool country party&#8221; tab_id=&#8221;pool-country-party&#8221;][vc_row_inner][vc_column_inner width=&#8221;1\/2&#8243;][vc_single_image image=&#8221;23182&#8243; img_size=&#8221;full&#8221; css=&#8221;&#8221;][\/vc_column_inner][vc_column_inner width=&#8221;1\/2&#8243;][vc_column_text css=&#8221;&#8221;]<\/p>\n<header class=\"entry-header\">\n<div class=\"post-mask\">\n<h3 class=\"entry-title\"><span style=\"color: #333333; font-size: 20px;\">Pool country party<\/span><\/h3>\n<div class=\"entry-meta basel-entry-meta\">\n<p>Venerd\u00ec 10 luglio, sabato 25 luglio e domenica 30 agosto 2026<\/p>\n<p>Il fascino del vecchio West sbarca a bordo piscina! Goditi l&#8217;energia e le coreografie travolgenti dei Wild Angels, che trasformeranno l&#8217;Acquapark nel set di un vero film country. Un&#8217;esibizione spettacolare e ricca di ritmo, perfetta per dare un tocco originale e selvaggio alla tua serata estiva.<\/p>\n<\/div>\n<\/div>\n<\/header>\n<p>[\/vc_column_text][\/vc_column_inner][\/vc_row_inner][\/vc_tta_section][vc_tta_section title=&#8221;\u2b07\ufe0f Partner events&#8221; tab_id=&#8221;partner-events&#8221;][vc_row_inner][vc_column_inner width=&#8221;1\/2&#8243;][vc_single_image image=&#8221;28153&#8243; img_size=&#8221;full&#8221; css=&#8221;&#8221;][\/vc_column_inner][vc_column_inner width=&#8221;1\/2&#8243;][vc_column_text css=&#8221;&#8221;]<\/p>\n<header class=\"entry-header\">\n<div class=\"post-mask\">\n<h3><span style=\"color: #333333; font-size: 20px;\">Partner events<\/span><\/h3>\n<p>Tutta l&#8217;estate<\/p>\n<p>Ogni giorno all&#8217;Acquapark pu\u00f2 riservarti una piccola sorpresa! Durante tutta la stagione, i nostri chioschi e le aree relax ospitano attivit\u00e0 speciali firmate dai marchi che ami di pi\u00f9. Rinfrescati con le degustazioni gratuite, mettiti in gioco con i mini-contest e portati a casa i gadget esclusivi di Heineken, Fabbri, Redbull, Cerelia, Malfy e Campari.<\/p>\n<\/div>\n<\/header>\n<p>[\/vc_column_text][\/vc_column_inner][\/vc_row_inner][\/vc_tta_section][vc_tta_section title=&#8221;\u2b07\ufe0f Ferragosto&#8221; tab_id=&#8221;ferragosto&#8221;][vc_row_inner][vc_column_inner width=&#8221;1\/2&#8243;][vc_single_image image=&#8221;28157&#8243; img_size=&#8221;full&#8221; css=&#8221;&#8221;][\/vc_column_inner][vc_column_inner width=&#8221;1\/2&#8243;][vc_column_text css=&#8221;&#8221;]<\/p>\n<h3><span style=\"color: #333333; font-size: 20px;\">Ferragosto<\/span><\/h3>\n<p><strong>14-15-16 agosto 2026<\/strong><\/p>\n<p>Il weekend pi\u00f9 atteso dell&#8217;anno si fa in tre! Tre giorni di pura evasione dove staccare la spina e tuffarsi nel divertimento. Dalla mattina alla sera, l&#8217;Acquapark si riempie di musica, spettacoli live e l&#8217;immancabile relax in mezzo alla natura. Il modo migliore per celebrare l&#8217;estate con gli amici o in famiglia.<\/p>\n<h3 data-path-to-node=\"5\">Il programma degli spettacoli (dalle 19:30)<\/h3>\n<ul data-path-to-node=\"6\">\n<li>\n<p data-path-to-node=\"6,0,0\"><b data-path-to-node=\"6,0,0\" data-index-in-node=\"0\">14 agosto: I percussionisti della Terra:<\/b> Un travolgente e ritmico viaggio sonoro itinerante con 10 elementi.<\/p>\n<\/li>\n<li>\n<p data-path-to-node=\"6,1,0\"><b data-path-to-node=\"6,1,0\" data-index-in-node=\"0\">15 agosto: Interludio giocoso e Notturno viennese:<\/b> Danze ottocentesche, valzer e spettacolari trampolieri in costumi d&#8217;epoca.<\/p>\n<\/li>\n<li>\n<p data-path-to-node=\"6,2,0\"><b data-path-to-node=\"6,2,0\" data-index-in-node=\"0\">16 agosto: Bolle Belle Ballano e Strabiliano:<\/b> Uno show poetico e magico tra micro-bolle, bolle giganti e di fuoco. Inoltre <strong>Francis Forlan Poeta Giocoliere<\/strong>.<\/p>\n<\/li>\n<\/ul>\n<h3 data-path-to-node=\"8\">\ud83c\udf19 Acquapark by Night: 14, 15 e 16 Agosto<\/h3>\n<p data-path-to-node=\"9\"><b data-path-to-node=\"9\" data-index-in-node=\"0\">Pool party e dj set nella piscina Antiage!<\/b><\/p>\n<ul data-path-to-node=\"10\">\n<li>\n<p data-path-to-node=\"10,0,0\"><b data-path-to-node=\"10,0,0\" data-index-in-node=\"0\">Orario:<\/b> Dalle 19:30 alle 02:00 (uscita dall&#8217;acqua alle 01:30).<\/p>\n<\/li>\n<li>\n<p data-path-to-node=\"10,1,0\"><b data-path-to-node=\"10,1,0\" data-index-in-node=\"0\">Piscine aperte nel Pianoro dell&#8217;Eden:<\/b> Antiage, Laguna di mare, Biotonica, Tibetana, Kneipp e Piramide.<\/p>\n<\/li>\n<\/ul>\n<p data-path-to-node=\"10,1,0\">\ud83c\udf7d\ufe0f <b data-path-to-node=\"11,0\" data-index-in-node=\"4\">Food &amp; Drink:<\/b> Ti aspettiamo anche per pranzo, aperitivo e cena con un&#8217;ampia offerta di sapori per tutti i gusti!<\/p>\n<p>[\/vc_column_text][\/vc_column_inner][\/vc_row_inner][\/vc_tta_section][\/vc_tta_tour][\/vc_column][\/vc_row][vc_row][vc_column offset=&#8221;vc_hidden-sm vc_hidden-xs&#8221;][vc_tta_tabs shape=&#8221;square&#8221; spacing=&#8221;&#8221; alignment=&#8221;center&#8221; active_section=&#8221;1&#8243;][vc_tta_section title=&#8221;Acquapark by night&#8221; tab_id=&#8221;acquapark-by-night&#8221;][vc_row_inner][vc_column_inner width=&#8221;1\/2&#8243;][vc_column_text css=&#8221;&#8221;]<\/p>\n<header class=\"entry-header\">\n<div class=\"post-mask\">\n<h3 class=\"entry-title\"><span style=\"color: #333333; font-size: 20px;\">Acquapark by night<\/span><\/h3>\n<div class=\"entry-meta basel-entry-meta\">\n<p>Dal 13 giugno al 29 agosto 2026<br \/>\n<strong>Ogni venerd\u00ec e sabato ore 19.30-1.00<\/strong><\/p>\n<p>Apertura serale della piscina calda antiage e notte magica sotto le stelle!<\/p>\n<p>L\u2019occasione giusta per trascorrere una serata diversa dalle altre: goditi l\u2019Acquapark all\u2019aria aperta sotto le stelle, in piscina antiage calda e nella natura circostante. <strong>Accesso compreso nei biglietti giornalieri e pomeridiani Acquapark! <\/strong>Acquistabile anche separatamente.<\/p>\n<\/div>\n<\/div>\n<\/header>\n<p>[\/vc_column_text][\/vc_column_inner][vc_column_inner width=&#8221;1\/2&#8243;][vc_single_image image=&#8221;28137&#8243; img_size=&#8221;full&#8221; css=&#8221;&#8221;][\/vc_column_inner][\/vc_row_inner][\/vc_tta_section][vc_tta_section title=&#8221;Aperitime&#8221; tab_id=&#8221;aperitime&#8221;][vc_row_inner][vc_column_inner width=&#8221;1\/2&#8243;][vc_column_text css=&#8221;&#8221;]<\/p>\n<header class=\"entry-header\">\n<div class=\"post-mask\">\n<h3 class=\"entry-title\"><span style=\"color: #333333; font-size: 20px;\">Aperitime<\/span><\/h3>\n<div class=\"entry-meta basel-entry-meta\">\n<p>Ogni venerd\u00ec, sabato e domenica di giugno e tutti i giorni di luglio e agosto<br \/>\n<strong>Ore 17.30-20<\/strong><\/p>\n<p>Dopo una giornata di sole, scivoli e relax, \u00e8 il momento perfetto per completare la tua esperienza. Quando il caldo si fa sentire, non c&#8217;\u00e8 niente di meglio che staccare la spina e rigenerarsi con qualcosa di fresco da bere. Goditi il vero piacere dell&#8217;aperitivo estivo: buona musica, djset, ottimi cocktail e i panorami unici dell&#8217;acquapark per un totale relax direttamente nei nostri chioschi.<\/p>\n<\/div>\n<\/div>\n<\/header>\n<p>[\/vc_column_text][\/vc_column_inner][vc_column_inner width=&#8221;1\/2&#8243;][vc_single_image image=&#8221;28144&#8243; img_size=&#8221;full&#8221; css=&#8221;&#8221;][\/vc_column_inner][\/vc_row_inner][\/vc_tta_section][vc_tta_section title=&#8221;Pool country party&#8221; tab_id=&#8221;pool-country-party&#8221;][vc_row_inner][vc_column_inner width=&#8221;1\/2&#8243;][vc_column_text css=&#8221;&#8221;]<\/p>\n<header class=\"entry-header\">\n<div class=\"post-mask\">\n<h3 class=\"entry-title\"><span style=\"color: #333333; font-size: 20px;\">Pool country party<\/span><\/h3>\n<div class=\"entry-meta basel-entry-meta\">\n<p>Venerd\u00ec 10 luglio, sabato 25 luglio e domenica 30 agosto 2026<\/p>\n<p>Il fascino del vecchio West sbarca a bordo piscina! Goditi l&#8217;energia e le coreografie travolgenti dei Wild Angels, che trasformeranno l&#8217;Acquapark nel set di un vero film country. Un&#8217;esibizione spettacolare e ricca di ritmo, perfetta per dare un tocco originale e selvaggio alla tua serata estiva.<\/p>\n<\/div>\n<\/div>\n<\/header>\n<p>[\/vc_column_text][\/vc_column_inner][vc_column_inner width=&#8221;1\/2&#8243;][vc_single_image image=&#8221;23182&#8243; img_size=&#8221;full&#8221; css=&#8221;&#8221;][\/vc_column_inner][\/vc_row_inner][\/vc_tta_section][vc_tta_section title=&#8221;Partner events&#8221; tab_id=&#8221;partner-events&#8221;][vc_row_inner][vc_column_inner width=&#8221;1\/2&#8243;][vc_column_text css=&#8221;&#8221;]<\/p>\n<header class=\"entry-header\">\n<div class=\"post-mask\">\n<h3><span style=\"color: #333333; font-size: 20px;\">Partner events<\/span><\/h3>\n<p>Tutta l&#8217;estate<\/p>\n<p>Ogni giorno all&#8217;Acquapark pu\u00f2 riservarti una piccola sorpresa! Durante tutta la stagione, i nostri chioschi e le aree relax ospitano attivit\u00e0 speciali firmate dai marchi che ami di pi\u00f9. Rinfrescati con le degustazioni gratuite, mettiti in gioco con i mini-contest e portati a casa i gadget esclusivi di Heineken, Fabbri, Redbull, Cerelia, Malfy e Campari.<\/p>\n<\/div>\n<\/header>\n<p>[\/vc_column_text][\/vc_column_inner][vc_column_inner width=&#8221;1\/2&#8243;][vc_single_image image=&#8221;28153&#8243; img_size=&#8221;full&#8221; css=&#8221;&#8221;][\/vc_column_inner][\/vc_row_inner][\/vc_tta_section][vc_tta_section title=&#8221;Ferragosto&#8221; tab_id=&#8221;ferragosto&#8221;][vc_row_inner][vc_column_inner width=&#8221;1\/2&#8243;][vc_column_text css=&#8221;&#8221;]<\/p>\n<h3><span style=\"color: #333333; font-size: 20px;\">Ferragosto<\/span><\/h3>\n<p><strong>14-15-16 agosto 2026<\/strong><\/p>\n<p>Il weekend pi\u00f9 atteso dell&#8217;anno si fa in tre! Tre giorni di pura evasione dove staccare la spina e tuffarsi nel divertimento. Dalla mattina alla sera, l&#8217;Acquapark si riempie di musica, spettacoli live e l&#8217;immancabile bellezza della natura. Il modo migliore per celebrare l&#8217;estate con gli amici o in famiglia.<\/p>\n<h3 data-path-to-node=\"5\">Il programma degli spettacoli (dalle 19:30)<\/h3>\n<ul data-path-to-node=\"6\">\n<li>\n<p data-path-to-node=\"6,0,0\"><b data-path-to-node=\"6,0,0\" data-index-in-node=\"0\">14 agosto: I percussionisti della Terra:<\/b> Un travolgente e ritmico viaggio sonoro itinerante con 10 elementi.<\/p>\n<\/li>\n<li>\n<p data-path-to-node=\"6,1,0\"><b data-path-to-node=\"6,1,0\" data-index-in-node=\"0\">15 agosto: Interludio giocoso e Notturno viennese:<\/b> Danze ottocentesche, valzer e spettacolari trampolieri in costumi d&#8217;epoca. Inoltre <strong>Dj set by Nearco<\/strong> ore 12-17.<\/p>\n<\/li>\n<li>\n<p data-path-to-node=\"6,2,0\"><b data-path-to-node=\"6,2,0\" data-index-in-node=\"0\">16 agosto: Bolle Belle Ballano e Strabiliano:<\/b> Uno show poetico e magico tra micro-bolle, bolle giganti e di fuoco. Inoltre <strong>Francis Forlan Poeta Giocoliere<\/strong>.<\/p>\n<\/li>\n<\/ul>\n<h3 data-path-to-node=\"8\">\ud83c\udf19 Acquapark by Night: 14, 15 e 16 Agosto<\/h3>\n<p data-path-to-node=\"9\"><b data-path-to-node=\"9\" data-index-in-node=\"0\">Pool party e dj set nella piscina Antiage!<\/b><\/p>\n<ul data-path-to-node=\"10\">\n<li>\n<p data-path-to-node=\"10,0,0\"><b data-path-to-node=\"10,0,0\" data-index-in-node=\"0\">Orario:<\/b> Dalle 19:30 alle 02:00 (uscita dall&#8217;acqua alle 01:30). 14 e 15 agosto con Radio Bruno, 16 agosto con Dj Teranga.<\/p>\n<\/li>\n<li>\n<p data-path-to-node=\"10,1,0\"><b data-path-to-node=\"10,1,0\" data-index-in-node=\"0\">Piscine aperte nel Pianoro dell&#8217;Eden:<\/b> Antiage, Laguna di mare, Biotonica, Tibetana, Kneipp e Piramide.<\/p>\n<\/li>\n<\/ul>\n<p data-path-to-node=\"10,1,0\">\ud83c\udf7d\ufe0f <b data-path-to-node=\"11,0\" data-index-in-node=\"4\">Food &amp; Drink:<\/b> Ti aspettiamo anche per pranzo, aperitivo e cena con un&#8217;ampia offerta di sapori per tutti i gusti!<\/p>\n<p>[\/vc_column_text][\/vc_column_inner][vc_column_inner width=&#8221;1\/2&#8243;][vc_single_image image=&#8221;28480&#8243; img_size=&#8221;full&#8221; css=&#8221;&#8221;][vc_single_image image=&#8221;28107&#8243; img_size=&#8221;full&#8221; css=&#8221;&#8221;][vc_single_image image=&#8221;28099&#8243; img_size=&#8221;full&#8221; css=&#8221;&#8221;][\/vc_column_inner][\/vc_row_inner][\/vc_tta_section][\/vc_tta_tabs][\/vc_column][\/vc_row][vc_row disable_element=&#8221;yes&#8221;][vc_column width=&#8221;1\/2&#8243;][vc_single_image image=&#8221;21415&#8243; img_size=&#8221;full&#8221; alignment=&#8221;center&#8221; style=&#8221;vc_box_rounded&#8221; css=&#8221;&#8221;][vc_column_text css=&#8221;&#8221;]<\/p>\n<p style=\"font-size: 40px; color: #fc3581; text-align: left;\"><strong>Aperitime<\/strong><\/p>\n<p>[\/vc_column_text][vc_column_text css=&#8221;&#8221;]<strong>ogni venerd\u00ec, sabato e domenica di giugno<\/strong><br \/>\n<strong>e tutti i giorni di luglio e agosto ore 17.30-20<\/strong><\/p>\n<p>Musica e aperitivo nei nostri chioschi.[\/vc_column_text]<div class=\"basel-button-wrapper text-center btn-inline\"><a href=\"https:\/\/www.villaggiodellasalutepiu.it\/it\/eventi\/aperitime-2026\/\" title=\"\" class=\"btn btn-color-alt btn-style-round btn-size-extra-small\">SCOPRI<\/a><\/div>[vc_empty_space][\/vc_column][vc_column width=&#8221;1\/2&#8243;][vc_single_image image=&#8221;1572&#8243; img_size=&#8221;full&#8221; alignment=&#8221;center&#8221; style=&#8221;vc_box_rounded&#8221; css=&#8221;&#8221;][vc_column_text css=&#8221;&#8221;]<\/p>\n<p style=\"font-size: 40px; color: #fc3581; text-align: left;\"><strong>Acquapark by night<\/strong><\/p>\n<p>[\/vc_column_text][vc_column_text css=&#8221;&#8221;]<strong>Dal 13 giugno al 29 agosto 2026<\/strong><br \/>\n<strong>Ogni venerd\u00ec e sabato ore 19.30-1.00<\/strong><\/p>\n<p>Apertura serale della piscina calda antiage e notte magica sotto le stelle con dj set![\/vc_column_text]<div class=\"basel-button-wrapper text-center btn-inline\"><a href=\"https:\/\/www.villaggiodellasalutepiu.it\/it\/eventi\/acquapark-by-night-2026\/\" title=\"\" class=\"btn btn-color-alt btn-style-round btn-size-extra-small\">SCOPRI<\/a><\/div>[vc_empty_space][\/vc_column][\/vc_row][vc_row disable_element=&#8221;yes&#8221;][vc_column width=&#8221;1\/2&#8243;][vc_single_image image=&#8221;23182&#8243; img_size=&#8221;full&#8221; alignment=&#8221;center&#8221; style=&#8221;vc_box_rounded&#8221; css=&#8221;&#8221;][vc_column_text css=&#8221;&#8221;]<\/p>\n<p style=\"font-size: 40px; color: #fc3581; text-align: left;\"><strong>Pool country party<\/strong><\/p>\n<p>[\/vc_column_text][vc_column_text css=&#8221;&#8221;]<strong>venerd\u00ec 10 luglio<br \/>\nsabato 25 luglio<br \/>\ndomenica 30 agosto 2026<\/strong><\/p>\n<p>Serate al ritmo di ballo country in collaborazione con il gruppo Wild Angels.[\/vc_column_text][vc_empty_space][\/vc_column][vc_column width=&#8221;1\/2&#8243;][vc_single_image image=&#8221;27998&#8243; img_size=&#8221;full&#8221; alignment=&#8221;center&#8221; style=&#8221;vc_box_rounded&#8221; css=&#8221;&#8221;][vc_column_text css=&#8221;&#8221;]<\/p>\n<p style=\"font-size: 40px; color: #fc3581; text-align: left;\"><strong>Serate di cucina etnica<\/strong><\/p>\n<p>[\/vc_column_text][vc_column_text css=&#8221;&#8221;]<strong>Sabato 4 luglio A Fuego Lento (argentina)<br \/>\nSabato 25 luglio Paella e sangria (spagnola)<\/strong><\/p>\n<p>Serate enogastronomiche nel dehors del Ristorante Sillaro! Gradita la prenotazione.[\/vc_column_text]<div class=\"basel-button-wrapper text-center btn-inline\"><a href=\"https:\/\/www.villaggiodellasalutepiu.it\/it\/eventi\/serate-argentine-grigliata-paella-sangria-estate-2026\/\" title=\"\" class=\"btn btn-color-alt btn-style-round btn-size-extra-small\">SCOPRI<\/a><\/div>[vc_empty_space][\/vc_column][\/vc_row][vc_row disable_element=&#8221;yes&#8221;][vc_column width=&#8221;1\/2&#8243;][vc_single_image image=&#8221;28014&#8243; img_size=&#8221;full&#8221; alignment=&#8221;center&#8221; style=&#8221;vc_box_rounded&#8221; css=&#8221;&#8221;][vc_column_text css=&#8221;&#8221;]<\/p>\n<p style=\"font-size: 40px; color: #fc3581; text-align: left;\"><strong>Partner events<\/strong><\/p>\n<p>[\/vc_column_text][vc_column_text css=&#8221;&#8221;]<strong>tutta estate<\/strong><\/p>\n<p>Giveaway, contest, degustazioni e sorprese dai nostri partner Heineken, Fabbri, Redbull, Cerelia, Malfy, Campari&#8230;[\/vc_column_text][vc_empty_space][\/vc_column][vc_column width=&#8221;1\/2&#8243;][vc_single_image image=&#8221;19445&#8243; img_size=&#8221;full&#8221; alignment=&#8221;center&#8221; style=&#8221;vc_box_rounded&#8221; css=&#8221;&#8221;][vc_column_text css=&#8221;&#8221;]<\/p>\n<p style=\"font-size: 40px; color: #fc3581; text-align: left;\"><strong>Speciale Ferragosto<\/strong><\/p>\n<p>[\/vc_column_text][vc_column_text css=&#8221;&#8221;]<strong>14-15-16 agosto 2026<\/strong><\/p>\n<p>Celebra il Ferragosto con tre giorni di musica, spettacoli, relax e natura.<\/p>\n<p><em>A breve il programma completo!<\/em>[\/vc_column_text][vc_empty_space][\/vc_column][\/vc_row][vc_row disable_element=&#8221;yes&#8221;][vc_column width=&#8221;1\/2&#8243;][vc_single_image image=&#8221;28052&#8243; img_size=&#8221;full&#8221; alignment=&#8221;center&#8221; style=&#8221;vc_box_rounded&#8221; css=&#8221;&#8221;][vc_column_text css=&#8221;&#8221;]<\/p>\n<p style=\"font-size: 40px; color: #fc3581; text-align: left;\"><strong>Masterclass Acquafitness<\/strong><\/p>\n<p>[\/vc_column_text][vc_column_text css=&#8221;&#8221;]<strong>sabato 6 giugno ore 11.30 e ore 16<\/strong><\/p>\n<p>Con Denise Di Benedetto[\/vc_column_text]<div class=\"basel-button-wrapper text-center btn-inline\"><a href=\"https:\/\/www.maretermalebolognese.it\/blog\/p\/acquafitness-acquapark-masterclass-denise-di-benedetto-giugno-2026\" title=\"\" target=\"_blank\" class=\"btn btn-color-alt btn-style-round btn-size-extra-small\">SCOPRI<\/a><\/div>[vc_empty_space][\/vc_column][vc_column width=&#8221;1\/2&#8243;][vc_empty_space][\/vc_column][\/vc_row][vc_row el_id=&#8221;calendario&#8221;][vc_column]<div id=\"mec_skin_mec1\" class=\"mec-wrap colorskin-custom  \">\r\n\r\n    \r\n    <div class=\"mec-calendar \" id=\"mec_skin_events_mec1_full\">\r\n        <div class=\"mec-calendar-topsec\">        <div class=\"mec-calendar-side mec-clear\">\r\n                        <div class=\"mec-skin-monthly-view-month-navigator-container\">\r\n                <div class=\"mec-month-navigator\" id=\"mec_month_navigator_mec1_202609\"><div class=\"mec-previous-month mec-load-month mec-previous-month\" data-mec-year=\"2026\" data-mec-month=\"08\"><a href=\"#\" class=\"mec-load-month-link\"><i class=\"mec-sl-angle-left\"><\/i> Agosto<\/a><\/div><div class=\"mec-calendar-header\"><h2>Settembre 2026<\/h2><\/div><div class=\"mec-next-month mec-load-month mec-next-month\" data-mec-year=\"2026\" data-mec-month=\"10\"><a href=\"#\" class=\"mec-load-month-link\">Ottobre <i class=\"mec-sl-angle-right\"><\/i><\/a><\/div><\/div>\r\n            <\/div>\r\n            \r\n            <div class=\"mec-calendar-table\" id=\"mec_skin_events_mec1\">\r\n                <div class=\"mec-month-container mec-month-container-selected\" id=\"mec_monthly_view_month_mec1_202609\" data-month-id=\"202609\"><div class=\"mec-calendar-table-head\"><div class=\"mec-calendar-day-head\">L<\/div><div class=\"mec-calendar-day-head\">M<\/div><div class=\"mec-calendar-day-head\">M<\/div><div class=\"mec-calendar-day-head\">G<\/div><div class=\"mec-calendar-day-head\">V<\/div><div class=\"mec-calendar-day-head\">S<\/div><div class=\"mec-calendar-day-head\">D<\/div><\/div><dl class=\"mec-calendar-row\">\r\n    <dt class=\"mec-table-nullday\">31<\/dt><dt class=\"mec-calendar-day \" data-mec-cell=\"20260901\" data-day=\"1\" data-month=\"202609\">1<\/dt><\/dt><dt class=\"mec-calendar-day \" data-mec-cell=\"20260902\" data-day=\"2\" data-month=\"202609\">2<\/dt><\/dt><dt class=\"mec-calendar-day \" data-mec-cell=\"20260903\" data-day=\"3\" data-month=\"202609\">3<\/dt><\/dt><dt class=\"mec-calendar-day \" data-mec-cell=\"20260904\" data-day=\"4\" data-month=\"202609\">4<\/dt><\/dt><dt class=\"mec-calendar-day  mec-selected-day\" data-mec-cell=\"20260905\" data-day=\"5\" data-month=\"202609\">5<\/dt><\/dt><dt class=\"mec-calendar-day \" data-mec-cell=\"20260906\" data-day=\"6\" data-month=\"202609\">6<\/dt><\/dt><\/dl><dl class=\"mec-calendar-row\"><dt class=\"mec-calendar-day \" data-mec-cell=\"20260907\" data-day=\"7\" data-month=\"202609\">7<\/dt><\/dt><dt class=\"mec-calendar-day \" data-mec-cell=\"20260908\" data-day=\"8\" data-month=\"202609\">8<\/dt><\/dt><dt class=\"mec-calendar-day \" data-mec-cell=\"20260909\" data-day=\"9\" data-month=\"202609\">9<\/dt><\/dt><dt class=\"mec-calendar-day \" data-mec-cell=\"20260910\" data-day=\"10\" data-month=\"202609\">10<\/dt><\/dt><dt class=\"mec-calendar-day \" data-mec-cell=\"20260911\" data-day=\"11\" data-month=\"202609\">11<\/dt><\/dt><dt class=\"mec-calendar-day \" data-mec-cell=\"20260912\" data-day=\"12\" data-month=\"202609\">12<\/dt><\/dt><dt class=\"mec-calendar-day \" data-mec-cell=\"20260913\" data-day=\"13\" data-month=\"202609\">13<\/dt><\/dt><\/dl><dl class=\"mec-calendar-row\"><dt class=\"mec-calendar-day \" data-mec-cell=\"20260914\" data-day=\"14\" data-month=\"202609\">14<\/dt><\/dt><dt class=\"mec-calendar-day \" data-mec-cell=\"20260915\" data-day=\"15\" data-month=\"202609\">15<\/dt><\/dt><dt class=\"mec-calendar-day \" data-mec-cell=\"20260916\" data-day=\"16\" data-month=\"202609\">16<\/dt><\/dt><dt class=\"mec-calendar-day \" data-mec-cell=\"20260917\" data-day=\"17\" data-month=\"202609\">17<\/dt><\/dt><dt class=\"mec-calendar-day \" data-mec-cell=\"20260918\" data-day=\"18\" data-month=\"202609\">18<\/dt><\/dt><dt class=\"mec-calendar-day \" data-mec-cell=\"20260919\" data-day=\"19\" data-month=\"202609\">19<\/dt><\/dt><dt class=\"mec-calendar-day \" data-mec-cell=\"20260920\" data-day=\"20\" data-month=\"202609\">20<\/dt><\/dt><\/dl><dl class=\"mec-calendar-row\"><dt class=\"mec-calendar-day \" data-mec-cell=\"20260921\" data-day=\"21\" data-month=\"202609\">21<\/dt><\/dt><dt class=\"mec-calendar-day \" data-mec-cell=\"20260922\" data-day=\"22\" data-month=\"202609\">22<\/dt><\/dt><dt class=\"mec-calendar-day \" data-mec-cell=\"20260923\" data-day=\"23\" data-month=\"202609\">23<\/dt><\/dt><dt class=\"mec-calendar-day \" data-mec-cell=\"20260924\" data-day=\"24\" data-month=\"202609\">24<\/dt><\/dt><dt class=\"mec-calendar-day \" data-mec-cell=\"20260925\" data-day=\"25\" data-month=\"202609\">25<\/dt><\/dt><dt class=\"mec-calendar-day \" data-mec-cell=\"20260926\" data-day=\"26\" data-month=\"202609\">26<\/dt><\/dt><dt class=\"mec-calendar-day \" data-mec-cell=\"20260927\" data-day=\"27\" data-month=\"202609\">27<\/dt><\/dt><\/dl><dl class=\"mec-calendar-row\"><dt class=\"mec-calendar-day \" data-mec-cell=\"20260928\" data-day=\"28\" data-month=\"202609\">28<\/dt><\/dt><dt class=\"mec-calendar-day \" data-mec-cell=\"20260929\" data-day=\"29\" data-month=\"202609\">29<\/dt><\/dt><dt class=\"mec-calendar-day \" data-mec-cell=\"20260930\" data-day=\"30\" data-month=\"202609\">30<\/dt><\/dt><dt class=\"mec-table-nullday\">1<\/dt><dt class=\"mec-table-nullday\">2<\/dt><dt class=\"mec-table-nullday\">3<\/dt><dt class=\"mec-table-nullday\">4<\/dt><\/dl>\r\n<\/div>\r\n            <\/div>\r\n\r\n                    <\/div>\r\n        <div class=\"mec-calendar-events-side mec-clear\"><div class=\"mec-month-side\" id=\"mec_month_side_mec1_202609\"><div class=\"mec-calendar-events-sec\" id=\"mec-calendar-events-sec-mec1-20260901\" data-mec-cell=\"20260901\" ><h6 class=\"mec-table-side-title\">Eventi di <span class=\"mec-color mec-table-side-day\"> 1<\/span> Settembre<\/h6><article class=\"mec-event-article\"><div class=\"mec-event-detail\">Nessun evento<\/div><\/article><\/div><div class=\"mec-calendar-events-sec\" id=\"mec-calendar-events-sec-mec1-20260902\" data-mec-cell=\"20260902\" ><h6 class=\"mec-table-side-title\">Eventi di <span class=\"mec-color mec-table-side-day\"> 2<\/span> Settembre<\/h6><article class=\"mec-event-article\"><div class=\"mec-event-detail\">Nessun evento<\/div><\/article><\/div><div class=\"mec-calendar-events-sec\" id=\"mec-calendar-events-sec-mec1-20260903\" data-mec-cell=\"20260903\" ><h6 class=\"mec-table-side-title\">Eventi di <span class=\"mec-color mec-table-side-day\"> 3<\/span> Settembre<\/h6><article class=\"mec-event-article\"><div class=\"mec-event-detail\">Nessun evento<\/div><\/article><\/div><div class=\"mec-calendar-events-sec\" id=\"mec-calendar-events-sec-mec1-20260904\" data-mec-cell=\"20260904\" ><h6 class=\"mec-table-side-title\">Eventi di <span class=\"mec-color mec-table-side-day\"> 4<\/span> Settembre<\/h6><article class=\"mec-event-article\"><div class=\"mec-event-detail\">Nessun evento<\/div><\/article><\/div><div class=\"mec-calendar-events-sec\" id=\"mec-calendar-events-sec-mec1-20260905\" data-mec-cell=\"20260905\"  style=\"display: block;\"><h6 class=\"mec-table-side-title\">Eventi di <span class=\"mec-color mec-table-side-day\"> 5<\/span> Settembre<\/h6><article class=\"mec-event-article\"><div class=\"mec-event-detail\">Nessun evento<\/div><\/article><\/div><div class=\"mec-calendar-events-sec\" id=\"mec-calendar-events-sec-mec1-20260906\" data-mec-cell=\"20260906\" ><h6 class=\"mec-table-side-title\">Eventi di <span class=\"mec-color mec-table-side-day\"> 6<\/span> Settembre<\/h6><article class=\"mec-event-article\"><div class=\"mec-event-detail\">Nessun evento<\/div><\/article><\/div><div class=\"mec-calendar-events-sec\" id=\"mec-calendar-events-sec-mec1-20260907\" data-mec-cell=\"20260907\" ><h6 class=\"mec-table-side-title\">Eventi di <span class=\"mec-color mec-table-side-day\"> 7<\/span> Settembre<\/h6><article class=\"mec-event-article\"><div class=\"mec-event-detail\">Nessun evento<\/div><\/article><\/div><div class=\"mec-calendar-events-sec\" id=\"mec-calendar-events-sec-mec1-20260908\" data-mec-cell=\"20260908\" ><h6 class=\"mec-table-side-title\">Eventi di <span class=\"mec-color mec-table-side-day\"> 8<\/span> Settembre<\/h6><article class=\"mec-event-article\"><div class=\"mec-event-detail\">Nessun evento<\/div><\/article><\/div><div class=\"mec-calendar-events-sec\" id=\"mec-calendar-events-sec-mec1-20260909\" data-mec-cell=\"20260909\" ><h6 class=\"mec-table-side-title\">Eventi di <span class=\"mec-color mec-table-side-day\"> 9<\/span> Settembre<\/h6><article class=\"mec-event-article\"><div class=\"mec-event-detail\">Nessun evento<\/div><\/article><\/div><div class=\"mec-calendar-events-sec\" id=\"mec-calendar-events-sec-mec1-20260910\" data-mec-cell=\"20260910\" ><h6 class=\"mec-table-side-title\">Eventi di <span class=\"mec-color mec-table-side-day\"> 10<\/span> Settembre<\/h6><article class=\"mec-event-article\"><div class=\"mec-event-detail\">Nessun evento<\/div><\/article><\/div><div class=\"mec-calendar-events-sec\" id=\"mec-calendar-events-sec-mec1-20260911\" data-mec-cell=\"20260911\" ><h6 class=\"mec-table-side-title\">Eventi di <span class=\"mec-color mec-table-side-day\"> 11<\/span> Settembre<\/h6><article class=\"mec-event-article\"><div class=\"mec-event-detail\">Nessun evento<\/div><\/article><\/div><div class=\"mec-calendar-events-sec\" id=\"mec-calendar-events-sec-mec1-20260912\" data-mec-cell=\"20260912\" ><h6 class=\"mec-table-side-title\">Eventi di <span class=\"mec-color mec-table-side-day\"> 12<\/span> Settembre<\/h6><article class=\"mec-event-article\"><div class=\"mec-event-detail\">Nessun evento<\/div><\/article><\/div><div class=\"mec-calendar-events-sec\" id=\"mec-calendar-events-sec-mec1-20260913\" data-mec-cell=\"20260913\" ><h6 class=\"mec-table-side-title\">Eventi di <span class=\"mec-color mec-table-side-day\"> 13<\/span> Settembre<\/h6><article class=\"mec-event-article\"><div class=\"mec-event-detail\">Nessun evento<\/div><\/article><\/div><div class=\"mec-calendar-events-sec\" id=\"mec-calendar-events-sec-mec1-20260914\" data-mec-cell=\"20260914\" ><h6 class=\"mec-table-side-title\">Eventi di <span class=\"mec-color mec-table-side-day\"> 14<\/span> Settembre<\/h6><article class=\"mec-event-article\"><div class=\"mec-event-detail\">Nessun evento<\/div><\/article><\/div><div class=\"mec-calendar-events-sec\" id=\"mec-calendar-events-sec-mec1-20260915\" data-mec-cell=\"20260915\" ><h6 class=\"mec-table-side-title\">Eventi di <span class=\"mec-color mec-table-side-day\"> 15<\/span> Settembre<\/h6><article class=\"mec-event-article\"><div class=\"mec-event-detail\">Nessun evento<\/div><\/article><\/div><div class=\"mec-calendar-events-sec\" id=\"mec-calendar-events-sec-mec1-20260916\" data-mec-cell=\"20260916\" ><h6 class=\"mec-table-side-title\">Eventi di <span class=\"mec-color mec-table-side-day\"> 16<\/span> Settembre<\/h6><article class=\"mec-event-article\"><div class=\"mec-event-detail\">Nessun evento<\/div><\/article><\/div><div class=\"mec-calendar-events-sec\" id=\"mec-calendar-events-sec-mec1-20260917\" data-mec-cell=\"20260917\" ><h6 class=\"mec-table-side-title\">Eventi di <span class=\"mec-color mec-table-side-day\"> 17<\/span> Settembre<\/h6><article class=\"mec-event-article\"><div class=\"mec-event-detail\">Nessun evento<\/div><\/article><\/div><div class=\"mec-calendar-events-sec\" id=\"mec-calendar-events-sec-mec1-20260918\" data-mec-cell=\"20260918\" ><h6 class=\"mec-table-side-title\">Eventi di <span class=\"mec-color mec-table-side-day\"> 18<\/span> Settembre<\/h6><article class=\"mec-event-article\"><div class=\"mec-event-detail\">Nessun evento<\/div><\/article><\/div><div class=\"mec-calendar-events-sec\" id=\"mec-calendar-events-sec-mec1-20260919\" data-mec-cell=\"20260919\" ><h6 class=\"mec-table-side-title\">Eventi di <span class=\"mec-color mec-table-side-day\"> 19<\/span> Settembre<\/h6><article class=\"mec-event-article\"><div class=\"mec-event-detail\">Nessun evento<\/div><\/article><\/div><div class=\"mec-calendar-events-sec\" id=\"mec-calendar-events-sec-mec1-20260920\" data-mec-cell=\"20260920\" ><h6 class=\"mec-table-side-title\">Eventi di <span class=\"mec-color mec-table-side-day\"> 20<\/span> Settembre<\/h6><article class=\"mec-event-article\"><div class=\"mec-event-detail\">Nessun evento<\/div><\/article><\/div><div class=\"mec-calendar-events-sec\" id=\"mec-calendar-events-sec-mec1-20260921\" data-mec-cell=\"20260921\" ><h6 class=\"mec-table-side-title\">Eventi di <span class=\"mec-color mec-table-side-day\"> 21<\/span> Settembre<\/h6><article class=\"mec-event-article\"><div class=\"mec-event-detail\">Nessun evento<\/div><\/article><\/div><div class=\"mec-calendar-events-sec\" id=\"mec-calendar-events-sec-mec1-20260922\" data-mec-cell=\"20260922\" ><h6 class=\"mec-table-side-title\">Eventi di <span class=\"mec-color mec-table-side-day\"> 22<\/span> Settembre<\/h6><article class=\"mec-event-article\"><div class=\"mec-event-detail\">Nessun evento<\/div><\/article><\/div><div class=\"mec-calendar-events-sec\" id=\"mec-calendar-events-sec-mec1-20260923\" data-mec-cell=\"20260923\" ><h6 class=\"mec-table-side-title\">Eventi di <span class=\"mec-color mec-table-side-day\"> 23<\/span> Settembre<\/h6><article class=\"mec-event-article\"><div class=\"mec-event-detail\">Nessun evento<\/div><\/article><\/div><div class=\"mec-calendar-events-sec\" id=\"mec-calendar-events-sec-mec1-20260924\" data-mec-cell=\"20260924\" ><h6 class=\"mec-table-side-title\">Eventi di <span class=\"mec-color mec-table-side-day\"> 24<\/span> Settembre<\/h6><article class=\"mec-event-article\"><div class=\"mec-event-detail\">Nessun evento<\/div><\/article><\/div><div class=\"mec-calendar-events-sec\" id=\"mec-calendar-events-sec-mec1-20260925\" data-mec-cell=\"20260925\" ><h6 class=\"mec-table-side-title\">Eventi di <span class=\"mec-color mec-table-side-day\"> 25<\/span> Settembre<\/h6><article class=\"mec-event-article\"><div class=\"mec-event-detail\">Nessun evento<\/div><\/article><\/div><div class=\"mec-calendar-events-sec\" id=\"mec-calendar-events-sec-mec1-20260926\" data-mec-cell=\"20260926\" ><h6 class=\"mec-table-side-title\">Eventi di <span class=\"mec-color mec-table-side-day\"> 26<\/span> Settembre<\/h6><article class=\"mec-event-article\"><div class=\"mec-event-detail\">Nessun evento<\/div><\/article><\/div><div class=\"mec-calendar-events-sec\" id=\"mec-calendar-events-sec-mec1-20260927\" data-mec-cell=\"20260927\" ><h6 class=\"mec-table-side-title\">Eventi di <span class=\"mec-color mec-table-side-day\"> 27<\/span> Settembre<\/h6><article class=\"mec-event-article\"><div class=\"mec-event-detail\">Nessun evento<\/div><\/article><\/div><div class=\"mec-calendar-events-sec\" id=\"mec-calendar-events-sec-mec1-20260928\" data-mec-cell=\"20260928\" ><h6 class=\"mec-table-side-title\">Eventi di <span class=\"mec-color mec-table-side-day\"> 28<\/span> Settembre<\/h6><article class=\"mec-event-article\"><div class=\"mec-event-detail\">Nessun evento<\/div><\/article><\/div><div class=\"mec-calendar-events-sec\" id=\"mec-calendar-events-sec-mec1-20260929\" data-mec-cell=\"20260929\" ><h6 class=\"mec-table-side-title\">Eventi di <span class=\"mec-color mec-table-side-day\"> 29<\/span> Settembre<\/h6><article class=\"mec-event-article\"><div class=\"mec-event-detail\">Nessun evento<\/div><\/article><\/div><div class=\"mec-calendar-events-sec\" id=\"mec-calendar-events-sec-mec1-20260930\" data-mec-cell=\"20260930\" ><h6 class=\"mec-table-side-title\">Eventi di <span class=\"mec-color mec-table-side-day\"> 30<\/span> Settembre<\/h6><article class=\"mec-event-article\"><div class=\"mec-event-detail\">Nessun evento<\/div><\/article><\/div><\/div><\/div><\/div><div class=\"mec-event-footer\"><\/div>    <\/div>\r\n\r\n        \r\n        <div class=\"mec-modal-result\"><\/div>\r\n\r\n<\/div>[\/vc_column][\/vc_row][vc_row][vc_column][vc_separator css=&#8221;&#8221;][vc_empty_space][\/vc_column][\/vc_row][vc_row disable_element=&#8221;yes&#8221;][vc_column][vc_column_text css=&#8221;&#8221;]<\/p>\n<p style=\"text-align: center;\"><span style=\"color: #fc3581;\"><strong>sabato 6 giugno<\/strong><\/span><br \/>\nMaster acquafitness con Denise Di Benedetto<\/p>\n<p style=\"text-align: center;\"><span style=\"color: #fc3581;\"><strong>sabato 13 giugno<\/strong><\/span><br \/>\nAcquapark by night con Dj Teranga<\/p>\n<p style=\"text-align: center;\"><span style=\"color: #fc3581;\"><strong>domenica 14 giugno<\/strong><\/span><br \/>\nAperitime in Arena con DJ Teranga<\/p>\n<p style=\"text-align: center;\"><span style=\"color: #fc3581;\"><strong>venerd\u00ec 19 giugno<\/strong><\/span><br \/>\nAcquapark by night con Dj Ricca<\/p>\n<p style=\"text-align: center;\"><span style=\"color: #fc3581;\"><strong>sabato 20 giugno<\/strong><\/span><br \/>\nAcquapark by night con Dj Abraham<\/p>\n<p style=\"text-align: center;\"><span style=\"color: #fc3581;\"><strong>venerd\u00ec 26 giugno<\/strong><\/span><br \/>\nAcquapark by night con Dj Abraham<br \/>\nEvento Heineken in Piscina antiage ore 17.30-23.30<br \/>\nLuci blu per la Notte celeste<\/p>\n<p style=\"text-align: center;\"><span style=\"color: #fc3581;\"><strong>sabato 27 giugno<\/strong><\/span><br \/>\nAcquapark by night con Dj Abraham<\/p>\n<p style=\"text-align: center;\"><span style=\"color: #fc3581;\"><strong>venerd\u00ec 3 luglio<\/strong><\/span><br \/>\nAperitime con Dj Sax<br \/>\nAcquapark by night con Nearco<\/p>\n<p style=\"text-align: center;\"><span style=\"color: #fc3581;\"><strong>sabato 4 luglio<\/strong><\/span><br \/>\nAcquapark by night con Dj SP<br \/>\nEvento Fabbri in Piscina antiage 18.30-22.30<br \/>\nCena argentina<\/p>\n<p style=\"text-align: center;\"><span style=\"color: #fc3581;\"><strong>domenica 5 luglio<\/strong><\/span><br \/>\nAperitime con Dj Teranga<br \/>\nEvento Redbull in Arena ore 17.30-20.30<\/p>\n<p style=\"text-align: center;\"><span style=\"color: #fc3581;\"><strong>venerd\u00ec 10 luglio<\/strong><\/span><br \/>\nAcquapark by night con Dj Ricca<br \/>\nBalli Country<\/p>\n<p style=\"text-align: center;\"><span style=\"color: #fc3581;\"><strong>sabato 11 luglio<\/strong><\/span><br \/>\nAcquapark by night con Dj Rossi<\/p>\n<p style=\"text-align: center;\"><span style=\"color: #fc3581;\"><strong>domenica 12 luglio<\/strong><\/span><br \/>\nAperitime in Arena con Dj Teranga<br \/>\nEvento Aperol in Arena ore 17.30-20.30<\/p>\n<p style=\"text-align: center;\"><span style=\"color: #fc3581;\"><strong>venerd\u00ec 17 luglio<\/strong><\/span><br \/>\nAcquapark by night con Nearco<br \/>\nLa Fede in Arena ore 17-20<\/p>\n<p style=\"text-align: center;\"><span style=\"color: #fc3581;\"><strong>sabato 18 luglio<\/strong><\/span><br \/>\nAcquapark by night con Dj Teranga<br \/>\nEvento Fabbri in Piscina antiage ore 18.30-22.30<\/p>\n<p style=\"text-align: center;\"><span style=\"color: #fc3581;\"><strong>domenica 19 luglio<\/strong><\/span><br \/>\nAperitime in Arena con Dj Teranga<br \/>\nEvento Cerelia Contest<\/p>\n<p style=\"text-align: center;\"><span style=\"color: #fc3581;\"><strong>venerd\u00ec 24 luglio<\/strong><\/span><br \/>\nAcquapark by night con Dj Rossi<\/p>\n<p style=\"text-align: center;\"><span style=\"color: #fc3581;\"><strong>sabato 25 luglio<\/strong><\/span><br \/>\nAcquapark by night con Dj Teranga<br \/>\nBalli Country<br \/>\nCena spagnola<\/p>\n<p style=\"text-align: center;\"><span style=\"color: #fc3581;\"><strong>domenica 26 luglio<\/strong><\/span><br \/>\nAperitime in Arena con Dj Teranga<br \/>\nEvento Malfy in Arena ore 17.30-20.30<\/p>\n<p style=\"text-align: center;\"><span style=\"color: #fc3581;\"><strong>venerd\u00ec 31 luglio<\/strong><\/span><br \/>\nAcquapark by night con Dj Rossi<br \/>\nLa Fede in Arena ore 17-20<\/p>\n<p style=\"text-align: center;\"><span style=\"color: #fc3581;\"><strong>sabato 1 agosto<\/strong><\/span><br \/>\nAcquapark by night con Dj Rossi<\/p>\n<p style=\"text-align: center;\"><span style=\"color: #fc3581;\"><strong>domenica 2 agosto<\/strong><\/span><br \/>\nAperitime in Arena con Dj Abraham<br \/>\nCerlia contest<\/p>\n<p style=\"text-align: center;\"><span style=\"color: #fc3581;\"><strong>venerd\u00ec 7 agosto<\/strong><\/span><br \/>\nAcquapark by night con Dj Teranga<br \/>\nLa Fede in Arena ore 17-20<\/p>\n<p style=\"text-align: center;\"><span style=\"color: #fc3581;\"><strong>sabato 8 agosto<\/strong><\/span><br \/>\nAcquapark by night con Dj SP<\/p>\n<p style=\"text-align: center;\"><span style=\"color: #fc3581;\"><strong>domenica 9 agosto<\/strong><\/span><br \/>\nAperitime in Arena con Dj Teranga<br \/>\nEvento Campari in Arena ore 17.30-20.30<\/p>\n<p style=\"text-align: center;\"><span style=\"color: #fc3581;\"><strong>venerd\u00ec 14 agosto<\/strong><\/span><br \/>\nAcquapark by night con Radio Bruno<br \/>\nSPECIALE FERRAGOSTO<\/p>\n<p style=\"text-align: center;\"><span style=\"color: #fc3581;\"><strong>sabato 15 agosto<br \/>\n<\/strong><\/span>Day Nearco + Bruno<br \/>\nSPECIALE FERRAGOSTO<\/p>\n<p style=\"text-align: center;\"><span style=\"color: #fc3581;\"><strong>domenica 16 agosto<\/strong><\/span><br \/>\nAperitime in Arena con Dj Teranga<br \/>\nSPECIALE FERRAGOSTO<\/p>\n<p style=\"text-align: center;\"><span style=\"color: #fc3581;\"><strong>venerd\u00ec 21 agosto<\/strong><\/span><br \/>\nAcquapark by night con Nearco<br \/>\nLa Fede in Arena ore 17-20<\/p>\n<p style=\"text-align: center;\"><span style=\"color: #fc3581;\"><strong>sabato 22 agosto<\/strong><\/span><br \/>\nAcquapark by night con Dj SP<\/p>\n<p style=\"text-align: center;\"><span style=\"color: #fc3581;\"><strong>domenica 23 agosto<\/strong><\/span><br \/>\nAperitime in Arena con Dj Teranga<br \/>\nEvento Malfy in Arena ore 17.30-20.30<\/p>\n<p style=\"text-align: center;\"><span style=\"color: #fc3581;\"><strong>venerd\u00ec 28 agosto<\/strong><\/span><br \/>\nAcquapark by night con Dj Ricca<\/p>\n<p style=\"text-align: center;\"><span style=\"color: #fc3581;\"><strong>sabato 29 agosto<\/strong><\/span><br \/>\nAcquapark by night con Dj Teranga<br \/>\nEvento Fabbri in Piscina antiage ore 18.30-22.30<\/p>\n<p style=\"text-align: center;\"><span style=\"color: #fc3581;\"><strong>domenica 30 agosto<\/strong><\/span><br \/>\nAperitime in Arena con Dj Abraham<br \/>\nBalli Country<\/p>\n<p>[\/vc_column_text][vc_empty_space][\/vc_column][\/vc_row][vc_row disable_element=&#8221;yes&#8221;][vc_column width=&#8221;2\/3&#8243;][vc_column_text css=&#8221;&#8221;]<\/p>\n<p style=\"font-size: 40px; color: #fc3581; text-align: left;\"><strong>sabato 13 giugno<\/strong><\/p>\n<p>[\/vc_column_text][vc_column_text css=&#8221;&#8221;]Dalle 19.30 all&#8217;una, notte magica sotto le stelle in piscina antiage con Dj set.[\/vc_column_text][vc_empty_space][\/vc_column][vc_column width=&#8221;1\/3&#8243;][vc_empty_space][vc_single_image image=&#8221;23539&#8243; img_size=&#8221;large&#8221; css=&#8221;&#8221;][vc_empty_space][\/vc_column][\/vc_row][vc_row][vc_column][\/vc_column][\/vc_row]<\/p>\n<\/div>","protected":false},"excerpt":{"rendered":"<p>Aperitime, Acquapark by night, speciale Ferragosto e altro ancora.<\/p>\n","protected":false},"author":6,"featured_media":12887,"parent":0,"menu_order":0,"template":"","format":"standard","meta":{"footnotes":""},"categories":[51,22],"tags":[],"eventi":[],"class_list":["post-27952","eventi","type-eventi","status-publish","format-standard","has-post-thumbnail","hentry","category-acquapark","category-news"],"yoast_head":"<!-- This site is optimized with the Yoast SEO plugin v28.0 - https:\/\/yoast.com\/product\/yoast-seo-wordpress\/ -->\n<title>Villaggio della Salute Pi\u00f9<\/title>\n<meta name=\"robots\" content=\"index, follow, max-snippet:-1, max-image-preview:large, max-video-preview:-1\" \/>\n<meta property=\"og:locale\" content=\"it_IT\" \/>\n<meta property=\"og:type\" content=\"article\" \/>\n<meta property=\"og:site_name\" content=\"Villaggio della Salute Pi\u00f9\" \/>\n<meta name=\"twitter:card\" content=\"summary_large_image\" \/>\n<script type=\"application\/ld+json\" class=\"yoast-schema-graph\">{\"@context\":\"https:\\\/\\\/schema.org\",\"@graph\":[{\"@type\":\"CollectionPage\",\"@id\":null,\"url\":\"\",\"name\":\"\",\"isPartOf\":{\"@id\":\"https:\\\/\\\/www.villaggiodellasalutepiu.it\\\/it\\\/#website\"},\"inLanguage\":\"it-IT\"},{\"@type\":\"WebSite\",\"@id\":\"https:\\\/\\\/www.villaggiodellasalutepiu.it\\\/it\\\/#website\",\"url\":\"https:\\\/\\\/www.villaggiodellasalutepiu.it\\\/it\\\/\",\"name\":\"Villaggio della Salute Pi\u00f9\",\"description\":\"Benvenuti\",\"publisher\":{\"@id\":\"https:\\\/\\\/www.villaggiodellasalutepiu.it\\\/it\\\/#organization\"},\"potentialAction\":[{\"@type\":\"SearchAction\",\"target\":{\"@type\":\"EntryPoint\",\"urlTemplate\":\"https:\\\/\\\/www.villaggiodellasalutepiu.it\\\/it\\\/?s={search_term_string}\"},\"query-input\":{\"@type\":\"PropertyValueSpecification\",\"valueRequired\":true,\"valueName\":\"search_term_string\"}}],\"inLanguage\":\"it-IT\"},{\"@type\":\"Organization\",\"@id\":\"https:\\\/\\\/www.villaggiodellasalutepiu.it\\\/it\\\/#organization\",\"name\":\"Villaggio Della Salute Pi\u00f9\",\"url\":\"https:\\\/\\\/www.villaggiodellasalutepiu.it\\\/it\\\/\",\"logo\":{\"@type\":\"ImageObject\",\"inLanguage\":\"it-IT\",\"@id\":\"https:\\\/\\\/www.villaggiodellasalutepiu.it\\\/it\\\/#\\\/schema\\\/logo\\\/image\\\/\",\"url\":\"https:\\\/\\\/www.villaggiodellasalutepiu.it\\\/wp-content\\\/uploads\\\/2020\\\/04\\\/logo-vds.png\",\"contentUrl\":\"https:\\\/\\\/www.villaggiodellasalutepiu.it\\\/wp-content\\\/uploads\\\/2020\\\/04\\\/logo-vds.png\",\"width\":449,\"height\":62,\"caption\":\"Villaggio Della Salute Pi\u00f9\"},\"image\":{\"@id\":\"https:\\\/\\\/www.villaggiodellasalutepiu.it\\\/it\\\/#\\\/schema\\\/logo\\\/image\\\/\"}}]}<\/script>\n<!-- \/ Yoast SEO plugin. -->","yoast_head_json":{"title":"Villaggio della Salute Pi\u00f9","robots":{"index":"index","follow":"follow","max-snippet":"max-snippet:-1","max-image-preview":"max-image-preview:large","max-video-preview":"max-video-preview:-1"},"og_locale":"it_IT","og_type":"article","og_site_name":"Villaggio della Salute Pi\u00f9","twitter_card":"summary_large_image","schema":{"@context":"https:\/\/schema.org","@graph":[{"@type":"CollectionPage","@id":null,"url":"","name":"","isPartOf":{"@id":"https:\/\/www.villaggiodellasalutepiu.it\/it\/#website"},"inLanguage":"it-IT"},{"@type":"WebSite","@id":"https:\/\/www.villaggiodellasalutepiu.it\/it\/#website","url":"https:\/\/www.villaggiodellasalutepiu.it\/it\/","name":"Villaggio della Salute Pi\u00f9","description":"Benvenuti","publisher":{"@id":"https:\/\/www.villaggiodellasalutepiu.it\/it\/#organization"},"potentialAction":[{"@type":"SearchAction","target":{"@type":"EntryPoint","urlTemplate":"https:\/\/www.villaggiodellasalutepiu.it\/it\/?s={search_term_string}"},"query-input":{"@type":"PropertyValueSpecification","valueRequired":true,"valueName":"search_term_string"}}],"inLanguage":"it-IT"},{"@type":"Organization","@id":"https:\/\/www.villaggiodellasalutepiu.it\/it\/#organization","name":"Villaggio Della Salute Pi\u00f9","url":"https:\/\/www.villaggiodellasalutepiu.it\/it\/","logo":{"@type":"ImageObject","inLanguage":"it-IT","@id":"https:\/\/www.villaggiodellasalutepiu.it\/it\/#\/schema\/logo\/image\/","url":"https:\/\/www.villaggiodellasalutepiu.it\/wp-content\/uploads\/2020\/04\/logo-vds.png","contentUrl":"https:\/\/www.villaggiodellasalutepiu.it\/wp-content\/uploads\/2020\/04\/logo-vds.png","width":449,"height":62,"caption":"Villaggio Della Salute Pi\u00f9"},"image":{"@id":"https:\/\/www.villaggiodellasalutepiu.it\/it\/#\/schema\/logo\/image\/"}}]}},"_links":{"self":[{"href":"https:\/\/www.villaggiodellasalutepiu.it\/it\/wp-json\/wp\/v2\/eventi\/27952"}],"collection":[{"href":"https:\/\/www.villaggiodellasalutepiu.it\/it\/wp-json\/wp\/v2\/eventi"}],"about":[{"href":"https:\/\/www.villaggiodellasalutepiu.it\/it\/wp-json\/wp\/v2\/types\/eventi"}],"author":[{"embeddable":true,"href":"https:\/\/www.villaggiodellasalutepiu.it\/it\/wp-json\/wp\/v2\/users\/6"}],"version-history":[{"count":39,"href":"https:\/\/www.villaggiodellasalutepiu.it\/it\/wp-json\/wp\/v2\/eventi\/27952\/revisions"}],"predecessor-version":[{"id":28492,"href":"https:\/\/www.villaggiodellasalutepiu.it\/it\/wp-json\/wp\/v2\/eventi\/27952\/revisions\/28492"}],"wp:featuredmedia":[{"embeddable":true,"href":"https:\/\/www.villaggiodellasalutepiu.it\/it\/wp-json\/wp\/v2\/media\/12887"}],"wp:attachment":[{"href":"https:\/\/www.villaggiodellasalutepiu.it\/it\/wp-json\/wp\/v2\/media?parent=27952"}],"wp:term":[{"taxonomy":"category","embeddable":true,"href":"https:\/\/www.villaggiodellasalutepiu.it\/it\/wp-json\/wp\/v2\/categories?post=27952"},{"taxonomy":"post_tag","embeddable":true,"href":"https:\/\/www.villaggiodellasalutepiu.it\/it\/wp-json\/wp\/v2\/tags?post=27952"},{"taxonomy":"eventi","embeddable":true,"href":"https:\/\/www.villaggiodellasalutepiu.it\/it\/wp-json\/wp\/v2\/eventi?post=27952"}],"curies":[{"name":"wp","href":"https:\/\/api.w.org\/{rel}","templated":true}]}}