{"id":12520,"date":"2022-04-12T16:35:47","date_gmt":"2022-04-12T14:35:47","guid":{"rendered":"https:\/\/www.villaggiodellasalutepiu.it\/parc-aquatique\/lacs\/"},"modified":"2022-04-28T12:17:28","modified_gmt":"2022-04-28T10:17:28","slug":"lacs","status":"publish","type":"page","link":"https:\/\/www.villaggiodellasalutepiu.it\/fr\/parc-aquatique\/lacs\/","title":{"rendered":"Lacs"},"content":{"rendered":"<div class=\"wpb-content-wrapper\"><p>[vc_row][vc_column width=\u00a0\u00bb1\/6&Prime;][\/vc_column][vc_column width=\u00a0\u00bb1\/3&Prime;][vc_column_text]Au c\u0153ur de la vall\u00e9e du Sillaro, entre Castel San Pietro Terme et Monterenzio, vous trouverez les lacs du Villaggio della Salute Pi\u00f9, \u00e9quip\u00e9s d&rsquo;un v\u00e9ritable centre nautique avec cano\u00ebs, p\u00e9dalos, moucherons rameurs et v\u00e9los aquatiques.<\/p>\n<p>Venez essayer le cano\u00eb dans une dimension en contact avec la nature![\/vc_column_text][\/vc_column][vc_column width=\u00a0\u00bb1\/3&Prime;][vc_column_text]<strong>COMMENT VOUS VOUS SENTIREZ ICI:<\/strong><\/p>\n<ul>\n<li>Bonne humeur<\/li>\n<li>En transpiration<\/li>\n<li>En forme<\/li>\n<\/ul>\n<p><strong>QUI L&rsquo;AIME<\/strong><\/p>\n<ul>\n<li>Sportifs<\/li>\n<li>Amoureux du plein air<\/li>\n<\/ul>\n<p>[\/vc_column_text][vc_single_image image=\u00a0\u00bb1775&Prime; style=\u00a0\u00bbvc_box_rounded\u00a0\u00bb onclick=\u00a0\u00bblink_image\u00a0\u00bb][\/vc_column][vc_column width=\u00a0\u00bb1\/6&Prime;][\/vc_column][\/vc_row][vc_section full_width=\u00a0\u00bbstretch_row\u00a0\u00bb content_placement=\u00a0\u00bbmiddle\u00a0\u00bb css=\u00a0\u00bb.vc_custom_1587652675666{margin-top: 20px !important;margin-bottom: 20px !important;}\u00a0\u00bb][vc_row css=\u00a0\u00bb.vc_custom_1587652683216{margin-top: 20px !important;margin-bottom: 20px !important;}\u00a0\u00bb][vc_column width=\u00a0\u00bb1\/6&Prime;][\/vc_column][vc_column width=\u00a0\u00bb2\/3&Prime;][vc_single_image image=\u00a0\u00bb1562&Prime; img_size=\u00a0\u00bbfull\u00a0\u00bb][\/vc_column][vc_column width=\u00a0\u00bb1\/6&Prime;][\/vc_column][\/vc_row][vc_row css=\u00a0\u00bb.vc_custom_1587652632502{margin-bottom: 20px !important;}\u00a0\u00bb][vc_column width=\u00a0\u00bb1\/6&Prime;][\/vc_column][vc_column width=\u00a0\u00bb2\/3&Prime;][vc_single_image image=\u00a0\u00bb1564&Prime; img_size=\u00a0\u00bbfull\u00a0\u00bb][\/vc_column][vc_column width=\u00a0\u00bb1\/6&Prime;][\/vc_column][\/vc_row][vc_row css=\u00a0\u00bb.vc_custom_1587652638742{margin-bottom: 20px !important;}\u00a0\u00bb][vc_column width=\u00a0\u00bb1\/6&Prime;][\/vc_column][vc_column width=\u00a0\u00bb2\/3&Prime;][vc_single_image image=\u00a0\u00bb1565&Prime; img_size=\u00a0\u00bbfull\u00a0\u00bb][\/vc_column][vc_column width=\u00a0\u00bb1\/6&Prime;][\/vc_column][\/vc_row][vc_row disable_element=\u00a0\u00bbyes\u00a0\u00bb css=\u00a0\u00bb.vc_custom_1591105788410{margin-bottom: 20px !important;}\u00a0\u00bb][vc_column width=\u00a0\u00bb1\/6&Prime;][\/vc_column][vc_column width=\u00a0\u00bb2\/3&Prime;][vc_single_image image=\u00a0\u00bb1566&Prime; img_size=\u00a0\u00bbfull\u00a0\u00bb][\/vc_column][vc_column width=\u00a0\u00bb1\/6&Prime;][\/vc_column][\/vc_row][vc_row disable_element=\u00a0\u00bbyes\u00a0\u00bb][vc_column width=\u00a0\u00bb1\/4&Prime;][\/vc_column][vc_column width=\u00a0\u00bb1\/2&Prime; el_class=\u00a0\u00bbbox-singola-attivita\u00a0\u00bb][vc_btn title=\u00a0\u00bbBIGLIETTI ONLINE\u00a0\u00bb style=\u00a0\u00bbcustom\u00a0\u00bb custom_background=\u00a0\u00bb#ff3481&Prime; custom_text=\u00a0\u00bb#ffffff\u00a0\u00bb shape=\u00a0\u00bbround\u00a0\u00bb align=\u00a0\u00bbcenter\u00a0\u00bb link=\u00a0\u00bburl:https%3A%2F%2Fservizi.circuitodellasalute.it%2FBigliettiSiae%2F|target:%20_blank|\u00a0\u00bb][\/vc_column][vc_column width=\u00a0\u00bb1\/4&Prime;][\/vc_column][\/vc_row][\/vc_section]<\/p>\n<\/div>","protected":false},"excerpt":{"rendered":"<p>[vc_row][vc_column width=\u00a0\u00bb1\/6&Prime;][\/vc_column][vc_column width=\u00a0\u00bb1\/3&Prime;][vc_column_text]Au c\u0153ur de la vall\u00e9e du Sillaro, entre Castel San Pietro Terme et Monterenzio, vous trouverez les lacs<\/p>\n","protected":false},"author":1,"featured_media":9218,"parent":11315,"menu_order":0,"comment_status":"closed","ping_status":"closed","template":"","meta":{"footnotes":""},"eventi":[],"class_list":["post-12520","page","type-page","status-publish","has-post-thumbnail","hentry"],"yoast_head":"<!-- This site is optimized with the Yoast SEO plugin v28.0 - https:\/\/yoast.com\/product\/yoast-seo-wordpress\/ -->\n<title>Lacs &#8226; Villaggio della Salute Pi\u00f9<\/title>\n<meta name=\"robots\" content=\"index, follow, max-snippet:-1, max-image-preview:large, max-video-preview:-1\" \/>\n<link rel=\"canonical\" href=\"https:\/\/www.villaggiodellasalutepiu.it\/fr\/parc-aquatique\/lacs\/\" \/>\n<meta property=\"og:locale\" content=\"fr_FR\" \/>\n<meta property=\"og:type\" content=\"article\" \/>\n<meta property=\"og:title\" content=\"Lacs &#8226; Villaggio della Salute Pi\u00f9\" \/>\n<meta property=\"og:description\" content=\"[vc_row][vc_column width=\u00a0\u00bb1\/6&Prime;][\/vc_column][vc_column width=\u00a0\u00bb1\/3&Prime;][vc_column_text]Au c\u0153ur de la vall\u00e9e du Sillaro, entre Castel San Pietro Terme et Monterenzio, vous trouverez les lacs\" \/>\n<meta property=\"og:url\" content=\"https:\/\/www.villaggiodellasalutepiu.it\/fr\/parc-aquatique\/lacs\/\" \/>\n<meta property=\"og:site_name\" content=\"Villaggio della Salute Pi\u00f9\" \/>\n<meta property=\"article:modified_time\" content=\"2022-04-28T10:17:28+00:00\" \/>\n<meta property=\"og:image\" content=\"https:\/\/www.villaggiodellasalutepiu.it\/wp-content\/uploads\/2020\/06\/2000-testata-laghi.jpg\" \/>\n\t<meta property=\"og:image:width\" content=\"2000\" \/>\n\t<meta property=\"og:image:height\" content=\"890\" \/>\n\t<meta property=\"og:image:type\" content=\"image\/jpeg\" \/>\n<meta name=\"twitter:card\" content=\"summary_large_image\" \/>\n<meta name=\"twitter:label1\" content=\"Dur\u00e9e de lecture estim\u00e9e\" \/>\n\t<meta name=\"twitter:data1\" content=\"2 minutes\" \/>\n<script type=\"application\/ld+json\" class=\"yoast-schema-graph\">{\"@context\":\"https:\\\/\\\/schema.org\",\"@graph\":[{\"@type\":\"WebPage\",\"@id\":\"https:\\\/\\\/www.villaggiodellasalutepiu.it\\\/fr\\\/parc-aquatique\\\/lacs\\\/\",\"url\":\"https:\\\/\\\/www.villaggiodellasalutepiu.it\\\/fr\\\/parc-aquatique\\\/lacs\\\/\",\"name\":\"Lacs &#8226; Villaggio della Salute Pi\u00f9\",\"isPartOf\":{\"@id\":\"https:\\\/\\\/www.villaggiodellasalutepiu.it\\\/it\\\/#website\"},\"primaryImageOfPage\":{\"@id\":\"https:\\\/\\\/www.villaggiodellasalutepiu.it\\\/fr\\\/parc-aquatique\\\/lacs\\\/#primaryimage\"},\"image\":{\"@id\":\"https:\\\/\\\/www.villaggiodellasalutepiu.it\\\/fr\\\/parc-aquatique\\\/lacs\\\/#primaryimage\"},\"thumbnailUrl\":\"https:\\\/\\\/www.villaggiodellasalutepiu.it\\\/wp-content\\\/uploads\\\/2020\\\/06\\\/2000-testata-laghi.jpg\",\"datePublished\":\"2022-04-12T14:35:47+00:00\",\"dateModified\":\"2022-04-28T10:17:28+00:00\",\"breadcrumb\":{\"@id\":\"https:\\\/\\\/www.villaggiodellasalutepiu.it\\\/fr\\\/parc-aquatique\\\/lacs\\\/#breadcrumb\"},\"inLanguage\":\"fr-FR\",\"potentialAction\":[{\"@type\":\"ReadAction\",\"target\":[\"https:\\\/\\\/www.villaggiodellasalutepiu.it\\\/fr\\\/parc-aquatique\\\/lacs\\\/\"]}]},{\"@type\":\"ImageObject\",\"inLanguage\":\"fr-FR\",\"@id\":\"https:\\\/\\\/www.villaggiodellasalutepiu.it\\\/fr\\\/parc-aquatique\\\/lacs\\\/#primaryimage\",\"url\":\"https:\\\/\\\/www.villaggiodellasalutepiu.it\\\/wp-content\\\/uploads\\\/2020\\\/06\\\/2000-testata-laghi.jpg\",\"contentUrl\":\"https:\\\/\\\/www.villaggiodellasalutepiu.it\\\/wp-content\\\/uploads\\\/2020\\\/06\\\/2000-testata-laghi.jpg\",\"width\":2000,\"height\":890},{\"@type\":\"BreadcrumbList\",\"@id\":\"https:\\\/\\\/www.villaggiodellasalutepiu.it\\\/fr\\\/parc-aquatique\\\/lacs\\\/#breadcrumb\",\"itemListElement\":[{\"@type\":\"ListItem\",\"position\":1,\"name\":\"Home\",\"item\":\"https:\\\/\\\/www.villaggiodellasalutepiu.it\\\/fr\\\/\"},{\"@type\":\"ListItem\",\"position\":2,\"name\":\"Parc aquatique\",\"item\":\"https:\\\/\\\/www.villaggiodellasalutepiu.it\\\/fr\\\/parc-aquatique\\\/\"},{\"@type\":\"ListItem\",\"position\":3,\"name\":\"Lacs\"}]},{\"@type\":\"WebSite\",\"@id\":\"https:\\\/\\\/www.villaggiodellasalutepiu.it\\\/it\\\/#website\",\"url\":\"https:\\\/\\\/www.villaggiodellasalutepiu.it\\\/it\\\/\",\"name\":\"Villaggio della Salute Pi\u00f9\",\"description\":\"Benvenuti\",\"publisher\":{\"@id\":\"https:\\\/\\\/www.villaggiodellasalutepiu.it\\\/it\\\/#organization\"},\"potentialAction\":[{\"@type\":\"SearchAction\",\"target\":{\"@type\":\"EntryPoint\",\"urlTemplate\":\"https:\\\/\\\/www.villaggiodellasalutepiu.it\\\/it\\\/?s={search_term_string}\"},\"query-input\":{\"@type\":\"PropertyValueSpecification\",\"valueRequired\":true,\"valueName\":\"search_term_string\"}}],\"inLanguage\":\"fr-FR\"},{\"@type\":\"Organization\",\"@id\":\"https:\\\/\\\/www.villaggiodellasalutepiu.it\\\/it\\\/#organization\",\"name\":\"Villaggio Della Salute Pi\u00f9\",\"url\":\"https:\\\/\\\/www.villaggiodellasalutepiu.it\\\/it\\\/\",\"logo\":{\"@type\":\"ImageObject\",\"inLanguage\":\"fr-FR\",\"@id\":\"https:\\\/\\\/www.villaggiodellasalutepiu.it\\\/it\\\/#\\\/schema\\\/logo\\\/image\\\/\",\"url\":\"https:\\\/\\\/www.villaggiodellasalutepiu.it\\\/wp-content\\\/uploads\\\/2020\\\/04\\\/logo-vds.png\",\"contentUrl\":\"https:\\\/\\\/www.villaggiodellasalutepiu.it\\\/wp-content\\\/uploads\\\/2020\\\/04\\\/logo-vds.png\",\"width\":449,\"height\":62,\"caption\":\"Villaggio Della Salute Pi\u00f9\"},\"image\":{\"@id\":\"https:\\\/\\\/www.villaggiodellasalutepiu.it\\\/it\\\/#\\\/schema\\\/logo\\\/image\\\/\"}}]}<\/script>\n<!-- \/ Yoast SEO plugin. -->","yoast_head_json":{"title":"Lacs &#8226; Villaggio della Salute Pi\u00f9","robots":{"index":"index","follow":"follow","max-snippet":"max-snippet:-1","max-image-preview":"max-image-preview:large","max-video-preview":"max-video-preview:-1"},"canonical":"https:\/\/www.villaggiodellasalutepiu.it\/fr\/parc-aquatique\/lacs\/","og_locale":"fr_FR","og_type":"article","og_title":"Lacs &#8226; Villaggio della Salute Pi\u00f9","og_description":"[vc_row][vc_column width=\u00a0\u00bb1\/6&Prime;][\/vc_column][vc_column width=\u00a0\u00bb1\/3&Prime;][vc_column_text]Au c\u0153ur de la vall\u00e9e du Sillaro, entre Castel San Pietro Terme et Monterenzio, vous trouverez les lacs","og_url":"https:\/\/www.villaggiodellasalutepiu.it\/fr\/parc-aquatique\/lacs\/","og_site_name":"Villaggio della Salute Pi\u00f9","article_modified_time":"2022-04-28T10:17:28+00:00","og_image":[{"width":2000,"height":890,"url":"https:\/\/www.villaggiodellasalutepiu.it\/wp-content\/uploads\/2020\/06\/2000-testata-laghi.jpg","type":"image\/jpeg"}],"twitter_card":"summary_large_image","twitter_misc":{"Dur\u00e9e de lecture estim\u00e9e":"2 minutes"},"schema":{"@context":"https:\/\/schema.org","@graph":[{"@type":"WebPage","@id":"https:\/\/www.villaggiodellasalutepiu.it\/fr\/parc-aquatique\/lacs\/","url":"https:\/\/www.villaggiodellasalutepiu.it\/fr\/parc-aquatique\/lacs\/","name":"Lacs &#8226; Villaggio della Salute Pi\u00f9","isPartOf":{"@id":"https:\/\/www.villaggiodellasalutepiu.it\/it\/#website"},"primaryImageOfPage":{"@id":"https:\/\/www.villaggiodellasalutepiu.it\/fr\/parc-aquatique\/lacs\/#primaryimage"},"image":{"@id":"https:\/\/www.villaggiodellasalutepiu.it\/fr\/parc-aquatique\/lacs\/#primaryimage"},"thumbnailUrl":"https:\/\/www.villaggiodellasalutepiu.it\/wp-content\/uploads\/2020\/06\/2000-testata-laghi.jpg","datePublished":"2022-04-12T14:35:47+00:00","dateModified":"2022-04-28T10:17:28+00:00","breadcrumb":{"@id":"https:\/\/www.villaggiodellasalutepiu.it\/fr\/parc-aquatique\/lacs\/#breadcrumb"},"inLanguage":"fr-FR","potentialAction":[{"@type":"ReadAction","target":["https:\/\/www.villaggiodellasalutepiu.it\/fr\/parc-aquatique\/lacs\/"]}]},{"@type":"ImageObject","inLanguage":"fr-FR","@id":"https:\/\/www.villaggiodellasalutepiu.it\/fr\/parc-aquatique\/lacs\/#primaryimage","url":"https:\/\/www.villaggiodellasalutepiu.it\/wp-content\/uploads\/2020\/06\/2000-testata-laghi.jpg","contentUrl":"https:\/\/www.villaggiodellasalutepiu.it\/wp-content\/uploads\/2020\/06\/2000-testata-laghi.jpg","width":2000,"height":890},{"@type":"BreadcrumbList","@id":"https:\/\/www.villaggiodellasalutepiu.it\/fr\/parc-aquatique\/lacs\/#breadcrumb","itemListElement":[{"@type":"ListItem","position":1,"name":"Home","item":"https:\/\/www.villaggiodellasalutepiu.it\/fr\/"},{"@type":"ListItem","position":2,"name":"Parc aquatique","item":"https:\/\/www.villaggiodellasalutepiu.it\/fr\/parc-aquatique\/"},{"@type":"ListItem","position":3,"name":"Lacs"}]},{"@type":"WebSite","@id":"https:\/\/www.villaggiodellasalutepiu.it\/it\/#website","url":"https:\/\/www.villaggiodellasalutepiu.it\/it\/","name":"Villaggio della Salute Pi\u00f9","description":"Benvenuti","publisher":{"@id":"https:\/\/www.villaggiodellasalutepiu.it\/it\/#organization"},"potentialAction":[{"@type":"SearchAction","target":{"@type":"EntryPoint","urlTemplate":"https:\/\/www.villaggiodellasalutepiu.it\/it\/?s={search_term_string}"},"query-input":{"@type":"PropertyValueSpecification","valueRequired":true,"valueName":"search_term_string"}}],"inLanguage":"fr-FR"},{"@type":"Organization","@id":"https:\/\/www.villaggiodellasalutepiu.it\/it\/#organization","name":"Villaggio Della Salute Pi\u00f9","url":"https:\/\/www.villaggiodellasalutepiu.it\/it\/","logo":{"@type":"ImageObject","inLanguage":"fr-FR","@id":"https:\/\/www.villaggiodellasalutepiu.it\/it\/#\/schema\/logo\/image\/","url":"https:\/\/www.villaggiodellasalutepiu.it\/wp-content\/uploads\/2020\/04\/logo-vds.png","contentUrl":"https:\/\/www.villaggiodellasalutepiu.it\/wp-content\/uploads\/2020\/04\/logo-vds.png","width":449,"height":62,"caption":"Villaggio Della Salute Pi\u00f9"},"image":{"@id":"https:\/\/www.villaggiodellasalutepiu.it\/it\/#\/schema\/logo\/image\/"}}]}},"_links":{"self":[{"href":"https:\/\/www.villaggiodellasalutepiu.it\/fr\/wp-json\/wp\/v2\/pages\/12520","targetHints":{"allow":["GET"]}}],"collection":[{"href":"https:\/\/www.villaggiodellasalutepiu.it\/fr\/wp-json\/wp\/v2\/pages"}],"about":[{"href":"https:\/\/www.villaggiodellasalutepiu.it\/fr\/wp-json\/wp\/v2\/types\/page"}],"author":[{"embeddable":true,"href":"https:\/\/www.villaggiodellasalutepiu.it\/fr\/wp-json\/wp\/v2\/users\/1"}],"replies":[{"embeddable":true,"href":"https:\/\/www.villaggiodellasalutepiu.it\/fr\/wp-json\/wp\/v2\/comments?post=12520"}],"version-history":[{"count":3,"href":"https:\/\/www.villaggiodellasalutepiu.it\/fr\/wp-json\/wp\/v2\/pages\/12520\/revisions"}],"predecessor-version":[{"id":12697,"href":"https:\/\/www.villaggiodellasalutepiu.it\/fr\/wp-json\/wp\/v2\/pages\/12520\/revisions\/12697"}],"up":[{"embeddable":true,"href":"https:\/\/www.villaggiodellasalutepiu.it\/fr\/wp-json\/wp\/v2\/pages\/11315"}],"wp:featuredmedia":[{"embeddable":true,"href":"https:\/\/www.villaggiodellasalutepiu.it\/fr\/wp-json\/wp\/v2\/media\/9218"}],"wp:attachment":[{"href":"https:\/\/www.villaggiodellasalutepiu.it\/fr\/wp-json\/wp\/v2\/media?parent=12520"}],"wp:term":[{"taxonomy":"eventi","embeddable":true,"href":"https:\/\/www.villaggiodellasalutepiu.it\/fr\/wp-json\/wp\/v2\/eventi?post=12520"}],"curies":[{"name":"wp","href":"https:\/\/api.w.org\/{rel}","templated":true}]}}